{"id":2629,"date":"2023-04-21T08:49:56","date_gmt":"2023-04-21T06:49:56","guid":{"rendered":"https:\/\/www.pallaresadvocats.com\/?page_id=2629"},"modified":"2026-08-31T22:51:21","modified_gmt":"2026-08-31T20:51:21","slug":"abogados-negligencias-medicas-sabadell","status":"publish","type":"page","link":"https:\/\/www.pallaresadvocats.com\/cat\/abogados-negligencias-medicas-sabadell\/","title":{"rendered":"Advocat neglig\u00e8ncia m\u00e8diques a Sabadell"},"content":{"rendered":"<div data-elementor-type=\"wp-page\" data-elementor-id=\"2629\" class=\"elementor elementor-2629\">\n\t\t\t\t\t\t<section class=\"elementor-section elementor-top-section elementor-element elementor-element-e3d8521 elementor-section-boxed elementor-section-height-default elementor-section-height-default elementor-invisible\" data-id=\"e3d8521\" data-element_type=\"section\" data-e-type=\"section\" data-settings=\"{&quot;background_background&quot;:&quot;classic&quot;,&quot;animation&quot;:&quot;fadeInUp&quot;}\">\n\t\t\t\t\t\t\t<div class=\"elementor-background-overlay\"><\/div>\n\t\t\t\t\t\t\t<div class=\"elementor-container elementor-column-gap-default\">\n\t\t\t\t\t<div class=\"elementor-column elementor-col-50 elementor-top-column elementor-element elementor-element-bd12d34\" data-id=\"bd12d34\" data-element_type=\"column\" data-e-type=\"column\">\n\t\t\t<div class=\"elementor-widget-wrap elementor-element-populated\">\n\t\t\t\t\t\t<div class=\"elementor-element elementor-element-743dbc5 elementor-widget elementor-widget-heading\" data-id=\"743dbc5\" data-element_type=\"widget\" data-e-type=\"widget\" data-widget_type=\"heading.default\">\n\t\t\t\t<div class=\"elementor-widget-container\">\n\t\t\t\t\t<h2 class=\"elementor-heading-title elementor-size-default\">PALLAR\u00c8S ADVOCATS<\/h2>\t\t\t\t<\/div>\n\t\t\t\t<\/div>\n\t\t\t\t<div class=\"elementor-element elementor-element-3e69ffe elementor-widget-divider--view-line_icon elementor-view-default elementor-widget-divider--element-align-center elementor-widget elementor-widget-divider\" data-id=\"3e69ffe\" data-element_type=\"widget\" data-e-type=\"widget\" data-widget_type=\"divider.default\">\n\t\t\t\t<div class=\"elementor-widget-container\">\n\t\t\t\t\t\t\t<div class=\"elementor-divider\">\n\t\t\t<span class=\"elementor-divider-separator\">\n\t\t\t\t\t\t\t<div class=\"elementor-icon elementor-divider__element\">\n\t\t\t\t\t<i aria-hidden=\"true\" class=\"fab fa-cloudsmith\"><\/i><\/div>\n\t\t\t\t\t\t<\/span>\n\t\t<\/div>\n\t\t\t\t\t\t<\/div>\n\t\t\t\t<\/div>\n\t\t\t\t<div class=\"elementor-element elementor-element-3b6e18e elementor-widget elementor-widget-heading\" data-id=\"3b6e18e\" data-element_type=\"widget\" data-e-type=\"widget\" data-widget_type=\"heading.default\">\n\t\t\t\t<div class=\"elementor-widget-container\">\n\t\t\t\t\t<h1 class=\"elementor-heading-title elementor-size-default\">Advocats neglig\u00e8ncia m\u00e8dica a Sabadell<\/h1>\t\t\t\t<\/div>\n\t\t\t\t<\/div>\n\t\t\t\t<div class=\"elementor-element elementor-element-72b5cce elementor-widget elementor-widget-heading\" data-id=\"72b5cce\" data-element_type=\"widget\" data-e-type=\"widget\" data-widget_type=\"heading.default\">\n\t\t\t\t<div class=\"elementor-widget-container\">\n\t\t\t\t\t<p class=\"elementor-heading-title elementor-size-default\">ADVOCATS NEGLIG\u00c8NCIA M\u00c8DICA<\/p>\t\t\t\t<\/div>\n\t\t\t\t<\/div>\n\t\t\t\t<div class=\"elementor-element elementor-element-f8be216 elementor-widget elementor-widget-heading\" data-id=\"f8be216\" data-element_type=\"widget\" data-e-type=\"widget\" data-widget_type=\"heading.default\">\n\t\t\t\t<div class=\"elementor-widget-container\">\n\t\t\t\t\t<p class=\"elementor-heading-title elementor-size-default\">30 anys al servei dels nostres clients.<\/p>\t\t\t\t<\/div>\n\t\t\t\t<\/div>\n\t\t\t\t<div class=\"elementor-element elementor-element-759479f elementor-align-center elementor-widget elementor-widget-button\" data-id=\"759479f\" data-element_type=\"widget\" data-e-type=\"widget\" data-widget_type=\"button.default\">\n\t\t\t\t<div class=\"elementor-widget-container\">\n\t\t\t\t\t\t\t\t\t<div class=\"elementor-button-wrapper\">\n\t\t\t\t\t<a class=\"elementor-button elementor-button-link elementor-size-sm\" href=\"tel:%20+93%20655%2031%2070\">\n\t\t\t\t\t\t<span class=\"elementor-button-content-wrapper\">\n\t\t\t\t\t\t\t\t\t<span class=\"elementor-button-text\">TRUCAR ARA<\/span>\n\t\t\t\t\t<\/span>\n\t\t\t\t\t<\/a>\n\t\t\t\t<\/div>\n\t\t\t\t\t\t\t\t<\/div>\n\t\t\t\t<\/div>\n\t\t\t\t<div class=\"elementor-element elementor-element-c026949 elementor-star-rating--align-center elementor--star-style-star_fontawesome elementor-widget elementor-widget-star-rating\" data-id=\"c026949\" data-element_type=\"widget\" data-e-type=\"widget\" data-widget_type=\"star-rating.default\">\n\t\t\t\t<div class=\"elementor-widget-container\">\n\t\t\t\t\t\t\t<div class=\"elementor-star-rating__wrapper\">\n\t\t\t\t\t\t\t<div class=\"elementor-star-rating__title\">Ressenyes Google<\/div>\n\t\t\t\t\t\t<div class=\"elementor-star-rating\" itemtype=\"http:\/\/schema.org\/Rating\" itemscope=\"\" itemprop=\"reviewRating\">\n\t\t\t\t<i class=\"elementor-star-full\" aria-hidden=\"true\">\ue934<\/i><i class=\"elementor-star-full\" aria-hidden=\"true\">\ue934<\/i><i class=\"elementor-star-full\" aria-hidden=\"true\">\ue934<\/i><i class=\"elementor-star-full\" aria-hidden=\"true\">\ue934<\/i><i class=\"elementor-star-full\" aria-hidden=\"true\">\ue934<\/i>\t\t\t\t<span itemprop=\"ratingValue\" class=\"elementor-screen-only\">Valorado con 5 de 5<\/span>\n\t\t\t<\/div>\n\t\t<\/div>\n\t\t\t\t\t\t<\/div>\n\t\t\t\t<\/div>\n\t\t\t\t\t<\/div>\n\t\t<\/div>\n\t\t\t\t<div class=\"elementor-column elementor-col-50 elementor-top-column elementor-element elementor-element-57c59dc\" data-id=\"57c59dc\" data-element_type=\"column\" data-e-type=\"column\" data-settings=\"{&quot;background_background&quot;:&quot;classic&quot;}\">\n\t\t\t<div class=\"elementor-widget-wrap elementor-element-populated\">\n\t\t\t\t\t\t<div class=\"elementor-element elementor-element-219fbf6 elementor-widget elementor-widget-heading\" data-id=\"219fbf6\" data-element_type=\"widget\" data-e-type=\"widget\" data-widget_type=\"heading.default\">\n\t\t\t\t<div class=\"elementor-widget-container\">\n\t\t\t\t\t<p class=\"elementor-heading-title elementor-size-default\">Explica&#039;ns el teu cas<\/p>\t\t\t\t<\/div>\n\t\t\t\t<\/div>\n\t\t\t\t<div class=\"elementor-element elementor-element-26d91aa elementor-widget-divider--view-line_icon elementor-view-default elementor-widget-divider--element-align-center elementor-widget elementor-widget-divider\" data-id=\"26d91aa\" data-element_type=\"widget\" data-e-type=\"widget\" data-widget_type=\"divider.default\">\n\t\t\t\t<div class=\"elementor-widget-container\">\n\t\t\t\t\t\t\t<div class=\"elementor-divider\">\n\t\t\t<span class=\"elementor-divider-separator\">\n\t\t\t\t\t\t\t<div class=\"elementor-icon elementor-divider__element\">\n\t\t\t\t\t<i aria-hidden=\"true\" class=\"fab fa-wpforms\"><\/i><\/div>\n\t\t\t\t\t\t<\/span>\n\t\t<\/div>\n\t\t\t\t\t\t<\/div>\n\t\t\t\t<\/div>\n\t\t\t\t\t<\/div>\n\t\t<\/div>\n\t\t\t\t\t<\/div>\n\t\t<\/section>\n\t\t\t\t<section class=\"elementor-section elementor-top-section elementor-element elementor-element-b7ff998 elementor-section-boxed elementor-section-height-default elementor-section-height-default\" data-id=\"b7ff998\" data-element_type=\"section\" data-e-type=\"section\">\n\t\t\t\t\t\t<div class=\"elementor-container elementor-column-gap-default\">\n\t\t\t\t\t<div class=\"elementor-column elementor-col-100 elementor-top-column elementor-element elementor-element-81cddf4\" data-id=\"81cddf4\" data-element_type=\"column\" data-e-type=\"column\">\n\t\t\t<div class=\"elementor-widget-wrap elementor-element-populated\">\n\t\t\t\t\t\t<div class=\"elementor-element elementor-element-7fe9b85 elementor-widget elementor-widget-heading\" data-id=\"7fe9b85\" data-element_type=\"widget\" data-e-type=\"widget\" data-widget_type=\"heading.default\">\n\t\t\t\t<div class=\"elementor-widget-container\">\n\t\t\t\t\t<h2 class=\"elementor-heading-title elementor-size-default\">Advocats neglig\u00e8ncia m\u00e8dica a Sabadell<\/h2>\t\t\t\t<\/div>\n\t\t\t\t<\/div>\n\t\t\t\t<div class=\"elementor-element elementor-element-cae9f39 elementor-widget elementor-widget-heading\" data-id=\"cae9f39\" data-element_type=\"widget\" data-e-type=\"widget\" data-widget_type=\"heading.default\">\n\t\t\t\t<div class=\"elementor-widget-container\">\n\t\t\t\t\t<h2 class=\"elementor-heading-title elementor-size-default\">Vinculem els nostres honoraris a la seva indemnitzaci\u00f3<\/h2>\t\t\t\t<\/div>\n\t\t\t\t<\/div>\n\t\t\t\t<div class=\"elementor-element elementor-element-038d583 elementor-widget-divider--view-line_text elementor-widget-divider--element-align-center elementor-widget elementor-widget-divider\" data-id=\"038d583\" data-element_type=\"widget\" data-e-type=\"widget\" data-widget_type=\"divider.default\">\n\t\t\t\t<div class=\"elementor-widget-container\">\n\t\t\t\t\t\t\t<div class=\"elementor-divider\">\n\t\t\t<span class=\"elementor-divider-separator\">\n\t\t\t\t\t\t\t<span class=\"elementor-divider__text elementor-divider__element\">\n\t\t\t\tBarcelona, \u200b\u200bSabadell i Cerdanyola\t\t\t\t<\/span>\n\t\t\t\t\t\t<\/span>\n\t\t<\/div>\n\t\t\t\t\t\t<\/div>\n\t\t\t\t<\/div>\n\t\t\t\t<section class=\"elementor-section elementor-inner-section elementor-element elementor-element-6699e2b elementor-section-full_width elementor-section-height-default elementor-section-height-default\" data-id=\"6699e2b\" data-element_type=\"section\" data-e-type=\"section\">\n\t\t\t\t\t\t<div class=\"elementor-container elementor-column-gap-default\">\n\t\t\t\t\t<div class=\"elementor-column elementor-col-50 elementor-inner-column elementor-element elementor-element-1e6794f\" data-id=\"1e6794f\" data-element_type=\"column\" data-e-type=\"column\">\n\t\t\t<div class=\"elementor-widget-wrap elementor-element-populated\">\n\t\t\t\t\t\t<div class=\"elementor-element elementor-element-9a6cc9c elementor-widget elementor-widget-image\" data-id=\"9a6cc9c\" data-element_type=\"widget\" data-e-type=\"widget\" data-widget_type=\"image.default\">\n\t\t\t\t<div class=\"elementor-widget-container\">\n\t\t\t\t\t\t\t\t\t\t\t\t\t\t\t<img fetchpriority=\"high\" decoding=\"async\" width=\"409\" height=\"293\" src=\"https:\/\/www.pallaresadvocats.com\/wp-content\/uploads\/2023\/08\/ESTETOSCOPI-I-MARTELL2.jpg\" class=\"attachment-large size-large wp-image-3449\" alt=\"Estetoscopio y martillo de juez, s\u00edmbolo de la negligencia m\u00e9dica\" srcset=\"https:\/\/www.pallaresadvocats.com\/wp-content\/uploads\/2023\/08\/ESTETOSCOPI-I-MARTELL2.jpg 409w, https:\/\/www.pallaresadvocats.com\/wp-content\/uploads\/2023\/08\/ESTETOSCOPI-I-MARTELL2-300x215.jpg 300w, https:\/\/www.pallaresadvocats.com\/wp-content\/uploads\/2023\/08\/ESTETOSCOPI-I-MARTELL2-18x12.jpg 18w\" sizes=\"(max-width: 409px) 100vw, 409px\" \/>\t\t\t\t\t\t\t\t\t\t\t\t\t\t\t<\/div>\n\t\t\t\t<\/div>\n\t\t\t\t\t<\/div>\n\t\t<\/div>\n\t\t\t\t<div class=\"elementor-column elementor-col-50 elementor-inner-column elementor-element elementor-element-d7f1c4a\" data-id=\"d7f1c4a\" data-element_type=\"column\" data-e-type=\"column\">\n\t\t\t<div class=\"elementor-widget-wrap elementor-element-populated\">\n\t\t\t\t\t\t<div class=\"elementor-element elementor-element-dd8fed2 elementor-widget elementor-widget-text-editor\" data-id=\"dd8fed2\" data-element_type=\"widget\" data-e-type=\"widget\" data-widget_type=\"text-editor.default\">\n\t\t\t\t<div class=\"elementor-widget-container\">\n\t\t\t\t\t\t\t\t\t<p>PALLARES ADVOCATS \u00e9s un despatx d'advocats experts en neglig\u00e8ncies m\u00e8diques a Barcelona, \u200b\u200bque exercim la nostra tasca en inter\u00e8s dels pacients que han patit mala praxi professional per part dels especialistes sanitaris. La nostra defensa dels interessos dels pacients s'est\u00e9n a tot el territori nacional.<\/p><p>El departament d\u00b4Advocats experts en reclamaci\u00f3 d\u00b4indemnitzacions per neglig\u00e8ncies m\u00e8diques de PALLARES ADVOCATS est\u00e0 liderat per ANTONI PALLARES i els nostres professionals s\u00f3n advocats especialistes en Responsabilitat Civil Sanit\u00e0ria amb formaci\u00f3 espec\u00edfica en la mat\u00e8ria.<\/p>\t\t\t\t\t\t\t\t<\/div>\n\t\t\t\t<\/div>\n\t\t\t\t\t<\/div>\n\t\t<\/div>\n\t\t\t\t\t<\/div>\n\t\t<\/section>\n\t\t\t\t<section class=\"elementor-section elementor-inner-section elementor-element elementor-element-3abeb79 elementor-section-full_width elementor-section-height-default elementor-section-height-default\" data-id=\"3abeb79\" data-element_type=\"section\" data-e-type=\"section\">\n\t\t\t\t\t\t<div class=\"elementor-container elementor-column-gap-default\">\n\t\t\t\t\t<div class=\"elementor-column elementor-col-50 elementor-inner-column elementor-element elementor-element-e498ff0\" data-id=\"e498ff0\" data-element_type=\"column\" data-e-type=\"column\">\n\t\t\t<div class=\"elementor-widget-wrap elementor-element-populated\">\n\t\t\t\t\t\t<div class=\"elementor-element elementor-element-9211ec9 elementor-widget elementor-widget-text-editor\" data-id=\"9211ec9\" data-element_type=\"widget\" data-e-type=\"widget\" data-widget_type=\"text-editor.default\">\n\t\t\t\t<div class=\"elementor-widget-container\">\n\t\t\t\t\t\t\t\t\t<p><span style=\"font-style: inherit; font-weight: inherit; background-color: var(--ast-global-color-4); color: var(--ast-global-color-3);\">La nostra firma, amb gaireb\u00e9 30 anys d'experi\u00e8ncia en l'exercici de l'advocacia en jurisdicci\u00f3 civil, contenciosa, social i penal a Jutjats i Tribunals de tot Espanya, compta amb Advocats experts en neglig\u00e8ncies m\u00e8diques a Barcelona que des de la m\u00e0xima professionalitat, per\u00f2 tamb\u00e9 des de la m\u00e0xima empatia, els ajudaran en el complex proc\u00e9s d'obtenir un reconeixement a l'exist\u00e8ncia de l'error m\u00e8dic o de la deficient assist\u00e8ncia sanit\u00e0ria aix\u00ed com de la indemnitzaci\u00f3 pels danys i perjudicis patits per una mala praxi.<\/span><\/p><p>Des de PALLARES ADVOCATS analitzarem el vostre cas de forma concreta per trobar les solucions m\u00e9s apropiades, buscant, en tot cas, l'inter\u00e8s del client.<\/p><p><span style=\"font-style: inherit; font-weight: inherit; background-color: var(--ast-global-color-4); color: var(--ast-global-color-3);\">Si necessiteu m\u00e9s informaci\u00f3, no dubteu a visitar la nostra p\u00e0gina web m\u00e9s especialitzada:\u00a0<a href=\"http:\/\/www.abogadonegligenciamedica.eu\">http:\/\/www.abogadonegligenciamedica.eu<\/a><\/span><\/p>\t\t\t\t\t\t\t\t<\/div>\n\t\t\t\t<\/div>\n\t\t\t\t\t<\/div>\n\t\t<\/div>\n\t\t\t\t<div class=\"elementor-column elementor-col-50 elementor-inner-column elementor-element elementor-element-3770fc8\" data-id=\"3770fc8\" data-element_type=\"column\" data-e-type=\"column\">\n\t\t\t<div class=\"elementor-widget-wrap elementor-element-populated\">\n\t\t\t\t\t\t<div class=\"elementor-element elementor-element-4b766bd elementor-widget elementor-widget-image\" data-id=\"4b766bd\" data-element_type=\"widget\" data-e-type=\"widget\" data-widget_type=\"image.default\">\n\t\t\t\t<div class=\"elementor-widget-container\">\n\t\t\t\t\t\t\t\t\t\t\t\t\t\t\t<img decoding=\"async\" width=\"1000\" height=\"667\" src=\"https:\/\/www.pallaresadvocats.com\/wp-content\/uploads\/2023\/05\/negligencia-medica-abogado-barcelona.jpg\" class=\"attachment-large size-large wp-image-2992\" alt=\"abogados-negligencias-medicas Barcelona,Sabadell, Cerdanyola del Vall\u00e9s\" srcset=\"https:\/\/www.pallaresadvocats.com\/wp-content\/uploads\/2023\/05\/negligencia-medica-abogado-barcelona.jpg 1000w, https:\/\/www.pallaresadvocats.com\/wp-content\/uploads\/2023\/05\/negligencia-medica-abogado-barcelona-300x200.jpg 300w, https:\/\/www.pallaresadvocats.com\/wp-content\/uploads\/2023\/05\/negligencia-medica-abogado-barcelona-768x512.jpg 768w\" sizes=\"(max-width: 1000px) 100vw, 1000px\" \/>\t\t\t\t\t\t\t\t\t\t\t\t\t\t\t<\/div>\n\t\t\t\t<\/div>\n\t\t\t\t\t<\/div>\n\t\t<\/div>\n\t\t\t\t\t<\/div>\n\t\t<\/section>\n\t\t\t\t<section class=\"elementor-section elementor-inner-section elementor-element elementor-element-268b404 elementor-section-full_width elementor-section-height-min-height elementor-section-height-default\" data-id=\"268b404\" data-element_type=\"section\" data-e-type=\"section\" data-settings=\"{&quot;background_background&quot;:&quot;classic&quot;}\">\n\t\t\t\t\t\t<div class=\"elementor-container elementor-column-gap-default\">\n\t\t\t\t\t<div class=\"elementor-column elementor-col-50 elementor-inner-column elementor-element elementor-element-7435b22\" data-id=\"7435b22\" data-element_type=\"column\" data-e-type=\"column\">\n\t\t\t<div class=\"elementor-widget-wrap elementor-element-populated\">\n\t\t\t\t\t\t<div class=\"elementor-element elementor-element-a62bcde elementor-view-default elementor-position-block-start elementor-mobile-position-block-start elementor-widget elementor-widget-icon-box\" data-id=\"a62bcde\" data-element_type=\"widget\" data-e-type=\"widget\" data-widget_type=\"icon-box.default\">\n\t\t\t\t<div class=\"elementor-widget-container\">\n\t\t\t\t\t\t\t<div class=\"elementor-icon-box-wrapper\">\n\n\t\t\t\t\t\t<div class=\"elementor-icon-box-icon\">\n\t\t\t\t<a href=\"#ginecologia\" class=\"elementor-icon\" tabindex=\"-1\" aria-label=\"Neglig\u00e8ncies a Ginecologia\">\n\t\t\t\t<i aria-hidden=\"true\" class=\"fas fa-baby\"><\/i>\t\t\t\t<\/a>\n\t\t\t<\/div>\n\t\t\t\n\t\t\t\t\t\t<div class=\"elementor-icon-box-content\">\n\n\t\t\t\t\t\t\t\t\t<h3 class=\"elementor-icon-box-title\">\n\t\t\t\t\t\t<a href=\"#ginecologia\" >\n\t\t\t\t\t\t\tNeglig\u00e8ncies a Ginecologia\t\t\t\t\t\t<\/a>\n\t\t\t\t\t<\/h3>\n\t\t\t\t\n\t\t\t\t\n\t\t\t<\/div>\n\t\t\t\n\t\t<\/div>\n\t\t\t\t\t\t<\/div>\n\t\t\t\t<\/div>\n\t\t\t\t\t<\/div>\n\t\t<\/div>\n\t\t\t\t<div class=\"elementor-column elementor-col-50 elementor-inner-column elementor-element elementor-element-d3fe900\" data-id=\"d3fe900\" data-element_type=\"column\" data-e-type=\"column\">\n\t\t\t<div class=\"elementor-widget-wrap elementor-element-populated\">\n\t\t\t\t\t\t<div class=\"elementor-element elementor-element-6a75e83 elementor-view-default elementor-position-block-start elementor-mobile-position-block-start elementor-widget elementor-widget-icon-box\" data-id=\"6a75e83\" data-element_type=\"widget\" data-e-type=\"widget\" data-widget_type=\"icon-box.default\">\n\t\t\t\t<div class=\"elementor-widget-container\">\n\t\t\t\t\t\t\t<div class=\"elementor-icon-box-wrapper\">\n\n\t\t\t\t\t\t<div class=\"elementor-icon-box-icon\">\n\t\t\t\t<a href=\"#cirugiaesteticaocular\" class=\"elementor-icon\" tabindex=\"-1\" aria-label=\"Neglig\u00e8ncies en Cirurgia est\u00e8tica i ocular\">\n\t\t\t\t<i aria-hidden=\"true\" class=\"fas fa-glasses\"><\/i>\t\t\t\t<\/a>\n\t\t\t<\/div>\n\t\t\t\n\t\t\t\t\t\t<div class=\"elementor-icon-box-content\">\n\n\t\t\t\t\t\t\t\t\t<h3 class=\"elementor-icon-box-title\">\n\t\t\t\t\t\t<a href=\"#cirugiaesteticaocular\" >\n\t\t\t\t\t\t\tNeglig\u00e8ncies en Cirurgia est\u00e8tica i ocular\t\t\t\t\t\t<\/a>\n\t\t\t\t\t<\/h3>\n\t\t\t\t\n\t\t\t\t\n\t\t\t<\/div>\n\t\t\t\n\t\t<\/div>\n\t\t\t\t\t\t<\/div>\n\t\t\t\t<\/div>\n\t\t\t\t\t<\/div>\n\t\t<\/div>\n\t\t\t\t\t<\/div>\n\t\t<\/section>\n\t\t\t\t<section class=\"elementor-section elementor-inner-section elementor-element elementor-element-0ec4149 elementor-section-full_width elementor-section-height-default elementor-section-height-default\" data-id=\"0ec4149\" data-element_type=\"section\" data-e-type=\"section\" data-settings=\"{&quot;background_background&quot;:&quot;classic&quot;}\">\n\t\t\t\t\t\t<div class=\"elementor-container elementor-column-gap-default\">\n\t\t\t\t\t<div class=\"elementor-column elementor-col-50 elementor-inner-column elementor-element elementor-element-7a3c68e\" data-id=\"7a3c68e\" data-element_type=\"column\" data-e-type=\"column\">\n\t\t\t<div class=\"elementor-widget-wrap elementor-element-populated\">\n\t\t\t\t\t\t<div class=\"elementor-element elementor-element-2e7af4b elementor-view-default elementor-position-block-start elementor-mobile-position-block-start elementor-widget elementor-widget-icon-box\" data-id=\"2e7af4b\" data-element_type=\"widget\" data-e-type=\"widget\" data-widget_type=\"icon-box.default\">\n\t\t\t\t<div class=\"elementor-widget-container\">\n\t\t\t\t\t\t\t<div class=\"elementor-icon-box-wrapper\">\n\n\t\t\t\t\t\t<div class=\"elementor-icon-box-icon\">\n\t\t\t\t<a href=\"#malusoaparatos\" class=\"elementor-icon\" tabindex=\"-1\" aria-label=\"Danys per aparell m\u00e8dic\">\n\t\t\t\t<i aria-hidden=\"true\" class=\"fas fa-radiation\"><\/i>\t\t\t\t<\/a>\n\t\t\t<\/div>\n\t\t\t\n\t\t\t\t\t\t<div class=\"elementor-icon-box-content\">\n\n\t\t\t\t\t\t\t\t\t<h3 class=\"elementor-icon-box-title\">\n\t\t\t\t\t\t<a href=\"#malusoaparatos\" >\n\t\t\t\t\t\t\tDanys per aparell m\u00e8dic\t\t\t\t\t\t<\/a>\n\t\t\t\t\t<\/h3>\n\t\t\t\t\n\t\t\t\t\n\t\t\t<\/div>\n\t\t\t\n\t\t<\/div>\n\t\t\t\t\t\t<\/div>\n\t\t\t\t<\/div>\n\t\t\t\t\t<\/div>\n\t\t<\/div>\n\t\t\t\t<div class=\"elementor-column elementor-col-50 elementor-inner-column elementor-element elementor-element-d9c6a91\" data-id=\"d9c6a91\" data-element_type=\"column\" data-e-type=\"column\">\n\t\t\t<div class=\"elementor-widget-wrap elementor-element-populated\">\n\t\t\t\t\t\t<div class=\"elementor-element elementor-element-68d30f3 elementor-view-default elementor-position-block-start elementor-mobile-position-block-start elementor-widget elementor-widget-icon-box\" data-id=\"68d30f3\" data-element_type=\"widget\" data-e-type=\"widget\" data-widget_type=\"icon-box.default\">\n\t\t\t\t<div class=\"elementor-widget-container\">\n\t\t\t\t\t\t\t<div class=\"elementor-icon-box-wrapper\">\n\n\t\t\t\t\t\t<div class=\"elementor-icon-box-icon\">\n\t\t\t\t<a href=\"#contagioshospitales\" class=\"elementor-icon\" tabindex=\"-1\" aria-label=\"Infeccions hospital\u00e0ries\">\n\t\t\t\t<i aria-hidden=\"true\" class=\"fas fa-virus\"><\/i>\t\t\t\t<\/a>\n\t\t\t<\/div>\n\t\t\t\n\t\t\t\t\t\t<div class=\"elementor-icon-box-content\">\n\n\t\t\t\t\t\t\t\t\t<h3 class=\"elementor-icon-box-title\">\n\t\t\t\t\t\t<a href=\"#contagioshospitales\" >\n\t\t\t\t\t\t\tInfeccions hospital\u00e0ries\t\t\t\t\t\t<\/a>\n\t\t\t\t\t<\/h3>\n\t\t\t\t\n\t\t\t\t\n\t\t\t<\/div>\n\t\t\t\n\t\t<\/div>\n\t\t\t\t\t\t<\/div>\n\t\t\t\t<\/div>\n\t\t\t\t\t<\/div>\n\t\t<\/div>\n\t\t\t\t\t<\/div>\n\t\t<\/section>\n\t\t\t\t<section class=\"elementor-section elementor-inner-section elementor-element elementor-element-394c115 elementor-section-full_width elementor-section-height-default elementor-section-height-default\" data-id=\"394c115\" data-element_type=\"section\" data-e-type=\"section\" data-settings=\"{&quot;background_background&quot;:&quot;classic&quot;}\">\n\t\t\t\t\t\t<div class=\"elementor-container elementor-column-gap-default\">\n\t\t\t\t\t<div class=\"elementor-column elementor-col-50 elementor-inner-column elementor-element elementor-element-17ac2b2\" data-id=\"17ac2b2\" data-element_type=\"column\" data-e-type=\"column\">\n\t\t\t<div class=\"elementor-widget-wrap elementor-element-populated\">\n\t\t\t\t\t\t<div class=\"elementor-element elementor-element-139ce4e elementor-view-default elementor-position-block-start elementor-mobile-position-block-start elementor-widget elementor-widget-icon-box\" data-id=\"139ce4e\" data-element_type=\"widget\" data-e-type=\"widget\" data-widget_type=\"icon-box.default\">\n\t\t\t\t<div class=\"elementor-widget-container\">\n\t\t\t\t\t\t\t<div class=\"elementor-icon-box-wrapper\">\n\n\t\t\t\t\t\t<div class=\"elementor-icon-box-icon\">\n\t\t\t\t<a href=\"#erroresquirofano\" class=\"elementor-icon\" tabindex=\"-1\" aria-label=\"Errors al quir\u00f2fan\">\n\t\t\t\t<i aria-hidden=\"true\" class=\"fas fa-hospital-alt\"><\/i>\t\t\t\t<\/a>\n\t\t\t<\/div>\n\t\t\t\n\t\t\t\t\t\t<div class=\"elementor-icon-box-content\">\n\n\t\t\t\t\t\t\t\t\t<h3 class=\"elementor-icon-box-title\">\n\t\t\t\t\t\t<a href=\"#erroresquirofano\" >\n\t\t\t\t\t\t\tErrors al quir\u00f2fan\t\t\t\t\t\t<\/a>\n\t\t\t\t\t<\/h3>\n\t\t\t\t\n\t\t\t\t\n\t\t\t<\/div>\n\t\t\t\n\t\t<\/div>\n\t\t\t\t\t\t<\/div>\n\t\t\t\t<\/div>\n\t\t\t\t\t<\/div>\n\t\t<\/div>\n\t\t\t\t<div class=\"elementor-column elementor-col-50 elementor-inner-column elementor-element elementor-element-52fbb2a\" data-id=\"52fbb2a\" data-element_type=\"column\" data-e-type=\"column\">\n\t\t\t<div class=\"elementor-widget-wrap elementor-element-populated\">\n\t\t\t\t\t\t<div class=\"elementor-element elementor-element-d878d53 elementor-view-default elementor-position-block-start elementor-mobile-position-block-start elementor-widget elementor-widget-icon-box\" data-id=\"d878d53\" data-element_type=\"widget\" data-e-type=\"widget\" data-widget_type=\"icon-box.default\">\n\t\t\t\t<div class=\"elementor-widget-container\">\n\t\t\t\t\t\t\t<div class=\"elementor-icon-box-wrapper\">\n\n\t\t\t\t\t\t<div class=\"elementor-icon-box-icon\">\n\t\t\t\t<a href=\"#da\u00f1oanestesia\" class=\"elementor-icon\" tabindex=\"-1\" aria-label=\"Lesions per anest\u00e8sia i\/o medicaments\">\n\t\t\t\t<i aria-hidden=\"true\" class=\"fas fa-hand-holding-medical\"><\/i>\t\t\t\t<\/a>\n\t\t\t<\/div>\n\t\t\t\n\t\t\t\t\t\t<div class=\"elementor-icon-box-content\">\n\n\t\t\t\t\t\t\t\t\t<h3 class=\"elementor-icon-box-title\">\n\t\t\t\t\t\t<a href=\"#da\u00f1oanestesia\" >\n\t\t\t\t\t\t\tLesions per anest\u00e8sia i\/o medicaments\t\t\t\t\t\t<\/a>\n\t\t\t\t\t<\/h3>\n\t\t\t\t\n\t\t\t\t\n\t\t\t<\/div>\n\t\t\t\n\t\t<\/div>\n\t\t\t\t\t\t<\/div>\n\t\t\t\t<\/div>\n\t\t\t\t\t<\/div>\n\t\t<\/div>\n\t\t\t\t\t<\/div>\n\t\t<\/section>\n\t\t\t\t<section class=\"elementor-section elementor-inner-section elementor-element elementor-element-4094bda elementor-section-full_width elementor-section-height-default elementor-section-height-default\" data-id=\"4094bda\" data-element_type=\"section\" data-e-type=\"section\" data-settings=\"{&quot;background_background&quot;:&quot;classic&quot;}\">\n\t\t\t\t\t\t<div class=\"elementor-container elementor-column-gap-default\">\n\t\t\t\t\t<div class=\"elementor-column elementor-col-50 elementor-inner-column elementor-element elementor-element-140012e\" data-id=\"140012e\" data-element_type=\"column\" data-e-type=\"column\">\n\t\t\t<div class=\"elementor-widget-wrap elementor-element-populated\">\n\t\t\t\t\t\t<div class=\"elementor-element elementor-element-f6d4514 elementor-view-default elementor-position-block-start elementor-mobile-position-block-start elementor-widget elementor-widget-icon-box\" data-id=\"f6d4514\" data-element_type=\"widget\" data-e-type=\"widget\" data-widget_type=\"icon-box.default\">\n\t\t\t\t<div class=\"elementor-widget-container\">\n\t\t\t\t\t\t\t<div class=\"elementor-icon-box-wrapper\">\n\n\t\t\t\t\t\t<div class=\"elementor-icon-box-icon\">\n\t\t\t\t<a href=\"#da\u00f1oslistadeespera\" class=\"elementor-icon\" tabindex=\"-1\" aria-label=\"Danys per llistes d&#039;espera\">\n\t\t\t\t<i aria-hidden=\"true\" class=\"far fa-calendar-alt\"><\/i>\t\t\t\t<\/a>\n\t\t\t<\/div>\n\t\t\t\n\t\t\t\t\t\t<div class=\"elementor-icon-box-content\">\n\n\t\t\t\t\t\t\t\t\t<h3 class=\"elementor-icon-box-title\">\n\t\t\t\t\t\t<a href=\"#da\u00f1oslistadeespera\" >\n\t\t\t\t\t\t\tDanys per llistes d'espera\t\t\t\t\t\t<\/a>\n\t\t\t\t\t<\/h3>\n\t\t\t\t\n\t\t\t\t\n\t\t\t<\/div>\n\t\t\t\n\t\t<\/div>\n\t\t\t\t\t\t<\/div>\n\t\t\t\t<\/div>\n\t\t\t\t\t<\/div>\n\t\t<\/div>\n\t\t\t\t<div class=\"elementor-column elementor-col-50 elementor-inner-column elementor-element elementor-element-9aca66f\" data-id=\"9aca66f\" data-element_type=\"column\" data-e-type=\"column\">\n\t\t\t<div class=\"elementor-widget-wrap elementor-element-populated\">\n\t\t\t\t\t\t<div class=\"elementor-element elementor-element-4fdeea4 elementor-view-default elementor-position-block-start elementor-mobile-position-block-start elementor-widget elementor-widget-icon-box\" data-id=\"4fdeea4\" data-element_type=\"widget\" data-e-type=\"widget\" data-widget_type=\"icon-box.default\">\n\t\t\t\t<div class=\"elementor-widget-container\">\n\t\t\t\t\t\t\t<div class=\"elementor-icon-box-wrapper\">\n\n\t\t\t\t\t\t<div class=\"elementor-icon-box-icon\">\n\t\t\t\t<a href=\"#da\u00f1oserroresdiagnostico\" class=\"elementor-icon\" tabindex=\"-1\" aria-label=\"Errors de diagn\u00f2stic\">\n\t\t\t\t<i aria-hidden=\"true\" class=\"fas fa-comment-medical\"><\/i>\t\t\t\t<\/a>\n\t\t\t<\/div>\n\t\t\t\n\t\t\t\t\t\t<div class=\"elementor-icon-box-content\">\n\n\t\t\t\t\t\t\t\t\t<h3 class=\"elementor-icon-box-title\">\n\t\t\t\t\t\t<a href=\"#da\u00f1oserroresdiagnostico\" >\n\t\t\t\t\t\t\tErrors de diagn\u00f2stic\t\t\t\t\t\t<\/a>\n\t\t\t\t\t<\/h3>\n\t\t\t\t\n\t\t\t\t\n\t\t\t<\/div>\n\t\t\t\n\t\t<\/div>\n\t\t\t\t\t\t<\/div>\n\t\t\t\t<\/div>\n\t\t\t\t\t<\/div>\n\t\t<\/div>\n\t\t\t\t\t<\/div>\n\t\t<\/section>\n\t\t\t\t<section class=\"elementor-section elementor-inner-section elementor-element elementor-element-9bef169 elementor-section-full_width elementor-section-height-default elementor-section-height-default\" data-id=\"9bef169\" data-element_type=\"section\" data-e-type=\"section\" data-settings=\"{&quot;background_background&quot;:&quot;classic&quot;}\">\n\t\t\t\t\t\t<div class=\"elementor-container elementor-column-gap-default\">\n\t\t\t\t\t<div class=\"elementor-column elementor-col-50 elementor-inner-column elementor-element elementor-element-a8d1344\" data-id=\"a8d1344\" data-element_type=\"column\" data-e-type=\"column\">\n\t\t\t<div class=\"elementor-widget-wrap elementor-element-populated\">\n\t\t\t\t\t\t<div class=\"elementor-element elementor-element-39710a1 elementor-view-default elementor-position-block-start elementor-mobile-position-block-start elementor-widget elementor-widget-icon-box\" data-id=\"39710a1\" data-element_type=\"widget\" data-e-type=\"widget\" data-widget_type=\"icon-box.default\">\n\t\t\t\t<div class=\"elementor-widget-container\">\n\t\t\t\t\t\t\t<div class=\"elementor-icon-box-wrapper\">\n\n\t\t\t\t\t\t<div class=\"elementor-icon-box-icon\">\n\t\t\t\t<a href=\"#negligenciaoncologica\" class=\"elementor-icon\" tabindex=\"-1\" aria-label=\"Neglig\u00e8ncies oncol\u00f2giques\">\n\t\t\t\t<i aria-hidden=\"true\" class=\"fas fa-lungs-virus\"><\/i>\t\t\t\t<\/a>\n\t\t\t<\/div>\n\t\t\t\n\t\t\t\t\t\t<div class=\"elementor-icon-box-content\">\n\n\t\t\t\t\t\t\t\t\t<h3 class=\"elementor-icon-box-title\">\n\t\t\t\t\t\t<a href=\"#negligenciaoncologica\" >\n\t\t\t\t\t\t\tNeglig\u00e8ncies oncol\u00f2giques\t\t\t\t\t\t<\/a>\n\t\t\t\t\t<\/h3>\n\t\t\t\t\n\t\t\t\t\n\t\t\t<\/div>\n\t\t\t\n\t\t<\/div>\n\t\t\t\t\t\t<\/div>\n\t\t\t\t<\/div>\n\t\t\t\t\t<\/div>\n\t\t<\/div>\n\t\t\t\t<div class=\"elementor-column elementor-col-50 elementor-inner-column elementor-element elementor-element-9b62fa1\" data-id=\"9b62fa1\" data-element_type=\"column\" data-e-type=\"column\">\n\t\t\t<div class=\"elementor-widget-wrap elementor-element-populated\">\n\t\t\t\t\t\t<div class=\"elementor-element elementor-element-a1eec80 elementor-view-default elementor-position-block-start elementor-mobile-position-block-start elementor-widget elementor-widget-icon-box\" data-id=\"a1eec80\" data-element_type=\"widget\" data-e-type=\"widget\" data-widget_type=\"icon-box.default\">\n\t\t\t\t<div class=\"elementor-widget-container\">\n\t\t\t\t\t\t\t<div class=\"elementor-icon-box-wrapper\">\n\n\t\t\t\t\t\t<div class=\"elementor-icon-box-icon\">\n\t\t\t\t<a href=\"#da\u00f1oscausadosurgencias\" class=\"elementor-icon\" tabindex=\"-1\" aria-label=\"Danys causats en serveis d&#039;urg\u00e8ncies\">\n\t\t\t\t<i aria-hidden=\"true\" class=\"fas fa-ambulance\"><\/i>\t\t\t\t<\/a>\n\t\t\t<\/div>\n\t\t\t\n\t\t\t\t\t\t<div class=\"elementor-icon-box-content\">\n\n\t\t\t\t\t\t\t\t\t<h3 class=\"elementor-icon-box-title\">\n\t\t\t\t\t\t<a href=\"#da\u00f1oscausadosurgencias\" >\n\t\t\t\t\t\t\tDanys causats en serveis d'urg\u00e8ncies\t\t\t\t\t\t<\/a>\n\t\t\t\t\t<\/h3>\n\t\t\t\t\n\t\t\t\t\n\t\t\t<\/div>\n\t\t\t\n\t\t<\/div>\n\t\t\t\t\t\t<\/div>\n\t\t\t\t<\/div>\n\t\t\t\t\t<\/div>\n\t\t<\/div>\n\t\t\t\t\t<\/div>\n\t\t<\/section>\n\t\t\t\t<section class=\"elementor-section elementor-inner-section elementor-element elementor-element-2ae1ffe elementor-section-full_width elementor-section-height-default elementor-section-height-default\" data-id=\"2ae1ffe\" data-element_type=\"section\" data-e-type=\"section\" data-settings=\"{&quot;background_background&quot;:&quot;classic&quot;}\">\n\t\t\t\t\t\t<div class=\"elementor-container elementor-column-gap-default\">\n\t\t\t\t\t<div class=\"elementor-column elementor-col-50 elementor-inner-column elementor-element elementor-element-f493487\" data-id=\"f493487\" data-element_type=\"column\" data-e-type=\"column\">\n\t\t\t<div class=\"elementor-widget-wrap elementor-element-populated\">\n\t\t\t\t\t\t<div class=\"elementor-element elementor-element-a88ca4e elementor-view-default elementor-position-block-start elementor-mobile-position-block-start elementor-widget elementor-widget-icon-box\" data-id=\"a88ca4e\" data-element_type=\"widget\" data-e-type=\"widget\" data-widget_type=\"icon-box.default\">\n\t\t\t\t<div class=\"elementor-widget-container\">\n\t\t\t\t\t\t\t<div class=\"elementor-icon-box-wrapper\">\n\n\t\t\t\t\t\t<div class=\"elementor-icon-box-icon\">\n\t\t\t\t<a href=\"#abogadoretrasodiagnostico\" class=\"elementor-icon\" tabindex=\"-1\" aria-label=\"Diagn\u00f2stic incorrecte\">\n\t\t\t\t<i aria-hidden=\"true\" class=\"fas fa-briefcase-medical\"><\/i>\t\t\t\t<\/a>\n\t\t\t<\/div>\n\t\t\t\n\t\t\t\t\t\t<div class=\"elementor-icon-box-content\">\n\n\t\t\t\t\t\t\t\t\t<h3 class=\"elementor-icon-box-title\">\n\t\t\t\t\t\t<a href=\"#abogadoretrasodiagnostico\" >\n\t\t\t\t\t\t\tDiagn\u00f2stic incorrecte\t\t\t\t\t\t<\/a>\n\t\t\t\t\t<\/h3>\n\t\t\t\t\n\t\t\t\t\n\t\t\t<\/div>\n\t\t\t\n\t\t<\/div>\n\t\t\t\t\t\t<\/div>\n\t\t\t\t<\/div>\n\t\t\t\t\t<\/div>\n\t\t<\/div>\n\t\t\t\t<div class=\"elementor-column elementor-col-50 elementor-inner-column elementor-element elementor-element-3e82ccc\" data-id=\"3e82ccc\" data-element_type=\"column\" data-e-type=\"column\">\n\t\t\t<div class=\"elementor-widget-wrap elementor-element-populated\">\n\t\t\t\t\t\t<div class=\"elementor-element elementor-element-c03380a elementor-view-default elementor-position-block-start elementor-mobile-position-block-start elementor-widget elementor-widget-icon-box\" data-id=\"c03380a\" data-element_type=\"widget\" data-e-type=\"widget\" data-widget_type=\"icon-box.default\">\n\t\t\t\t<div class=\"elementor-widget-container\">\n\t\t\t\t\t\t\t<div class=\"elementor-icon-box-wrapper\">\n\n\t\t\t\t\t\t<div class=\"elementor-icon-box-icon\">\n\t\t\t\t<a href=\"#abogadomalapraxis\" class=\"elementor-icon\" tabindex=\"-1\" aria-label=\"Neglig\u00e8ncia\">\n\t\t\t\t<i aria-hidden=\"true\" class=\"fas fa-screwdriver\"><\/i>\t\t\t\t<\/a>\n\t\t\t<\/div>\n\t\t\t\n\t\t\t\t\t\t<div class=\"elementor-icon-box-content\">\n\n\t\t\t\t\t\t\t\t\t<h3 class=\"elementor-icon-box-title\">\n\t\t\t\t\t\t<a href=\"#abogadomalapraxis\" >\n\t\t\t\t\t\t\tNeglig\u00e8ncia\t\t\t\t\t\t<\/a>\n\t\t\t\t\t<\/h3>\n\t\t\t\t\n\t\t\t\t\n\t\t\t<\/div>\n\t\t\t\n\t\t<\/div>\n\t\t\t\t\t\t<\/div>\n\t\t\t\t<\/div>\n\t\t\t\t\t<\/div>\n\t\t<\/div>\n\t\t\t\t\t<\/div>\n\t\t<\/section>\n\t\t\t\t<section class=\"elementor-section elementor-inner-section elementor-element elementor-element-445ef03 elementor-section-full_width elementor-section-height-default elementor-section-height-default\" data-id=\"445ef03\" data-element_type=\"section\" data-e-type=\"section\" data-settings=\"{&quot;background_background&quot;:&quot;classic&quot;}\">\n\t\t\t\t\t\t<div class=\"elementor-container elementor-column-gap-default\">\n\t\t\t\t\t<div class=\"elementor-column elementor-col-50 elementor-inner-column elementor-element elementor-element-df56c80\" data-id=\"df56c80\" data-element_type=\"column\" data-e-type=\"column\">\n\t\t\t<div class=\"elementor-widget-wrap elementor-element-populated\">\n\t\t\t\t\t\t<div class=\"elementor-element elementor-element-b8b89e4 elementor-view-default elementor-position-block-start elementor-mobile-position-block-start elementor-widget elementor-widget-icon-box\" data-id=\"b8b89e4\" data-element_type=\"widget\" data-e-type=\"widget\" data-widget_type=\"icon-box.default\">\n\t\t\t\t<div class=\"elementor-widget-container\">\n\t\t\t\t\t\t\t<div class=\"elementor-icon-box-wrapper\">\n\n\t\t\t\t\t\t<div class=\"elementor-icon-box-icon\">\n\t\t\t\t<a href=\"#deficienteinformacionalpaciente\" class=\"elementor-icon\" tabindex=\"-1\" aria-label=\"Informaci\u00f3 deficient al pacient\">\n\t\t\t\t<i aria-hidden=\"true\" class=\"fas fa-notes-medical\"><\/i>\t\t\t\t<\/a>\n\t\t\t<\/div>\n\t\t\t\n\t\t\t\t\t\t<div class=\"elementor-icon-box-content\">\n\n\t\t\t\t\t\t\t\t\t<h3 class=\"elementor-icon-box-title\">\n\t\t\t\t\t\t<a href=\"#deficienteinformacionalpaciente\" >\n\t\t\t\t\t\t\tInformaci\u00f3 deficient al pacient\t\t\t\t\t\t<\/a>\n\t\t\t\t\t<\/h3>\n\t\t\t\t\n\t\t\t\t\n\t\t\t<\/div>\n\t\t\t\n\t\t<\/div>\n\t\t\t\t\t\t<\/div>\n\t\t\t\t<\/div>\n\t\t\t\t\t<\/div>\n\t\t<\/div>\n\t\t\t\t<div class=\"elementor-column elementor-col-50 elementor-inner-column elementor-element elementor-element-b5dacba\" data-id=\"b5dacba\" data-element_type=\"column\" data-e-type=\"column\">\n\t\t\t<div class=\"elementor-widget-wrap elementor-element-populated\">\n\t\t\t\t\t\t<div class=\"elementor-element elementor-element-1ec5d02 elementor-view-default elementor-position-block-start elementor-mobile-position-block-start elementor-widget elementor-widget-icon-box\" data-id=\"1ec5d02\" data-element_type=\"widget\" data-e-type=\"widget\" data-widget_type=\"icon-box.default\">\n\t\t\t\t<div class=\"elementor-widget-container\">\n\t\t\t\t\t\t\t<div class=\"elementor-icon-box-wrapper\">\n\n\t\t\t\t\t\t<div class=\"elementor-icon-box-icon\">\n\t\t\t\t<a href=\"#faq\" class=\"elementor-icon\" tabindex=\"-1\" aria-label=\"Dubtes freq\u00fcents\">\n\t\t\t\t<i aria-hidden=\"true\" class=\"fas fa-question\"><\/i>\t\t\t\t<\/a>\n\t\t\t<\/div>\n\t\t\t\n\t\t\t\t\t\t<div class=\"elementor-icon-box-content\">\n\n\t\t\t\t\t\t\t\t\t<h3 class=\"elementor-icon-box-title\">\n\t\t\t\t\t\t<a href=\"#faq\" >\n\t\t\t\t\t\t\tDubtes freq\u00fcents\t\t\t\t\t\t<\/a>\n\t\t\t\t\t<\/h3>\n\t\t\t\t\n\t\t\t\t\n\t\t\t<\/div>\n\t\t\t\n\t\t<\/div>\n\t\t\t\t\t\t<\/div>\n\t\t\t\t<\/div>\n\t\t\t\t\t<\/div>\n\t\t<\/div>\n\t\t\t\t\t<\/div>\n\t\t<\/section>\n\t\t\t\t<section class=\"elementor-section elementor-inner-section elementor-element elementor-element-9b70bde elementor-section-full_width elementor-section-height-default elementor-section-height-default\" data-id=\"9b70bde\" data-element_type=\"section\" data-e-type=\"section\">\n\t\t\t\t\t\t<div class=\"elementor-container elementor-column-gap-default\">\n\t\t\t\t\t<div class=\"elementor-column elementor-col-100 elementor-inner-column elementor-element elementor-element-0fae6e9\" data-id=\"0fae6e9\" data-element_type=\"column\" data-e-type=\"column\">\n\t\t\t<div class=\"elementor-widget-wrap elementor-element-populated\">\n\t\t\t\t\t\t<div class=\"elementor-element elementor-element-09479ea elementor-widget elementor-widget-heading\" data-id=\"09479ea\" data-element_type=\"widget\" data-e-type=\"widget\" data-widget_type=\"heading.default\">\n\t\t\t\t<div class=\"elementor-widget-container\">\n\t\t\t\t\t<h3 class=\"elementor-heading-title elementor-size-default\">PALLAR\u00c8S ADVOCATS. Advocats experts en els errors m\u00e8dics a Sabadell.<\/h3>\t\t\t\t<\/div>\n\t\t\t\t<\/div>\n\t\t\t\t\t<\/div>\n\t\t<\/div>\n\t\t\t\t\t<\/div>\n\t\t<\/section>\n\t\t\t\t<div class=\"elementor-element elementor-element-79eb0aa elementor-widget elementor-widget-heading\" data-id=\"79eb0aa\" data-element_type=\"widget\" data-e-type=\"widget\" data-widget_type=\"heading.default\">\n\t\t\t\t<div class=\"elementor-widget-container\">\n\t\t\t\t\t<p class=\"elementor-heading-title elementor-size-default\">Si heu patit un error m\u00e8dic PALLAR\u00c8S ADVOCATS compta amb Advocats Advocats els errors m\u00e8dics a Sabadell a les valls.<\/p>\t\t\t\t<\/div>\n\t\t\t\t<\/div>\n\t\t\t\t<div class=\"elementor-element elementor-element-f05a358 elementor-widget-divider--view-line_text elementor-widget-divider--element-align-center elementor-widget elementor-widget-divider\" data-id=\"f05a358\" data-element_type=\"widget\" data-e-type=\"widget\" data-widget_type=\"divider.default\">\n\t\t\t\t<div class=\"elementor-widget-container\">\n\t\t\t\t\t\t\t<div class=\"elementor-divider\">\n\t\t\t<span class=\"elementor-divider-separator\">\n\t\t\t\t\t\t\t<span class=\"elementor-divider__text elementor-divider__element\">\n\t\t\t\t30 anys d'experi\u00e8ncia\t\t\t\t<\/span>\n\t\t\t\t\t\t<\/span>\n\t\t<\/div>\n\t\t\t\t\t\t<\/div>\n\t\t\t\t<\/div>\n\t\t\t\t<section class=\"elementor-section elementor-inner-section elementor-element elementor-element-f03b551 elementor-section-boxed elementor-section-height-default elementor-section-height-default\" data-id=\"f03b551\" data-element_type=\"section\" data-e-type=\"section\" data-settings=\"{&quot;background_background&quot;:&quot;classic&quot;}\">\n\t\t\t\t\t\t<div class=\"elementor-container elementor-column-gap-default\">\n\t\t\t\t\t<div class=\"elementor-column elementor-col-100 elementor-inner-column elementor-element elementor-element-bf9e434\" data-id=\"bf9e434\" data-element_type=\"column\" data-e-type=\"column\">\n\t\t\t<div class=\"elementor-widget-wrap elementor-element-populated\">\n\t\t\t\t\t\t<div class=\"elementor-element elementor-element-c4f45d1 elementor-widget elementor-widget-heading\" data-id=\"c4f45d1\" data-element_type=\"widget\" data-e-type=\"widget\" data-widget_type=\"heading.default\">\n\t\t\t\t<div class=\"elementor-widget-container\">\n\t\t\t\t\t<p class=\"elementor-heading-title elementor-size-default\">Des de la nostra firma us guiar\u00e0 a trav\u00e9s dels passos a seguir per presentar la seva reclamaci\u00f3 per accident metge<\/p>\t\t\t\t<\/div>\n\t\t\t\t<\/div>\n\t\t\t\t<div class=\"elementor-element elementor-element-5435fe5 elementor-widget elementor-widget-heading\" data-id=\"5435fe5\" data-element_type=\"widget\" data-e-type=\"widget\" data-widget_type=\"heading.default\">\n\t\t\t\t<div class=\"elementor-widget-container\">\n\t\t\t\t\t<p class=\"elementor-heading-title elementor-size-default\">Accident advocats doctors a Sabadell del vall\u00e8s<\/p>\t\t\t\t<\/div>\n\t\t\t\t<\/div>\n\t\t\t\t<div class=\"elementor-element elementor-element-cafb2ab elementor-align-center elementor-widget elementor-widget-button\" data-id=\"cafb2ab\" data-element_type=\"widget\" data-e-type=\"widget\" data-widget_type=\"button.default\">\n\t\t\t\t<div class=\"elementor-widget-container\">\n\t\t\t\t\t\t\t\t\t<div class=\"elementor-button-wrapper\">\n\t\t\t\t\t<a class=\"elementor-button elementor-button-link elementor-size-sm\" href=\"tel:%20+93%20655%2031%2070\">\n\t\t\t\t\t\t<span class=\"elementor-button-content-wrapper\">\n\t\t\t\t\t\t\t\t\t<span class=\"elementor-button-text\">+93 655 31 70<\/span>\n\t\t\t\t\t<\/span>\n\t\t\t\t\t<\/a>\n\t\t\t\t<\/div>\n\t\t\t\t\t\t\t\t<\/div>\n\t\t\t\t<\/div>\n\t\t\t\t\t<\/div>\n\t\t<\/div>\n\t\t\t\t\t<\/div>\n\t\t<\/section>\n\t\t\t\t<div class=\"elementor-element elementor-element-4c52969 elementor-widget elementor-widget-heading\" data-id=\"4c52969\" data-element_type=\"widget\" data-e-type=\"widget\" data-widget_type=\"heading.default\">\n\t\t\t\t<div class=\"elementor-widget-container\">\n\t\t\t\t\t<p class=\"elementor-heading-title elementor-size-default\">L&#039;objectiu de PALLAR\u00c8S ADVOCATS \u00e9s assegurar la protecci\u00f3 de la pacient i realitzar la millor defensa de la cort, i judicial d&#039;aquest, en el sistema de salut p\u00fablica i centres de salut privada, garantit ser resarcidos pels danys i perjudicis que han provocat la manca d&#039;habilitat i la neglig\u00e8ncia dels professionals sanitaris. Per aix\u00f2, gestionem tot tipus de demandes, reclamacions, les exig\u00e8ncies administratives en defensa dels interessos del nostre client afecte d&#039;un error m\u00e8dic a Sabadell a les valls.<\/p>\t\t\t\t<\/div>\n\t\t\t\t<\/div>\n\t\t\t\t<div class=\"elementor-element elementor-element-6e7d67e elementor-widget-divider--view-line_text elementor-widget-divider--element-align-center elementor-widget elementor-widget-divider\" data-id=\"6e7d67e\" data-element_type=\"widget\" data-e-type=\"widget\" data-widget_type=\"divider.default\">\n\t\t\t\t<div class=\"elementor-widget-container\">\n\t\t\t\t\t\t\t<div class=\"elementor-divider\">\n\t\t\t<span class=\"elementor-divider-separator\">\n\t\t\t\t\t\t\t<span class=\"elementor-divider__text elementor-divider__element\">\n\t\t\t\tEspecialites en accidents\t\t\t\t<\/span>\n\t\t\t\t\t\t<\/span>\n\t\t<\/div>\n\t\t\t\t\t\t<\/div>\n\t\t\t\t<\/div>\n\t\t\t\t<section class=\"elementor-section elementor-inner-section elementor-element elementor-element-37bd0d5 elementor-section-full_width elementor-section-height-default elementor-section-height-default\" data-id=\"37bd0d5\" data-element_type=\"section\" data-e-type=\"section\">\n\t\t\t\t\t\t<div class=\"elementor-container elementor-column-gap-default\">\n\t\t\t\t\t<div class=\"elementor-column elementor-col-50 elementor-inner-column elementor-element elementor-element-ca44b37\" data-id=\"ca44b37\" data-element_type=\"column\" data-e-type=\"column\">\n\t\t\t<div class=\"elementor-widget-wrap elementor-element-populated\">\n\t\t\t\t\t\t<div class=\"elementor-element elementor-element-1d2641c elementor-widget elementor-widget-menu-anchor\" data-id=\"1d2641c\" data-element_type=\"widget\" data-e-type=\"widget\" data-widget_type=\"menu-anchor.default\">\n\t\t\t\t<div class=\"elementor-widget-container\">\n\t\t\t\t\t\t\t<div class=\"elementor-menu-anchor\" id=\"ginecologia\"><\/div>\n\t\t\t\t\t\t<\/div>\n\t\t\t\t<\/div>\n\t\t\t\t<div class=\"elementor-element elementor-element-2e6355f elementor-widget elementor-widget-image\" data-id=\"2e6355f\" data-element_type=\"widget\" data-e-type=\"widget\" data-widget_type=\"image.default\">\n\t\t\t\t<div class=\"elementor-widget-container\">\n\t\t\t\t\t\t\t\t\t\t\t\t\t\t\t<img decoding=\"async\" width=\"1024\" height=\"364\" src=\"https:\/\/www.pallaresadvocats.com\/wp-content\/uploads\/2023\/08\/embarazada-1408x704-1408x500-1-1024x364.jpg\" class=\"attachment-large size-large wp-image-3419\" alt=\"Abogados especialistas en Negligencias en Ginecolog\u00eda (embarazo y partos)\" srcset=\"https:\/\/www.pallaresadvocats.com\/wp-content\/uploads\/2023\/08\/embarazada-1408x704-1408x500-1-1024x364.jpg 1024w, https:\/\/www.pallaresadvocats.com\/wp-content\/uploads\/2023\/08\/embarazada-1408x704-1408x500-1-300x107.jpg 300w, https:\/\/www.pallaresadvocats.com\/wp-content\/uploads\/2023\/08\/embarazada-1408x704-1408x500-1-768x273.jpg 768w, https:\/\/www.pallaresadvocats.com\/wp-content\/uploads\/2023\/08\/embarazada-1408x704-1408x500-1-18x6.jpg 18w, https:\/\/www.pallaresadvocats.com\/wp-content\/uploads\/2023\/08\/embarazada-1408x704-1408x500-1.jpg 1408w\" sizes=\"(max-width: 1024px) 100vw, 1024px\" \/>\t\t\t\t\t\t\t\t\t\t\t\t\t\t\t<\/div>\n\t\t\t\t<\/div>\n\t\t\t\t<div class=\"elementor-element elementor-element-1e050c5 elementor-widget elementor-widget-heading\" data-id=\"1e050c5\" data-element_type=\"widget\" data-e-type=\"widget\" data-widget_type=\"heading.default\">\n\t\t\t\t<div class=\"elementor-widget-container\">\n\t\t\t\t\t<h2 class=\"elementor-heading-title elementor-size-default\">Abogados negligencias m\u00e9dicas Sabadell.<br>Ginecologia (embar\u00e0s i parts)<\/h2>\t\t\t\t<\/div>\n\t\t\t\t<\/div>\n\t\t\t\t<div class=\"elementor-element elementor-element-23494a2 elementor-widget-divider--view-line elementor-widget elementor-widget-divider\" data-id=\"23494a2\" data-element_type=\"widget\" data-e-type=\"widget\" data-widget_type=\"divider.default\">\n\t\t\t\t<div class=\"elementor-widget-container\">\n\t\t\t\t\t\t\t<div class=\"elementor-divider\">\n\t\t\t<span class=\"elementor-divider-separator\">\n\t\t\t\t\t\t<\/span>\n\t\t<\/div>\n\t\t\t\t\t\t<\/div>\n\t\t\t\t<\/div>\n\t\t\t\t<div class=\"elementor-element elementor-element-8f130f6 elementor-widget elementor-widget-heading\" data-id=\"8f130f6\" data-element_type=\"widget\" data-e-type=\"widget\" data-widget_type=\"heading.default\">\n\t\t\t\t<div class=\"elementor-widget-container\">\n\t\t\t\t\t<p class=\"elementor-heading-title elementor-size-default\"><a href=\"https:\/\/www.abogadonegligenciamedica.eu\/negligencias-en-ginecologia-embarazo-y-partos\/\">L'enllumenament d'un nad\u00f3 \u00e9s un proc\u00e9s natural que pot estar carregat de complicacions i els serveis m\u00e8dics han d'estar preparats per afrontar-les amb efic\u00e0cia, ja que en breus terminis de temps els danys poden ser catastr\u00f2fics, des de traumatismes obst\u00e8trics fins a lesions cerebrals que cursaran amb par\u00e0lisi cerebral.<br><br>\u00c9s una medicina altament protocol\u00b7litzada per a cada tipus de complicaci\u00f3 que va sorgint. Tant a nivell hospitalari com de societats cient\u00edfiques (a Espanya la SEGO-Societat Espanyola de Ginecologia i Obstetr\u00edcia) es publiquen protocols m\u00e8dics dactuaci\u00f3 per a la resoluci\u00f3 de qualsevol complicaci\u00f3 obst\u00e8trica.\n<br><br>A PALLARES ADVOCATS som conscients que, en nombroses ocasions, el dany derivat d'un error de diagn\u00f2stic o un diagn\u00f2stic incorrecte \u00e9s irreparable, sobretot quan es produeix una mort a conseq\u00fc\u00e8ncia d'aix\u00f2.  <br><br>Si vost\u00e8 ha patit danys causats d'origen ginecol\u00f2gic o el seu fill ha patit danys per un mal maneig del proc\u00e9s del part, vost\u00e8 pot reclamar per aix\u00f2 i podem ser els seus advocats experts en neglig\u00e8ncies m\u00e8diques a Barcelona que reclamin els danys patits per mala praxi part. Cal que el mal sigui reconegut i que la persona responsable assumeixi les seves responsabilitats. Per a m\u00e9s informaci\u00f3, cliqueu AQUI <br><br>En Sabadell, el Hospital Universitari Parc Taul\u00ed \u2014que dispone de unidades de referencia en cirug\u00eda fetal y neonatal\u2014 es el centro p\u00fablico donde se concentran los casos de embarazo, parto y ces\u00e1rea. En el \u00e1mbito privado, conviene tener presente que el Hospital Quir\u00f3nsalud del Vall\u00e8s, aunque cuenta con Obstetricia y Ginecolog\u00eda en su cartera, no dispone actualmente de urgencias obst\u00e9tricas y ginecol\u00f3gicas propias, y deriva expresamente ese servicio al Hospital Universitari General de Catalunya, un dato relevante a la hora de valorar d\u00f3nde y cu\u00e1ndo se produjo la asistencia.<\/a><\/p>\t\t\t\t<\/div>\n\t\t\t\t<\/div>\n\t\t\t\t<div class=\"elementor-element elementor-element-7fcdfda elementor-align-center elementor-widget elementor-widget-button\" data-id=\"7fcdfda\" data-element_type=\"widget\" data-e-type=\"widget\" data-widget_type=\"button.default\">\n\t\t\t\t<div class=\"elementor-widget-container\">\n\t\t\t\t\t\t\t\t\t<div class=\"elementor-button-wrapper\">\n\t\t\t\t\t<a class=\"elementor-button elementor-button-link elementor-size-sm\" href=\"tel:%20%20+93%20655%2031%2070\">\n\t\t\t\t\t\t<span class=\"elementor-button-content-wrapper\">\n\t\t\t\t\t\t<span class=\"elementor-button-icon\">\n\t\t\t\t<i aria-hidden=\"true\" class=\"fas fa-phone-alt\"><\/i>\t\t\t<\/span>\n\t\t\t\t\t\t\t\t\t<span class=\"elementor-button-text\">ADVOCAT NEGLIG\u00c8NCIES GINECOL\u00d2GIQUES <\/span>\n\t\t\t\t\t<\/span>\n\t\t\t\t\t<\/a>\n\t\t\t\t<\/div>\n\t\t\t\t\t\t\t\t<\/div>\n\t\t\t\t<\/div>\n\t\t\t\t\t<\/div>\n\t\t<\/div>\n\t\t\t\t<div class=\"elementor-column elementor-col-50 elementor-inner-column elementor-element elementor-element-b91b209\" data-id=\"b91b209\" data-element_type=\"column\" data-e-type=\"column\">\n\t\t\t<div class=\"elementor-widget-wrap elementor-element-populated\">\n\t\t\t\t\t\t<div class=\"elementor-element elementor-element-a54882c elementor-widget elementor-widget-menu-anchor\" data-id=\"a54882c\" data-element_type=\"widget\" data-e-type=\"widget\" data-widget_type=\"menu-anchor.default\">\n\t\t\t\t<div class=\"elementor-widget-container\">\n\t\t\t\t\t\t\t<div class=\"elementor-menu-anchor\" id=\"cirugiaesteticaocular\"><\/div>\n\t\t\t\t\t\t<\/div>\n\t\t\t\t<\/div>\n\t\t\t\t<div class=\"elementor-element elementor-element-d74bbf9 elementor-widget elementor-widget-image\" data-id=\"d74bbf9\" data-element_type=\"widget\" data-e-type=\"widget\" data-widget_type=\"image.default\">\n\t\t\t\t<div class=\"elementor-widget-container\">\n\t\t\t\t\t\t\t\t\t\t\t\t\t\t\t<img loading=\"lazy\" decoding=\"async\" width=\"1024\" height=\"364\" src=\"https:\/\/www.pallaresadvocats.com\/wp-content\/uploads\/2023\/08\/cirugia-ocular-1408x704-1408x500-1-1024x364.jpg\" class=\"attachment-large size-large wp-image-3424\" alt=\"Abogados especialistas en Negligencias en la cirug\u00eda est\u00e9tica y cirug\u00eda ocular\" srcset=\"https:\/\/www.pallaresadvocats.com\/wp-content\/uploads\/2023\/08\/cirugia-ocular-1408x704-1408x500-1-1024x364.jpg 1024w, https:\/\/www.pallaresadvocats.com\/wp-content\/uploads\/2023\/08\/cirugia-ocular-1408x704-1408x500-1-300x107.jpg 300w, https:\/\/www.pallaresadvocats.com\/wp-content\/uploads\/2023\/08\/cirugia-ocular-1408x704-1408x500-1-768x273.jpg 768w, https:\/\/www.pallaresadvocats.com\/wp-content\/uploads\/2023\/08\/cirugia-ocular-1408x704-1408x500-1-18x6.jpg 18w, https:\/\/www.pallaresadvocats.com\/wp-content\/uploads\/2023\/08\/cirugia-ocular-1408x704-1408x500-1.jpg 1408w\" sizes=\"(max-width: 1024px) 100vw, 1024px\" \/>\t\t\t\t\t\t\t\t\t\t\t\t\t\t\t<\/div>\n\t\t\t\t<\/div>\n\t\t\t\t<div class=\"elementor-element elementor-element-a81f05b elementor-widget elementor-widget-heading\" data-id=\"a81f05b\" data-element_type=\"widget\" data-e-type=\"widget\" data-widget_type=\"heading.default\">\n\t\t\t\t<div class=\"elementor-widget-container\">\n\t\t\t\t\t<h2 class=\"elementor-heading-title elementor-size-default\">Abogados negligencias m\u00e9dicas Sabadell.<br>Cirurgia est\u00e8tica i cirurgia ocular<\/h2>\t\t\t\t<\/div>\n\t\t\t\t<\/div>\n\t\t\t\t<div class=\"elementor-element elementor-element-b524df9 elementor-widget-divider--view-line elementor-widget elementor-widget-divider\" data-id=\"b524df9\" data-element_type=\"widget\" data-e-type=\"widget\" data-widget_type=\"divider.default\">\n\t\t\t\t<div class=\"elementor-widget-container\">\n\t\t\t\t\t\t\t<div class=\"elementor-divider\">\n\t\t\t<span class=\"elementor-divider-separator\">\n\t\t\t\t\t\t<\/span>\n\t\t<\/div>\n\t\t\t\t\t\t<\/div>\n\t\t\t\t<\/div>\n\t\t\t\t<div class=\"elementor-element elementor-element-50d5b09 elementor-widget elementor-widget-heading\" data-id=\"50d5b09\" data-element_type=\"widget\" data-e-type=\"widget\" data-widget_type=\"heading.default\">\n\t\t\t\t<div class=\"elementor-widget-container\">\n\t\t\t\t\t<p class=\"elementor-heading-title elementor-size-default\">Ens situem en all\u00f2 que la doctrina anomena la medicina volunt\u00e0ria o no curativa. Ens referim a les cirurgies est\u00e8tiques, \u00e9s a dir, aquelles que es duen a terme amb la intencionalitat daconseguir un millor aspecte f\u00edsic ni tan sols subjectiu.\n<br><br>Tamb\u00e9 estan compreses en aquest concepte aquelles cirurgies oculars que no tracten de guarir cap malaltia, sin\u00f3 millorar la visi\u00f3 eliminant algunes di\u00f2ptries.<br><br>Tota la jurisprud\u00e8ncia coincideix que si a la medicina curativa la informaci\u00f3 pr\u00e8via a sotmetre's a la intervenci\u00f3 \u00e9s important, en el cas d'aquest tipus de medicina, la medicina volunt\u00e0ria, en tant que \u00e9s volunt\u00e0ria, ha de ser especialment rigorosa fins als darrers extrems i exigible per no condicionar la voluntat del client\/pacient per la qual cosa ha d'estar correctament informat de tots els possibles riscos entre els quals cal trobar la possibilitat que hi hagi resultats que subjectivament no siguin de satisfacci\u00f3 del pacient.<br><br>Per aix\u00f2, si vost\u00e8 ha patit danys causats per una cirurgia est\u00e8tica (liposucci\u00f3, mastop\u00e8xia, augment de mames, etc) o per cirurgia ocular (l\u00e0ser, lecte intraocular, etc), vost\u00e8 pot reclamar per aix\u00f2 .ia PALLARES ADVOCATS som Advocats experts en mala praxi m\u00e8dica a Barcelona que podem reclamar tant els danys soferts per una cirurgia est\u00e8tica com aquells que s\u00f3n producte d'una cirurgia ocular.<br><br>En Sabadell, este tipo de reclamaciones se sit\u00faan sobre todo en el \u00e1mbito de la sanidad privada, en centros como el Hospital Quir\u00f3nsalud del Vall\u00e8s, el principal hospital privado de la ciudad.<\/p>\t\t\t\t<\/div>\n\t\t\t\t<\/div>\n\t\t\t\t<div class=\"elementor-element elementor-element-73f66d2 elementor-align-center elementor-widget elementor-widget-button\" data-id=\"73f66d2\" data-element_type=\"widget\" data-e-type=\"widget\" data-widget_type=\"button.default\">\n\t\t\t\t<div class=\"elementor-widget-container\">\n\t\t\t\t\t\t\t\t\t<div class=\"elementor-button-wrapper\">\n\t\t\t\t\t<a class=\"elementor-button elementor-button-link elementor-size-sm\" href=\"tel:%20%20+93%20655%2031%2070\">\n\t\t\t\t\t\t<span class=\"elementor-button-content-wrapper\">\n\t\t\t\t\t\t<span class=\"elementor-button-icon\">\n\t\t\t\t<i aria-hidden=\"true\" class=\"fas fa-phone-alt\"><\/i>\t\t\t<\/span>\n\t\t\t\t\t\t\t\t\t<span class=\"elementor-button-text\">ADVOCAT NEGLIG\u00c8NCIA CIRURGIA EST\u00c8TICA<\/span>\n\t\t\t\t\t<\/span>\n\t\t\t\t\t<\/a>\n\t\t\t\t<\/div>\n\t\t\t\t\t\t\t\t<\/div>\n\t\t\t\t<\/div>\n\t\t\t\t\t<\/div>\n\t\t<\/div>\n\t\t\t\t\t<\/div>\n\t\t<\/section>\n\t\t\t\t<section class=\"elementor-section elementor-inner-section elementor-element elementor-element-be8e185 elementor-section-full_width elementor-section-height-default elementor-section-height-default\" data-id=\"be8e185\" data-element_type=\"section\" data-e-type=\"section\">\n\t\t\t\t\t\t<div class=\"elementor-container elementor-column-gap-default\">\n\t\t\t\t\t<div class=\"elementor-column elementor-col-50 elementor-inner-column elementor-element elementor-element-87bbb0c\" data-id=\"87bbb0c\" data-element_type=\"column\" data-e-type=\"column\">\n\t\t\t<div class=\"elementor-widget-wrap elementor-element-populated\">\n\t\t\t\t\t\t<div class=\"elementor-element elementor-element-15b1785 elementor-widget elementor-widget-menu-anchor\" data-id=\"15b1785\" data-element_type=\"widget\" data-e-type=\"widget\" data-widget_type=\"menu-anchor.default\">\n\t\t\t\t<div class=\"elementor-widget-container\">\n\t\t\t\t\t\t\t<div class=\"elementor-menu-anchor\" id=\"malusoaparatos\"><\/div>\n\t\t\t\t\t\t<\/div>\n\t\t\t\t<\/div>\n\t\t\t\t<div class=\"elementor-element elementor-element-50b1c98 elementor-widget elementor-widget-image\" data-id=\"50b1c98\" data-element_type=\"widget\" data-e-type=\"widget\" data-widget_type=\"image.default\">\n\t\t\t\t<div class=\"elementor-widget-container\">\n\t\t\t\t\t\t\t\t\t\t\t\t\t\t\t<img loading=\"lazy\" decoding=\"async\" width=\"640\" height=\"443\" src=\"https:\/\/www.pallaresadvocats.com\/wp-content\/uploads\/2023\/08\/escaner.jpg\" class=\"attachment-medium_large size-medium_large wp-image-3425\" alt=\"Da\u00f1os por mal uso de aparatos m\u00e9dicos\" srcset=\"https:\/\/www.pallaresadvocats.com\/wp-content\/uploads\/2023\/08\/escaner.jpg 640w, https:\/\/www.pallaresadvocats.com\/wp-content\/uploads\/2023\/08\/escaner-300x208.jpg 300w, https:\/\/www.pallaresadvocats.com\/wp-content\/uploads\/2023\/08\/escaner-18x12.jpg 18w\" sizes=\"(max-width: 640px) 100vw, 640px\" \/>\t\t\t\t\t\t\t\t\t\t\t\t\t\t\t<\/div>\n\t\t\t\t<\/div>\n\t\t\t\t<div class=\"elementor-element elementor-element-4ca3bc1 elementor-widget elementor-widget-heading\" data-id=\"4ca3bc1\" data-element_type=\"widget\" data-e-type=\"widget\" data-widget_type=\"heading.default\">\n\t\t\t\t<div class=\"elementor-widget-container\">\n\t\t\t\t\t<h2 class=\"elementor-heading-title elementor-size-default\">Abogados negligencias m\u00e9dicas Sabadell.<br>Mal \u00fas d'aparells m\u00e8dics <\/h2>\t\t\t\t<\/div>\n\t\t\t\t<\/div>\n\t\t\t\t<div class=\"elementor-element elementor-element-3c48484 elementor-widget-divider--view-line elementor-widget elementor-widget-divider\" data-id=\"3c48484\" data-element_type=\"widget\" data-e-type=\"widget\" data-widget_type=\"divider.default\">\n\t\t\t\t<div class=\"elementor-widget-container\">\n\t\t\t\t\t\t\t<div class=\"elementor-divider\">\n\t\t\t<span class=\"elementor-divider-separator\">\n\t\t\t\t\t\t<\/span>\n\t\t<\/div>\n\t\t\t\t\t\t<\/div>\n\t\t\t\t<\/div>\n\t\t\t\t<div class=\"elementor-element elementor-element-8b42d3f elementor-widget elementor-widget-heading\" data-id=\"8b42d3f\" data-element_type=\"widget\" data-e-type=\"widget\" data-widget_type=\"heading.default\">\n\t\t\t\t<div class=\"elementor-widget-container\">\n\t\t\t\t\t<p class=\"elementor-heading-title elementor-size-default\"><a href=\"https:\/\/www.abogadonegligenciamedica.eu\/negligencias-en-ginecologia-embarazo-y-partos\/\">De vegades un mal funcionament d'un equip m\u00e8dic pot cursar amb lesions greus que afegeixi al pacient seq\u00fceles que abans d'anar al servei no en tenia i que seran motiu de reclamaci\u00f3.\n<br><br>Aquests errors en el funcionament d'aparells m\u00e8dics es poden produir tant en el context d'intervencions quir\u00fargiques com en tractaments m\u00e8dics com ara radiologia o l\u00e0ser, o en procediments diagn\u00f2stics.<br><br>La determinaci\u00f3n de la causa del mal funcionamiento, d\u00e9ficit de mantenimiento o de fabricaci\u00f3n, puede provocar que la reclamaci\u00f3n deba tambi\u00e9n dirigirse contra el fabricante. En ocasiones pueden existir numerosos pacientes afectados hasta que el servicio m\u00e9dico detecte la aver\u00eda.\n<br><br>S\u00f3n exemples bistur\u00eds que funcionen malament, lents defectuoses, respiradors mal funcionants o pr\u00f2tesis en mal estat.<br><br>Dins d'aquest cap\u00edtol volem fer esment a la realitzaci\u00f3 de t\u00e8cniques mitjan\u00e7ant aparells per personal sense habilitaci\u00f3 professional per a aix\u00f2, desconeixent, per tant, el funcionament real de l'aparell, i creant-se un dany pel seu mal \u00fas, l'exemple caracter\u00edstic del qual el constitueixen intervencions de cirurgia pl\u00e0stica practicades per personal sense la deguda qualificaci\u00f3.\n<br><br>En aquest sentit, si heu patit danys causats per un mal \u00fas d'aparells m\u00e8dics podeu reclamar per aix\u00f2 i podem ser els vostres advocats experts en neglig\u00e8ncies m\u00e8diques a Barcelona que reclamin els danys patits pel mal \u00fas d'aparells m\u00e8dics.<br><br>Vemos este tipo de da\u00f1o asociado con frecuencia a lesiones nerviosas producidas en cirug\u00eda traumatol\u00f3gica, tanto en el Hospital Universitari Parc Taul\u00ed \u2014que cuenta con unidades de referencia en politraumatismos y reimplantaciones\u2014 como en el Hospital Quir\u00f3nsalud del Vall\u00e8s, centrado en cirug\u00eda traumatol\u00f3gica y ortop\u00e9dica en el \u00e1mbito privado.<\/a><\/p>\t\t\t\t<\/div>\n\t\t\t\t<\/div>\n\t\t\t\t<div class=\"elementor-element elementor-element-83eaf26 elementor-align-center elementor-widget elementor-widget-button\" data-id=\"83eaf26\" data-element_type=\"widget\" data-e-type=\"widget\" data-widget_type=\"button.default\">\n\t\t\t\t<div class=\"elementor-widget-container\">\n\t\t\t\t\t\t\t\t\t<div class=\"elementor-button-wrapper\">\n\t\t\t\t\t<a class=\"elementor-button elementor-button-link elementor-size-sm\" href=\"tel:%20%20+93%20655%2031%2070\">\n\t\t\t\t\t\t<span class=\"elementor-button-content-wrapper\">\n\t\t\t\t\t\t<span class=\"elementor-button-icon\">\n\t\t\t\t<i aria-hidden=\"true\" class=\"fas fa-phone-alt\"><\/i>\t\t\t<\/span>\n\t\t\t\t\t\t\t\t\t<span class=\"elementor-button-text\">ADVOCAT DANYS MAL \u00daS APARELL M\u00c8DIC<\/span>\n\t\t\t\t\t<\/span>\n\t\t\t\t\t<\/a>\n\t\t\t\t<\/div>\n\t\t\t\t\t\t\t\t<\/div>\n\t\t\t\t<\/div>\n\t\t\t\t\t<\/div>\n\t\t<\/div>\n\t\t\t\t<div class=\"elementor-column elementor-col-50 elementor-inner-column elementor-element elementor-element-47aa2c9\" data-id=\"47aa2c9\" data-element_type=\"column\" data-e-type=\"column\">\n\t\t\t<div class=\"elementor-widget-wrap elementor-element-populated\">\n\t\t\t\t\t\t<div class=\"elementor-element elementor-element-267f33c elementor-widget elementor-widget-menu-anchor\" data-id=\"267f33c\" data-element_type=\"widget\" data-e-type=\"widget\" data-widget_type=\"menu-anchor.default\">\n\t\t\t\t<div class=\"elementor-widget-container\">\n\t\t\t\t\t\t\t<div class=\"elementor-menu-anchor\" id=\"contagioshospitales\"><\/div>\n\t\t\t\t\t\t<\/div>\n\t\t\t\t<\/div>\n\t\t\t\t<div class=\"elementor-element elementor-element-947021e elementor-widget elementor-widget-image\" data-id=\"947021e\" data-element_type=\"widget\" data-e-type=\"widget\" data-widget_type=\"image.default\">\n\t\t\t\t<div class=\"elementor-widget-container\">\n\t\t\t\t\t\t\t\t\t\t\t\t\t\t\t<img loading=\"lazy\" decoding=\"async\" width=\"768\" height=\"575\" src=\"https:\/\/www.pallaresadvocats.com\/wp-content\/uploads\/2023\/08\/ai-generated-virus-bacteria-8183774-768x575.jpg\" class=\"attachment-medium_large size-medium_large wp-image-3437\" alt=\"Abogados especialistas en da\u00f1os causados por Contagios en Hospitales (Infecci\u00f3n Nosocomial)\" srcset=\"https:\/\/www.pallaresadvocats.com\/wp-content\/uploads\/2023\/08\/ai-generated-virus-bacteria-8183774-768x575.jpg 768w, https:\/\/www.pallaresadvocats.com\/wp-content\/uploads\/2023\/08\/ai-generated-virus-bacteria-8183774-300x225.jpg 300w, https:\/\/www.pallaresadvocats.com\/wp-content\/uploads\/2023\/08\/ai-generated-virus-bacteria-8183774-1024x766.jpg 1024w, https:\/\/www.pallaresadvocats.com\/wp-content\/uploads\/2023\/08\/ai-generated-virus-bacteria-8183774-16x12.jpg 16w, https:\/\/www.pallaresadvocats.com\/wp-content\/uploads\/2023\/08\/ai-generated-virus-bacteria-8183774-e1692468098472.jpg 640w\" sizes=\"(max-width: 768px) 100vw, 768px\" \/>\t\t\t\t\t\t\t\t\t\t\t\t\t\t\t<\/div>\n\t\t\t\t<\/div>\n\t\t\t\t<div class=\"elementor-element elementor-element-33f74d0 elementor-widget elementor-widget-heading\" data-id=\"33f74d0\" data-element_type=\"widget\" data-e-type=\"widget\" data-widget_type=\"heading.default\">\n\t\t\t\t<div class=\"elementor-widget-container\">\n\t\t\t\t\t<h2 class=\"elementor-heading-title elementor-size-default\">Abogados negligencias m\u00e9dicas Sabadell.<br> Contagis a Hospitals <\/h2>\t\t\t\t<\/div>\n\t\t\t\t<\/div>\n\t\t\t\t<div class=\"elementor-element elementor-element-317cd72 elementor-widget-divider--view-line elementor-widget elementor-widget-divider\" data-id=\"317cd72\" data-element_type=\"widget\" data-e-type=\"widget\" data-widget_type=\"divider.default\">\n\t\t\t\t<div class=\"elementor-widget-container\">\n\t\t\t\t\t\t\t<div class=\"elementor-divider\">\n\t\t\t<span class=\"elementor-divider-separator\">\n\t\t\t\t\t\t<\/span>\n\t\t<\/div>\n\t\t\t\t\t\t<\/div>\n\t\t\t\t<\/div>\n\t\t\t\t<div class=\"elementor-element elementor-element-331cb66 elementor-widget elementor-widget-heading\" data-id=\"331cb66\" data-element_type=\"widget\" data-e-type=\"widget\" data-widget_type=\"heading.default\">\n\t\t\t\t<div class=\"elementor-widget-container\">\n\t\t\t\t\t<p class=\"elementor-heading-title elementor-size-default\">El contagi d'un germen per part d'un pacient pot resultar un fet catastr\u00f2fic que faci malb\u00e9 amb intervencions quir\u00fargiques o posi en perill la vida del pacient que est\u00e0 ingressat. <br><br>\u00c9s per aix\u00f2 que els hospitals han de posar tots els mitjans per evitar els contagis hospitalaris tot i que tamb\u00e9 \u00e9s cert que la ci\u00e8ncia m\u00e8dica actualment ent\u00e9n que hi ha un reducte impossible d'eradicar de contagis als mitjans hospitalaris del primer m\u00f3n. \n<br><br>Els jutjats i els tribunals espanyols sostenen que el pacient que est\u00e0 a cura d'un hospital no ha de suportar les conseq\u00fc\u00e8ncies d'un contagi i que aquestes han de ser indemnitzades, llevat que el servei m\u00e8dic acrediti que es van complir totes aquelles mesures tendents a evitar-ho. Davant d'un contagi, el primer que caldr\u00e0 investigar \u00e9s si el germen realment pertany a l'hospital. <br><br>De vegades, cal tenir en compte que els efectes cl\u00ednics d'un contagi poden ser diferits en el temps, quan el pacient es troba al seu domicili. Ens referim a reservoris de g\u00e8rmens instaurats en pr\u00f2tesis traumatol\u00f2giques o als propis ossos del pacient adquirint forma d'osteomielitis.\n<br><br>Aix\u00ed, si vost\u00e8 ha patit danys derivats d'una infecci\u00f3 hospital\u00e0ria, pot reclamar per aix\u00f2 i creiem que podem ser els seus advocats experts en neglig\u00e8ncies m\u00e8diques a Barcelona que reclamen aquests danys.<br><br>Las infecciones hospitalarias son una causa habitual de reclamaci\u00f3n tras ingresos en el Hospital Universitari Parc Taul\u00ed, el gran hospital p\u00fablico de referencia de Sabadell y de buena parte del Vall\u00e8s Occidental.<\/p>\t\t\t\t<\/div>\n\t\t\t\t<\/div>\n\t\t\t\t<div class=\"elementor-element elementor-element-9fdc6f3 elementor-align-center elementor-widget elementor-widget-button\" data-id=\"9fdc6f3\" data-element_type=\"widget\" data-e-type=\"widget\" data-widget_type=\"button.default\">\n\t\t\t\t<div class=\"elementor-widget-container\">\n\t\t\t\t\t\t\t\t\t<div class=\"elementor-button-wrapper\">\n\t\t\t\t\t<a class=\"elementor-button elementor-button-link elementor-size-sm\" href=\"tel:%20%20+93%20655%2031%2070\">\n\t\t\t\t\t\t<span class=\"elementor-button-content-wrapper\">\n\t\t\t\t\t\t<span class=\"elementor-button-icon\">\n\t\t\t\t<i aria-hidden=\"true\" class=\"fas fa-phone-alt\"><\/i>\t\t\t<\/span>\n\t\t\t\t\t\t\t\t\t<span class=\"elementor-button-text\">ADVOCAT DANYS PER INFECCI\u00d3 HOSPITAL\u00c0RIA<\/span>\n\t\t\t\t\t<\/span>\n\t\t\t\t\t<\/a>\n\t\t\t\t<\/div>\n\t\t\t\t\t\t\t\t<\/div>\n\t\t\t\t<\/div>\n\t\t\t\t\t<\/div>\n\t\t<\/div>\n\t\t\t\t\t<\/div>\n\t\t<\/section>\n\t\t\t\t<section class=\"elementor-section elementor-inner-section elementor-element elementor-element-fe2e0a3 elementor-section-full_width elementor-section-height-default elementor-section-height-default\" data-id=\"fe2e0a3\" data-element_type=\"section\" data-e-type=\"section\">\n\t\t\t\t\t\t<div class=\"elementor-container elementor-column-gap-default\">\n\t\t\t\t\t<div class=\"elementor-column elementor-col-50 elementor-inner-column elementor-element elementor-element-b22a11e\" data-id=\"b22a11e\" data-element_type=\"column\" data-e-type=\"column\">\n\t\t\t<div class=\"elementor-widget-wrap elementor-element-populated\">\n\t\t\t\t\t\t<div class=\"elementor-element elementor-element-2d776ac elementor-widget elementor-widget-menu-anchor\" data-id=\"2d776ac\" data-element_type=\"widget\" data-e-type=\"widget\" data-widget_type=\"menu-anchor.default\">\n\t\t\t\t<div class=\"elementor-widget-container\">\n\t\t\t\t\t\t\t<div class=\"elementor-menu-anchor\" id=\"erroresquirofano\"><\/div>\n\t\t\t\t\t\t<\/div>\n\t\t\t\t<\/div>\n\t\t\t\t<div class=\"elementor-element elementor-element-4436a9b elementor-widget elementor-widget-image\" data-id=\"4436a9b\" data-element_type=\"widget\" data-e-type=\"widget\" data-widget_type=\"image.default\">\n\t\t\t\t<div class=\"elementor-widget-container\">\n\t\t\t\t\t\t\t\t\t\t\t\t\t\t\t<img loading=\"lazy\" decoding=\"async\" width=\"768\" height=\"273\" src=\"https:\/\/www.pallaresadvocats.com\/wp-content\/uploads\/2023\/08\/quirofano-768x273.jpg\" class=\"attachment-medium_large size-medium_large wp-image-3426\" alt=\"Abogados especialistas en reclamar da\u00f1os causados por errores en el quir\u00f3fano\" srcset=\"https:\/\/www.pallaresadvocats.com\/wp-content\/uploads\/2023\/08\/quirofano-768x273.jpg 768w, https:\/\/www.pallaresadvocats.com\/wp-content\/uploads\/2023\/08\/quirofano-300x107.jpg 300w, https:\/\/www.pallaresadvocats.com\/wp-content\/uploads\/2023\/08\/quirofano-1024x364.jpg 1024w, https:\/\/www.pallaresadvocats.com\/wp-content\/uploads\/2023\/08\/quirofano-18x6.jpg 18w, https:\/\/www.pallaresadvocats.com\/wp-content\/uploads\/2023\/08\/quirofano.jpg 1408w\" sizes=\"(max-width: 768px) 100vw, 768px\" \/>\t\t\t\t\t\t\t\t\t\t\t\t\t\t\t<\/div>\n\t\t\t\t<\/div>\n\t\t\t\t<div class=\"elementor-element elementor-element-af24198 elementor-widget elementor-widget-heading\" data-id=\"af24198\" data-element_type=\"widget\" data-e-type=\"widget\" data-widget_type=\"heading.default\">\n\t\t\t\t<div class=\"elementor-widget-container\">\n\t\t\t\t\t<h2 class=\"elementor-heading-title elementor-size-default\">Abogados negligencias m\u00e9dicas Sabadell.<br>Errors al quir\u00f2fan<\/h2>\t\t\t\t<\/div>\n\t\t\t\t<\/div>\n\t\t\t\t<div class=\"elementor-element elementor-element-10ad53f elementor-widget-divider--view-line elementor-widget elementor-widget-divider\" data-id=\"10ad53f\" data-element_type=\"widget\" data-e-type=\"widget\" data-widget_type=\"divider.default\">\n\t\t\t\t<div class=\"elementor-widget-container\">\n\t\t\t\t\t\t\t<div class=\"elementor-divider\">\n\t\t\t<span class=\"elementor-divider-separator\">\n\t\t\t\t\t\t<\/span>\n\t\t<\/div>\n\t\t\t\t\t\t<\/div>\n\t\t\t\t<\/div>\n\t\t\t\t<div class=\"elementor-element elementor-element-2cb9692 elementor-widget elementor-widget-heading\" data-id=\"2cb9692\" data-element_type=\"widget\" data-e-type=\"widget\" data-widget_type=\"heading.default\">\n\t\t\t\t<div class=\"elementor-widget-container\">\n\t\t\t\t\t<p class=\"elementor-heading-title elementor-size-default\"><a href=\"https:\/\/www.abogadonegligenciamedica.eu\/negligencias-en-ginecologia-embarazo-y-partos\/\">Els danys causats durant intervencions quir\u00fargiques suposen l'aparici\u00f3 de lesions alienes als riscos normals que comporta l'operaci\u00f3, o que els riscos contemplats siguin causats per una mala t\u00e8cnica quir\u00fargica, o un tractament deficient de les complicacions en el postoperatori. <br><br>Avui dia \u00e9s molt generalitzat l'\u00fas de formularis espec\u00edfics de consentiment per a intervencions quir\u00fargiques on v\u00e9nen constatats tota mena de riscos a qu\u00e8 se sotmet el pacient. Aquests riscos s\u00f3n coneguts per la ci\u00e8ncia m\u00e8dica, tant estad\u00edsticament com en la seva g\u00e8nesi.<br><br>Tot i aix\u00f2, aquest tipus de consentiments no suposa que el pacient hagi d'assumir les conseq\u00fc\u00e8ncies de la realitzaci\u00f3 d'una mala t\u00e8cnica quir\u00fargica. Davant l'aparici\u00f3 d'una lesi\u00f3 inopinada caldr\u00e0 analitzar pas a pas el que va passar al quir\u00f2fan, basant-se, en la majoria dels sup\u00f2sits, en els fulls de protocol quir\u00fargic i anest\u00e8sia, aix\u00ed com els passos te\u00f2rics de la intervenci\u00f3, tot aix\u00f2 sota criteris pericials.<br><br>L'oblit de material quir\u00fargic a l'interior del pacient compleix els requisits de responsabilitat; agulles, bistur\u00eds, gases mal comptades, que poden ser descoberts de manera gaireb\u00e9 immediata per la pres\u00e8ncia d'infeccions o amb seq\u00fceles diferides en el temps, amb cl\u00edniques doloroses i el risc inherent cap a estructures ve\u00efnes; a m\u00e9s de la necessitat de reintervencions per extreure'ls.\n<br><br>La responsabilitat per danys quir\u00fargics pot veure's augmentada per un mal seguiment postoperatori, sense fer cas de s\u00edmptomes que presenta el pacient propis d'una complicaci\u00f3 operat\u00f2ria, i que el servei m\u00e8dic confia que es tracta d'una evoluci\u00f3 normal; en aquests casos en qu\u00e8 el deteriorament del pacient \u00e9s franc i no se n'investiga la causa, la responsabilitat pot n\u00e9ixer no d'una intervenci\u00f3 practicada conforme a la lex artis, encara que amb complicacions, sin\u00f3 de la manca d'activitat per descobrir-les i tractar-les en el seguiment posterior.<br><br>Altres vegades ens trobarem amb seq\u00fceles que ni tan sols estan descrites en la ci\u00e8ncia m\u00e8dica com a riscos normals d'una intervenci\u00f3. Aqu\u00ed entra en joc la doctrina del dany desproporcionat, entenent que s'ha de declarar la responsabilitat sobre una seq\u00fcela desproporcionada al tipus d'intervenci\u00f3 llevat que se n'aclareixi la g\u00e8nesi dins una bona praxi m\u00e8dica; la cosa parla per si mateixa.<br><br>Qui, malauradament, ha patit danys causats per errors o descuits durant una intervenci\u00f3 quir\u00fargica, pot reclamar per aix\u00f2 i podem ser els seus advocats experts en neglig\u00e8ncies m\u00e8diques a Barcelona que reclamin aquests danys.<br><br>En Sabadell tramitamos reclamaciones derivadas de complicaciones tras cirug\u00eda en el Hospital Universitari Parc Taul\u00ed, as\u00ed como de cirug\u00eda general y complicaciones postoperatorias en el Hospital Quir\u00f3nsalud del Vall\u00e8s.<\/a><\/p>\t\t\t\t<\/div>\n\t\t\t\t<\/div>\n\t\t\t\t<div class=\"elementor-element elementor-element-bb41d70 elementor-align-center elementor-widget elementor-widget-button\" data-id=\"bb41d70\" data-element_type=\"widget\" data-e-type=\"widget\" data-widget_type=\"button.default\">\n\t\t\t\t<div class=\"elementor-widget-container\">\n\t\t\t\t\t\t\t\t\t<div class=\"elementor-button-wrapper\">\n\t\t\t\t\t<a class=\"elementor-button elementor-button-link elementor-size-sm\" href=\"tel:%20%20+93%20655%2031%2070\">\n\t\t\t\t\t\t<span class=\"elementor-button-content-wrapper\">\n\t\t\t\t\t\t<span class=\"elementor-button-icon\">\n\t\t\t\t<i aria-hidden=\"true\" class=\"fas fa-phone-alt\"><\/i>\t\t\t<\/span>\n\t\t\t\t\t\t\t\t\t<span class=\"elementor-button-text\">ADVOCAT DANYS CAUSATS AL QUIR\u00d2FAN<\/span>\n\t\t\t\t\t<\/span>\n\t\t\t\t\t<\/a>\n\t\t\t\t<\/div>\n\t\t\t\t\t\t\t\t<\/div>\n\t\t\t\t<\/div>\n\t\t\t\t\t<\/div>\n\t\t<\/div>\n\t\t\t\t<div class=\"elementor-column elementor-col-50 elementor-inner-column elementor-element elementor-element-f7eebec\" data-id=\"f7eebec\" data-element_type=\"column\" data-e-type=\"column\">\n\t\t\t<div class=\"elementor-widget-wrap elementor-element-populated\">\n\t\t\t\t\t\t<div class=\"elementor-element elementor-element-9bc309a elementor-widget elementor-widget-menu-anchor\" data-id=\"9bc309a\" data-element_type=\"widget\" data-e-type=\"widget\" data-widget_type=\"menu-anchor.default\">\n\t\t\t\t<div class=\"elementor-widget-container\">\n\t\t\t\t\t\t\t<div class=\"elementor-menu-anchor\" id=\"daoanestesia\"><\/div>\n\t\t\t\t\t\t<\/div>\n\t\t\t\t<\/div>\n\t\t\t\t<div class=\"elementor-element elementor-element-190bbae elementor-widget elementor-widget-image\" data-id=\"190bbae\" data-element_type=\"widget\" data-e-type=\"widget\" data-widget_type=\"image.default\">\n\t\t\t\t<div class=\"elementor-widget-container\">\n\t\t\t\t\t\t\t\t\t\t\t\t\t\t\t<img loading=\"lazy\" decoding=\"async\" width=\"768\" height=\"273\" src=\"https:\/\/www.pallaresadvocats.com\/wp-content\/uploads\/2023\/08\/anestesia-768x273.jpg\" class=\"attachment-medium_large size-medium_large wp-image-3427\" alt=\"Abogados especialistas en da\u00f1os causados por Anestesia o otros medicamentos\" srcset=\"https:\/\/www.pallaresadvocats.com\/wp-content\/uploads\/2023\/08\/anestesia-768x273.jpg 768w, https:\/\/www.pallaresadvocats.com\/wp-content\/uploads\/2023\/08\/anestesia-300x107.jpg 300w, https:\/\/www.pallaresadvocats.com\/wp-content\/uploads\/2023\/08\/anestesia-1024x364.jpg 1024w, https:\/\/www.pallaresadvocats.com\/wp-content\/uploads\/2023\/08\/anestesia-18x6.jpg 18w, https:\/\/www.pallaresadvocats.com\/wp-content\/uploads\/2023\/08\/anestesia.jpg 1408w\" sizes=\"(max-width: 768px) 100vw, 768px\" \/>\t\t\t\t\t\t\t\t\t\t\t\t\t\t\t<\/div>\n\t\t\t\t<\/div>\n\t\t\t\t<div class=\"elementor-element elementor-element-359eb16 elementor-widget elementor-widget-heading\" data-id=\"359eb16\" data-element_type=\"widget\" data-e-type=\"widget\" data-widget_type=\"heading.default\">\n\t\t\t\t<div class=\"elementor-widget-container\">\n\t\t\t\t\t<h2 class=\"elementor-heading-title elementor-size-default\">Abogados negligencias m\u00e9dicas Sabadell.<br> Da\u00f1os por Anestesia o medicamentos <\/h2>\t\t\t\t<\/div>\n\t\t\t\t<\/div>\n\t\t\t\t<div class=\"elementor-element elementor-element-c48943d elementor-widget-divider--view-line elementor-widget elementor-widget-divider\" data-id=\"c48943d\" data-element_type=\"widget\" data-e-type=\"widget\" data-widget_type=\"divider.default\">\n\t\t\t\t<div class=\"elementor-widget-container\">\n\t\t\t\t\t\t\t<div class=\"elementor-divider\">\n\t\t\t<span class=\"elementor-divider-separator\">\n\t\t\t\t\t\t<\/span>\n\t\t<\/div>\n\t\t\t\t\t\t<\/div>\n\t\t\t\t<\/div>\n\t\t\t\t<div class=\"elementor-element elementor-element-edd9fe3 elementor-widget elementor-widget-heading\" data-id=\"edd9fe3\" data-element_type=\"widget\" data-e-type=\"widget\" data-widget_type=\"heading.default\">\n\t\t\t\t<div class=\"elementor-widget-container\">\n\t\t\t\t\t<p class=\"elementor-heading-title elementor-size-default\">Neglig\u00e8ncia durant l'anest\u00e8sia i reanimaci\u00f3 i reaccions adverses a f\u00e0rmacs: S\u00f3n dos grans subgrups de reclamacions que hi estan vinculades.<br><br>Pel que fa a l'activitat purament anest\u00e8sica, les reclamacions solen sorgir per l'abs\u00e8ncia d'anestesista durant intervencions que es consideren senzilles, per\u00f2 que cursen amb complicacions sense que l'equip quir\u00fargic pugui reaccionar a temps davant de la falta del professional. \n<br><br>D'altra banda, els medicaments poden causar danys, ja sigui per una prescripci\u00f3 equivocada del principi actiu o de la dosi o b\u00e9 per reaccions adverses que poden anar des de la lleugeresa fins a un xoc anafil\u00e0ctic amb comprom\u00eds vital.<br><br>Els anestesistes i en general tots els metges estan exposats que un f\u00e0rmac pautat pugui provocar una reacci\u00f3 al\u00b7l\u00e8rgica al pacient. <br><br>Els tribunals han anat variant la seva postura acollint de vegades la responsabilitat objectiva per aquest fet i altres vegades considerant-ho un fet imprevisible, per\u00f2, forma part de les dades que s'han de demanar de tot pacient, (anamnesi), el coneixement de si \u00e9s al\u00b7l\u00e8rgic a algun f\u00e0rmac. \n<br><br>Altres vegades, la reacci\u00f3 adversa sorgeix d'una dosificaci\u00f3 deficient del f\u00e0rmac o producte que es prescriu o administra, de la seva mala administraci\u00f3 o, fins i tot de partides defectuoses del propi medicament en qu\u00e8 de vegades s'anteposen interessos econ\u00f2mics a criteris sanitaris o de prioritat de la salut de les persones.<br><br>\nUn exc\u00e9s de dosi o fer cas om\u00eds de les pautes suggerides pel fabricant i dipositades i aprovades per lAg\u00e8ncia Espanyola de Medicaments i Productes Sanitaris. <br><br>Tamb\u00e9 es pot deure la reacci\u00f3 adversa a no haver-se tingut en compte interaccions amb altres medicaments. Tot plegat crea reclamacions i responsabilitats.<br><br>En cas que vost\u00e8 ha patit danys causats durant l'anest\u00e8sia o la reanimaci\u00f3 o pels afectes adversos d'un f\u00e0rmac, ha de saber que vost\u00e8 pot reclamar per aix\u00f2 i podem ser els seus advocats experts en neglig\u00e8ncies m\u00e8diques a Barcelona que reclamin els danys patits durant l'anest\u00e8sia o la reanimaci\u00f3 o pels afectes adversos d'un f\u00e0rmac<br><br>Los da\u00f1os relacionados con la anestesia y la reanimaci\u00f3n son un motivo de reclamaci\u00f3n recurrente en intervenciones quir\u00fargicas realizadas tanto en el Hospital Universitari Parc Taul\u00ed como en el Hospital Quir\u00f3nsalud del Vall\u00e8s.<\/p>\t\t\t\t<\/div>\n\t\t\t\t<\/div>\n\t\t\t\t<div class=\"elementor-element elementor-element-3037a23 elementor-align-center elementor-widget elementor-widget-button\" data-id=\"3037a23\" data-element_type=\"widget\" data-e-type=\"widget\" data-widget_type=\"button.default\">\n\t\t\t\t<div class=\"elementor-widget-container\">\n\t\t\t\t\t\t\t\t\t<div class=\"elementor-button-wrapper\">\n\t\t\t\t\t<a class=\"elementor-button elementor-button-link elementor-size-sm\" href=\"tel:%20%20+93%20655%2031%2070\">\n\t\t\t\t\t\t<span class=\"elementor-button-content-wrapper\">\n\t\t\t\t\t\t<span class=\"elementor-button-icon\">\n\t\t\t\t<i aria-hidden=\"true\" class=\"fas fa-phone-alt\"><\/i>\t\t\t<\/span>\n\t\t\t\t\t\t\t\t\t<span class=\"elementor-button-text\">ADVOCAT DANYS PER ANEST\u00c8SIA O MEDICAMENTS<\/span>\n\t\t\t\t\t<\/span>\n\t\t\t\t\t<\/a>\n\t\t\t\t<\/div>\n\t\t\t\t\t\t\t\t<\/div>\n\t\t\t\t<\/div>\n\t\t\t\t\t<\/div>\n\t\t<\/div>\n\t\t\t\t\t<\/div>\n\t\t<\/section>\n\t\t\t\t<section class=\"elementor-section elementor-inner-section elementor-element elementor-element-50d9975 elementor-section-full_width elementor-section-height-default elementor-section-height-default\" data-id=\"50d9975\" data-element_type=\"section\" data-e-type=\"section\">\n\t\t\t\t\t\t<div class=\"elementor-container elementor-column-gap-default\">\n\t\t\t\t\t<div class=\"elementor-column elementor-col-50 elementor-inner-column elementor-element elementor-element-e7de6f5\" data-id=\"e7de6f5\" data-element_type=\"column\" data-e-type=\"column\">\n\t\t\t<div class=\"elementor-widget-wrap elementor-element-populated\">\n\t\t\t\t\t\t<div class=\"elementor-element elementor-element-0790296 elementor-widget elementor-widget-menu-anchor\" data-id=\"0790296\" data-element_type=\"widget\" data-e-type=\"widget\" data-widget_type=\"menu-anchor.default\">\n\t\t\t\t<div class=\"elementor-widget-container\">\n\t\t\t\t\t\t\t<div class=\"elementor-menu-anchor\" id=\"daoslistadeespera\"><\/div>\n\t\t\t\t\t\t<\/div>\n\t\t\t\t<\/div>\n\t\t\t\t<div class=\"elementor-element elementor-element-da883e7 elementor-widget elementor-widget-image\" data-id=\"da883e7\" data-element_type=\"widget\" data-e-type=\"widget\" data-widget_type=\"image.default\">\n\t\t\t\t<div class=\"elementor-widget-container\">\n\t\t\t\t\t\t\t\t\t\t\t\t\t\t\t<img loading=\"lazy\" decoding=\"async\" width=\"768\" height=\"273\" src=\"https:\/\/www.pallaresadvocats.com\/wp-content\/uploads\/2023\/08\/calendari-768x273.jpg\" class=\"attachment-medium_large size-medium_large wp-image-3428\" alt=\"Abogados especialistas en reclamar da\u00f1os causados listas de espera\" srcset=\"https:\/\/www.pallaresadvocats.com\/wp-content\/uploads\/2023\/08\/calendari-768x273.jpg 768w, https:\/\/www.pallaresadvocats.com\/wp-content\/uploads\/2023\/08\/calendari-300x107.jpg 300w, https:\/\/www.pallaresadvocats.com\/wp-content\/uploads\/2023\/08\/calendari-1024x364.jpg 1024w, https:\/\/www.pallaresadvocats.com\/wp-content\/uploads\/2023\/08\/calendari-18x6.jpg 18w, https:\/\/www.pallaresadvocats.com\/wp-content\/uploads\/2023\/08\/calendari.jpg 1408w\" sizes=\"(max-width: 768px) 100vw, 768px\" \/>\t\t\t\t\t\t\t\t\t\t\t\t\t\t\t<\/div>\n\t\t\t\t<\/div>\n\t\t\t\t<div class=\"elementor-element elementor-element-775a175 elementor-widget elementor-widget-heading\" data-id=\"775a175\" data-element_type=\"widget\" data-e-type=\"widget\" data-widget_type=\"heading.default\">\n\t\t\t\t<div class=\"elementor-widget-container\">\n\t\t\t\t\t<h2 class=\"elementor-heading-title elementor-size-default\">Abogados negligencias m\u00e9dicas Sabadell.<br>Danys per llistes d'espera<\/h2>\t\t\t\t<\/div>\n\t\t\t\t<\/div>\n\t\t\t\t<div class=\"elementor-element elementor-element-c084aed elementor-widget-divider--view-line elementor-widget elementor-widget-divider\" data-id=\"c084aed\" data-element_type=\"widget\" data-e-type=\"widget\" data-widget_type=\"divider.default\">\n\t\t\t\t<div class=\"elementor-widget-container\">\n\t\t\t\t\t\t\t<div class=\"elementor-divider\">\n\t\t\t<span class=\"elementor-divider-separator\">\n\t\t\t\t\t\t<\/span>\n\t\t<\/div>\n\t\t\t\t\t\t<\/div>\n\t\t\t\t<\/div>\n\t\t\t\t<div class=\"elementor-element elementor-element-a71d9c2 elementor-widget elementor-widget-heading\" data-id=\"a71d9c2\" data-element_type=\"widget\" data-e-type=\"widget\" data-widget_type=\"heading.default\">\n\t\t\t\t<div class=\"elementor-widget-container\">\n\t\t\t\t\t<p class=\"elementor-heading-title elementor-size-default\"><a href=\"https:\/\/www.abogadonegligenciamedica.eu\/negligencias-en-ginecologia-embarazo-y-partos\/\">El sistema de llistes d'espera i demores en el tractament als sistemes sanitaris \u00e9s motivat per la limitaci\u00f3 de mitjans disponibles davant de les c\u00e0rregues assistencials. Una gesti\u00f3 millor o pitjor dels recursos, sens dubte escur\u00e7ar\u00e0 o allargar\u00e0 els terminis d'espera.\n<br><br>Les llistes despera en qu\u00e8 sinclou el pacient dependr\u00e0 del tipus de patologia dacord amb criteris legalment establerts.<br><br>El m\u00e9s rellevant pel que fa a les reclamacions \u00e9s el sup\u00f2sit en qu\u00e8 ens trobem amb un malalt greu, d'una patologia potencialment mortal, i \u00e9s incl\u00f2s en un sistema de llistes d'espera. Si hem de suposar que a l'\u00ednterin el pacient mor de la patologia de la qual seria intervingut el propi sentit com\u00fa ens diu que alguna cosa ha fallat en el sistema.\n<br><br>I \u00e9s que all\u00f2 que interessa a la curaci\u00f3 de malalties s\u00f3n els mitjans terap\u00e8utics, casant molt malament amb les tramitacions burocr\u00e0tiques. Un aneurisma, per exemple, no ent\u00e9n de llistes d'espera.\n<br><br>En aquest tipus de reclamacions no s'ha de q\u00fcestionar el sistema com a tal, ja que com hem dit deriva de la limitaci\u00f3 de mitjans; cal atacar la inclusi\u00f3 del pacient a la llista d'espera quan la seva patologia requeria una actitud terap\u00e8utica urgent.<br><br>Aquest tipus de q\u00fcestions entren directament amb la responsabilitat per demores en el tractament que no tenen justificaci\u00f3 en les necessitats del pacient, sin\u00f3 potser en els ritmes propis del servei, i que suposen un error en la valoraci\u00f3 del pacient i la seva necessitat de tractament en temps determinat.\n<br><br>Per aix\u00f2, si heu patit danys causats per una demora a conseq\u00fc\u00e8ncia de les llistes d'espera, podeu reclamar per aix\u00f2 i nosaltres podem ser els seus advocats experts en neglig\u00e8ncies m\u00e8diques a Barcelona que reclamin els danys patits pel dany causat per llistes d'espera<br><br>En la red p\u00fablica de Sabadell y el Vall\u00e8s Occidental, cuyo hospital de referencia es el Hospital Universitari Parc Taul\u00ed, una demora excesiva en listas de espera puede agravar patolog\u00edas oncol\u00f3gicas, traumatol\u00f3gicas o cardiovasculares hasta convertir un retraso administrativo en un da\u00f1o irreversible para el paciente.<\/a><\/p>\t\t\t\t<\/div>\n\t\t\t\t<\/div>\n\t\t\t\t<div class=\"elementor-element elementor-element-3e81ccc elementor-align-center elementor-widget elementor-widget-button\" data-id=\"3e81ccc\" data-element_type=\"widget\" data-e-type=\"widget\" data-widget_type=\"button.default\">\n\t\t\t\t<div class=\"elementor-widget-container\">\n\t\t\t\t\t\t\t\t\t<div class=\"elementor-button-wrapper\">\n\t\t\t\t\t<a class=\"elementor-button elementor-button-link elementor-size-sm\" href=\"tel:%20%20+93%20655%2031%2070\">\n\t\t\t\t\t\t<span class=\"elementor-button-content-wrapper\">\n\t\t\t\t\t\t<span class=\"elementor-button-icon\">\n\t\t\t\t<i aria-hidden=\"true\" class=\"fas fa-phone-alt\"><\/i>\t\t\t<\/span>\n\t\t\t\t\t\t\t\t\t<span class=\"elementor-button-text\">Abogado da\u00f1os causados listas de espera<\/span>\n\t\t\t\t\t<\/span>\n\t\t\t\t\t<\/a>\n\t\t\t\t<\/div>\n\t\t\t\t\t\t\t\t<\/div>\n\t\t\t\t<\/div>\n\t\t\t\t\t<\/div>\n\t\t<\/div>\n\t\t\t\t<div class=\"elementor-column elementor-col-50 elementor-inner-column elementor-element elementor-element-618d6a4\" data-id=\"618d6a4\" data-element_type=\"column\" data-e-type=\"column\">\n\t\t\t<div class=\"elementor-widget-wrap elementor-element-populated\">\n\t\t\t\t\t\t<div class=\"elementor-element elementor-element-432e143 elementor-widget elementor-widget-menu-anchor\" data-id=\"432e143\" data-element_type=\"widget\" data-e-type=\"widget\" data-widget_type=\"menu-anchor.default\">\n\t\t\t\t<div class=\"elementor-widget-container\">\n\t\t\t\t\t\t\t<div class=\"elementor-menu-anchor\" id=\"daoserroresdiagnostico\"><\/div>\n\t\t\t\t\t\t<\/div>\n\t\t\t\t<\/div>\n\t\t\t\t<div class=\"elementor-element elementor-element-228b540 elementor-widget elementor-widget-image\" data-id=\"228b540\" data-element_type=\"widget\" data-e-type=\"widget\" data-widget_type=\"image.default\">\n\t\t\t\t<div class=\"elementor-widget-container\">\n\t\t\t\t\t\t\t\t\t\t\t\t\t\t\t<img loading=\"lazy\" decoding=\"async\" width=\"768\" height=\"273\" src=\"https:\/\/www.pallaresadvocats.com\/wp-content\/uploads\/2023\/08\/error-medico-768x273.jpg\" class=\"attachment-medium_large size-medium_large wp-image-3429\" alt=\"Abogados especialistas en da\u00f1os causados por errores de diagn\u00f3stico\" srcset=\"https:\/\/www.pallaresadvocats.com\/wp-content\/uploads\/2023\/08\/error-medico-768x273.jpg 768w, https:\/\/www.pallaresadvocats.com\/wp-content\/uploads\/2023\/08\/error-medico-300x107.jpg 300w, https:\/\/www.pallaresadvocats.com\/wp-content\/uploads\/2023\/08\/error-medico-1024x364.jpg 1024w, https:\/\/www.pallaresadvocats.com\/wp-content\/uploads\/2023\/08\/error-medico-18x6.jpg 18w, https:\/\/www.pallaresadvocats.com\/wp-content\/uploads\/2023\/08\/error-medico.jpg 1408w\" sizes=\"(max-width: 768px) 100vw, 768px\" \/>\t\t\t\t\t\t\t\t\t\t\t\t\t\t\t<\/div>\n\t\t\t\t<\/div>\n\t\t\t\t<div class=\"elementor-element elementor-element-1bbf44f elementor-widget elementor-widget-heading\" data-id=\"1bbf44f\" data-element_type=\"widget\" data-e-type=\"widget\" data-widget_type=\"heading.default\">\n\t\t\t\t<div class=\"elementor-widget-container\">\n\t\t\t\t\t<h2 class=\"elementor-heading-title elementor-size-default\">Abogados negligencias m\u00e9dicas Sabadell.<br> Danys per errors de diagn\u00f2stic<\/h2>\t\t\t\t<\/div>\n\t\t\t\t<\/div>\n\t\t\t\t<div class=\"elementor-element elementor-element-c78bb1f elementor-widget-divider--view-line elementor-widget elementor-widget-divider\" data-id=\"c78bb1f\" data-element_type=\"widget\" data-e-type=\"widget\" data-widget_type=\"divider.default\">\n\t\t\t\t<div class=\"elementor-widget-container\">\n\t\t\t\t\t\t\t<div class=\"elementor-divider\">\n\t\t\t<span class=\"elementor-divider-separator\">\n\t\t\t\t\t\t<\/span>\n\t\t<\/div>\n\t\t\t\t\t\t<\/div>\n\t\t\t\t<\/div>\n\t\t\t\t<div class=\"elementor-element elementor-element-cff82c2 elementor-widget elementor-widget-heading\" data-id=\"cff82c2\" data-element_type=\"widget\" data-e-type=\"widget\" data-widget_type=\"heading.default\">\n\t\t\t\t<div class=\"elementor-widget-container\">\n\t\t\t\t\t<p class=\"elementor-heading-title elementor-size-default\">En puritat l'error de diagn\u00f2stic no es pot considerar generador de responsabilitat ja que la ci\u00e8ncia m\u00e8dica no \u00e9s una ci\u00e8ncia exacta. <br><br>El que s\u00ed que genera responsabilitat, i per tant reclamacions, \u00e9s l'error de diagn\u00f2stic fonamentat en la no realitzaci\u00f3 de proves diagn\u00f2stiques que, atesa la cl\u00ednica i simptomatologia del pacient, estaven indicades realitzar.<br><br>D'una banda, els errors de diagn\u00f2stic es defineixen com aquell diagn\u00f2stic que \u201cva ser posposat en forma no intencional, va ser incorrecte o no va ser realitzat\u201d, \u00e9s a dir, s\u00f3n inherents a la pr\u00e0ctica de la medicina, de manera que l'\u00fanic que se'ls pot fer exigir als professionals \u00e9s que compleixin tots els protocols establerts per a cada cas i duguin a terme les comprovacions i controls que siguin necessaris de cara a reduir al m\u00ednim possible el patiment del pacient.\n<br><br>Per\u00f2 hi ha un grup de reclamacions basades en l'error de diagn\u00f2stic tot i que aquestes proves es fessin. Suposen un error de car\u00e0cter groller, incompatible amb la per\u00edcia que se suposa a un metge que ha superat les proves curriculars per adquirir la seva titulaci\u00f3. <br><br>Exemple d'aix\u00f2 \u00e9s la lesi\u00f3 que apareix clarament en una placa radiogr\u00e0fica i que no obstant \u00e9s informada com a normal o sense patologia, evitant aix\u00ed el correcte diagn\u00f2stic. \n<br><br>Aquest tipus de dany \u00e9s propi dels serveis datenci\u00f3 prim\u00e0ria i especialitzada ambulat\u00f2ria; per\u00f2 tamb\u00e9 es produeixen en el context hospitalari en pacients que fa temps que estan hospitalitzats sense millora i sense saber que el seu diagn\u00f2stic \u00e9s erroni perqu\u00e8 s'arrossega un error de valoraci\u00f3 d'una prova que potser es va realitzar en els moments de l'ingr\u00e9s.\n<br><br>Si heu patit danys derivats d'un error de diagn\u00f2stic quan el Servei Sanitari disposava de mitjans per realitzar aquest diagn\u00f2stic correcte, podem ser els seus advocats experts en neglig\u00e8ncies m\u00e8diques a Barcelona per reclamar aquests danys.<br><br>En Sabadell, los errores en pruebas diagn\u00f3sticas y los retrasos en el diagn\u00f3stico son una casu\u00edstica que reclamamos tanto en el Hospital Universitari Parc Taul\u00ed como en el Hospital Quir\u00f3nsalud del Vall\u00e8s.<\/p>\t\t\t\t<\/div>\n\t\t\t\t<\/div>\n\t\t\t\t<div class=\"elementor-element elementor-element-70b962f elementor-align-center elementor-widget elementor-widget-button\" data-id=\"70b962f\" data-element_type=\"widget\" data-e-type=\"widget\" data-widget_type=\"button.default\">\n\t\t\t\t<div class=\"elementor-widget-container\">\n\t\t\t\t\t\t\t\t\t<div class=\"elementor-button-wrapper\">\n\t\t\t\t\t<a class=\"elementor-button elementor-button-link elementor-size-sm\" href=\"tel:%20%20+93%20655%2031%2070\">\n\t\t\t\t\t\t<span class=\"elementor-button-content-wrapper\">\n\t\t\t\t\t\t<span class=\"elementor-button-icon\">\n\t\t\t\t<i aria-hidden=\"true\" class=\"fas fa-phone-alt\"><\/i>\t\t\t<\/span>\n\t\t\t\t\t\t\t\t\t<span class=\"elementor-button-text\">ADVOCAT DANYS PER ERROR DE DIAGN\u00d2STIC<\/span>\n\t\t\t\t\t<\/span>\n\t\t\t\t\t<\/a>\n\t\t\t\t<\/div>\n\t\t\t\t\t\t\t\t<\/div>\n\t\t\t\t<\/div>\n\t\t\t\t\t<\/div>\n\t\t<\/div>\n\t\t\t\t\t<\/div>\n\t\t<\/section>\n\t\t\t\t<section class=\"elementor-section elementor-inner-section elementor-element elementor-element-2746199 elementor-section-full_width elementor-section-height-default elementor-section-height-default\" data-id=\"2746199\" data-element_type=\"section\" data-e-type=\"section\">\n\t\t\t\t\t\t<div class=\"elementor-container elementor-column-gap-default\">\n\t\t\t\t\t<div class=\"elementor-column elementor-col-50 elementor-inner-column elementor-element elementor-element-abea64d\" data-id=\"abea64d\" data-element_type=\"column\" data-e-type=\"column\">\n\t\t\t<div class=\"elementor-widget-wrap elementor-element-populated\">\n\t\t\t\t\t\t<div class=\"elementor-element elementor-element-fde960e elementor-widget elementor-widget-menu-anchor\" data-id=\"fde960e\" data-element_type=\"widget\" data-e-type=\"widget\" data-widget_type=\"menu-anchor.default\">\n\t\t\t\t<div class=\"elementor-widget-container\">\n\t\t\t\t\t\t\t<div class=\"elementor-menu-anchor\" id=\"negligenciaoncologica\"><\/div>\n\t\t\t\t\t\t<\/div>\n\t\t\t\t<\/div>\n\t\t\t\t<div class=\"elementor-element elementor-element-4dc05a3 elementor-widget elementor-widget-image\" data-id=\"4dc05a3\" data-element_type=\"widget\" data-e-type=\"widget\" data-widget_type=\"image.default\">\n\t\t\t\t<div class=\"elementor-widget-container\">\n\t\t\t\t\t\t\t\t\t\t\t\t\t\t\t<img loading=\"lazy\" decoding=\"async\" width=\"768\" height=\"273\" src=\"https:\/\/www.pallaresadvocats.com\/wp-content\/uploads\/2023\/08\/cancer-1408x704-1408x500-1-768x273.jpg\" class=\"attachment-medium_large size-medium_large wp-image-3430\" alt=\"Abogados especialistas en reclamar da\u00f1os causados por negligencias en oncolog\u00eda\" srcset=\"https:\/\/www.pallaresadvocats.com\/wp-content\/uploads\/2023\/08\/cancer-1408x704-1408x500-1-768x273.jpg 768w, https:\/\/www.pallaresadvocats.com\/wp-content\/uploads\/2023\/08\/cancer-1408x704-1408x500-1-300x107.jpg 300w, https:\/\/www.pallaresadvocats.com\/wp-content\/uploads\/2023\/08\/cancer-1408x704-1408x500-1-1024x364.jpg 1024w, https:\/\/www.pallaresadvocats.com\/wp-content\/uploads\/2023\/08\/cancer-1408x704-1408x500-1-18x6.jpg 18w, https:\/\/www.pallaresadvocats.com\/wp-content\/uploads\/2023\/08\/cancer-1408x704-1408x500-1.jpg 1408w\" sizes=\"(max-width: 768px) 100vw, 768px\" \/>\t\t\t\t\t\t\t\t\t\t\t\t\t\t\t<\/div>\n\t\t\t\t<\/div>\n\t\t\t\t<div class=\"elementor-element elementor-element-51e7b3c elementor-widget elementor-widget-heading\" data-id=\"51e7b3c\" data-element_type=\"widget\" data-e-type=\"widget\" data-widget_type=\"heading.default\">\n\t\t\t\t<div class=\"elementor-widget-container\">\n\t\t\t\t\t<h2 class=\"elementor-heading-title elementor-size-default\">Abogados negligencias m\u00e9dicas Sabadell.<br> Neglig\u00e8ncies en oncologia<\/h2>\t\t\t\t<\/div>\n\t\t\t\t<\/div>\n\t\t\t\t<div class=\"elementor-element elementor-element-b844894 elementor-widget-divider--view-line elementor-widget elementor-widget-divider\" data-id=\"b844894\" data-element_type=\"widget\" data-e-type=\"widget\" data-widget_type=\"divider.default\">\n\t\t\t\t<div class=\"elementor-widget-container\">\n\t\t\t\t\t\t\t<div class=\"elementor-divider\">\n\t\t\t<span class=\"elementor-divider-separator\">\n\t\t\t\t\t\t<\/span>\n\t\t<\/div>\n\t\t\t\t\t\t<\/div>\n\t\t\t\t<\/div>\n\t\t\t\t<div class=\"elementor-element elementor-element-0ff6fdc elementor-widget elementor-widget-heading\" data-id=\"0ff6fdc\" data-element_type=\"widget\" data-e-type=\"widget\" data-widget_type=\"heading.default\">\n\t\t\t\t<div class=\"elementor-widget-container\">\n\t\t\t\t\t<p class=\"elementor-heading-title elementor-size-default\"><a href=\"https:\/\/www.abogadonegligenciamedica.eu\/negligencias-en-ginecologia-embarazo-y-partos\/\">La immensa majoria dels casos relacionats amb el c\u00e0ncer no tenen origen en el tractament que es dispensa a aquesta malaltia, sin\u00f3 en els retards en el diagn\u00f2stic.<br><br>Moltes vegades l'error \u00e9s fer cas om\u00eds de simptomatologia espec\u00edfica referida pel pacient. Aix\u00f2 adquireix m\u00e9s rellev\u00e0ncia si \u00e9s possible davant la pres\u00e8ncia de s\u00edmptomes espec\u00edfics propis de c\u00e0ncers per als quals hi ha programes de cribratge diagn\u00f2stic, com el de mama femen\u00ed.<br><br>La medicina que es practica actualment, basada en l'evid\u00e8ncia, suposa que l'actuaci\u00f3 m\u00e8dica s'adequa a l'aparici\u00f3 de la simptomatologia, contr\u00e0riament al que seria una medicina de car\u00e0cter preventiu. Els diagn\u00f2stics de sospita s'estableixen per la import\u00e0ncia estad\u00edstica que tenen amb els s\u00edmptomes referits, aix\u00ed com mal resultat en tractaments sobre malalties que en principi poden ser banals.\n<br><br>La manca de millora dels pacients malgrat el tractament dispensat hauria de provocar un desplegament d'activitat diagn\u00f2stica que, si no es produeix, deixa al proc\u00e9s maligne sense diagn\u00f2stic, o amb un diagn\u00f2stic molt tard\u00e0.\n<br><br>T\u00e8cnicament es tracta d'establir quan una prova diagn\u00f2stica estava indicada i no es va fer; i atendre tamb\u00e9 el temps de la seva realitzaci\u00f3. Els sistemes de prefer\u00e8ncia i urg\u00e8ncia a la indicaci\u00f3 de proves oa la interconsulta amb un especialista es posen a prova davant la sospita d'un c\u00e0ncer.<br><br>El diagn\u00f2stic tard\u00e0 al c\u00e0ncer, minva, en la majoria dels sup\u00f2sits, les possibilitats de sobrevida i sol exigir la necessitat d'instaurar tractaments molt m\u00e9s agressius i penosos per al pacient. El temps pot marcar la difer\u00e8ncia entre un c\u00e0ncer perfectament localitzat i operable i un c\u00e0ncer disseminat a dist\u00e0ncia o locoregionalment. Aquest concepte es relaciona amb la denominada p\u00e8rdua d'oportunitat per la jurisprud\u00e8ncia.<br><br>D'aquesta manera, els sup\u00f2sits de responsabilitat afecten tant la medicina d'atenci\u00f3 prim\u00e0ria com diferents especialitats, depenent del lloc exacte on el c\u00e0ncer desplega la seva simptomatologia.<br><br>La casu\u00edstica \u00e9s d'una varietat immensa, des de mantenir un pacient mesos amb protectors g\u00e0strics per un dolor estomacal, sense desplegar proves diagn\u00f2stiques, fins a pautar durant mesos calmants per una presumpta laringitis en un fumador inveterat, sense realitzar un estudi m\u00e9s profund, ni tan sols per la manca de millora. Altres vegades el diagn\u00f2stic passa desapercebut als serveis d'urg\u00e8ncia hospital\u00e0ria a qu\u00e8 acudir\u00e0 el pacient repetidament sense que s'ordenin proves radiol\u00f2giques o d'un altre tipus per aclarir la sospita.\n<br><br>Per aix\u00f2, si vost\u00e8 ha patit un retard en el diagn\u00f2stic, d'un c\u00e0ncer, d'un tumor maligne, quan hagu\u00e9s estat possible el seu diagn\u00f2stic anticipat, pot reclamar per aix\u00f2 i podem ser els seus advocats experts en neglig\u00e8ncies m\u00e8diques que reclamin els danys patits per el diagn\u00f2stic tard\u00e0 d'un c\u00e0ncer<br><br>El diagn\u00f3stico tard\u00edo de c\u00e1ncer, incluida la patolog\u00eda mamaria \u2014un \u00e1rea en la que el Hospital Universitari Parc Taul\u00ed cuenta con unidades de referencia\u2014, es una de las causas de reclamaci\u00f3n que vemos con mayor frecuencia en Sabadell, tambi\u00e9n en el \u00e1mbito de la oncolog\u00eda privada del Hospital Quir\u00f3nsalud del Vall\u00e8s.<\/a><\/p>\t\t\t\t<\/div>\n\t\t\t\t<\/div>\n\t\t\t\t<div class=\"elementor-element elementor-element-9546fa4 elementor-align-center elementor-widget elementor-widget-button\" data-id=\"9546fa4\" data-element_type=\"widget\" data-e-type=\"widget\" data-widget_type=\"button.default\">\n\t\t\t\t<div class=\"elementor-widget-container\">\n\t\t\t\t\t\t\t\t\t<div class=\"elementor-button-wrapper\">\n\t\t\t\t\t<a class=\"elementor-button elementor-button-link elementor-size-sm\" href=\"tel:%20%20+93%20655%2031%2070\">\n\t\t\t\t\t\t<span class=\"elementor-button-content-wrapper\">\n\t\t\t\t\t\t<span class=\"elementor-button-icon\">\n\t\t\t\t<i aria-hidden=\"true\" class=\"fas fa-phone-alt\"><\/i>\t\t\t<\/span>\n\t\t\t\t\t\t\t\t\t<span class=\"elementor-button-text\">ADVOCAT DANYS CAUSATS EN NEGLIG\u00c8NCIES ONCOLOGIA<\/span>\n\t\t\t\t\t<\/span>\n\t\t\t\t\t<\/a>\n\t\t\t\t<\/div>\n\t\t\t\t\t\t\t\t<\/div>\n\t\t\t\t<\/div>\n\t\t\t\t\t<\/div>\n\t\t<\/div>\n\t\t\t\t<div class=\"elementor-column elementor-col-50 elementor-inner-column elementor-element elementor-element-93a0ce1\" data-id=\"93a0ce1\" data-element_type=\"column\" data-e-type=\"column\">\n\t\t\t<div class=\"elementor-widget-wrap elementor-element-populated\">\n\t\t\t\t\t\t<div class=\"elementor-element elementor-element-9e073f3 elementor-widget elementor-widget-menu-anchor\" data-id=\"9e073f3\" data-element_type=\"widget\" data-e-type=\"widget\" data-widget_type=\"menu-anchor.default\">\n\t\t\t\t<div class=\"elementor-widget-container\">\n\t\t\t\t\t\t\t<div class=\"elementor-menu-anchor\" id=\"daoscausadosurgencias\"><\/div>\n\t\t\t\t\t\t<\/div>\n\t\t\t\t<\/div>\n\t\t\t\t<div class=\"elementor-element elementor-element-8da7e90 elementor-widget elementor-widget-image\" data-id=\"8da7e90\" data-element_type=\"widget\" data-e-type=\"widget\" data-widget_type=\"image.default\">\n\t\t\t\t<div class=\"elementor-widget-container\">\n\t\t\t\t\t\t\t\t\t\t\t\t\t\t\t<img loading=\"lazy\" decoding=\"async\" width=\"768\" height=\"273\" src=\"https:\/\/www.pallaresadvocats.com\/wp-content\/uploads\/2023\/08\/urgencies-1-768x273.jpg\" class=\"attachment-medium_large size-medium_large wp-image-3432\" alt=\"Abogados especialistas en reclamar da\u00f1os causados en los servicios de urgencias\" srcset=\"https:\/\/www.pallaresadvocats.com\/wp-content\/uploads\/2023\/08\/urgencies-1-768x273.jpg 768w, https:\/\/www.pallaresadvocats.com\/wp-content\/uploads\/2023\/08\/urgencies-1-300x107.jpg 300w, https:\/\/www.pallaresadvocats.com\/wp-content\/uploads\/2023\/08\/urgencies-1-1024x364.jpg 1024w, https:\/\/www.pallaresadvocats.com\/wp-content\/uploads\/2023\/08\/urgencies-1-18x6.jpg 18w, https:\/\/www.pallaresadvocats.com\/wp-content\/uploads\/2023\/08\/urgencies-1.jpg 1408w\" sizes=\"(max-width: 768px) 100vw, 768px\" \/>\t\t\t\t\t\t\t\t\t\t\t\t\t\t\t<\/div>\n\t\t\t\t<\/div>\n\t\t\t\t<div class=\"elementor-element elementor-element-497404b elementor-widget elementor-widget-heading\" data-id=\"497404b\" data-element_type=\"widget\" data-e-type=\"widget\" data-widget_type=\"heading.default\">\n\t\t\t\t<div class=\"elementor-widget-container\">\n\t\t\t\t\t<h2 class=\"elementor-heading-title elementor-size-default\">Abogados negligencias m\u00e9dicas Sabadell.<br> Danys causats a urg\u00e8ncies<\/h2>\t\t\t\t<\/div>\n\t\t\t\t<\/div>\n\t\t\t\t<div class=\"elementor-element elementor-element-7e87797 elementor-widget-divider--view-line elementor-widget elementor-widget-divider\" data-id=\"7e87797\" data-element_type=\"widget\" data-e-type=\"widget\" data-widget_type=\"divider.default\">\n\t\t\t\t<div class=\"elementor-widget-container\">\n\t\t\t\t\t\t\t<div class=\"elementor-divider\">\n\t\t\t<span class=\"elementor-divider-separator\">\n\t\t\t\t\t\t<\/span>\n\t\t<\/div>\n\t\t\t\t\t\t<\/div>\n\t\t\t\t<\/div>\n\t\t\t\t<div class=\"elementor-element elementor-element-b799ed0 elementor-widget elementor-widget-heading\" data-id=\"b799ed0\" data-element_type=\"widget\" data-e-type=\"widget\" data-widget_type=\"heading.default\">\n\t\t\t\t<div class=\"elementor-widget-container\">\n\t\t\t\t\t<p class=\"elementor-heading-title elementor-size-default\">Les reclamacions relacionades amb els serveis d'urg\u00e8ncies tenen a veure amb el retard en el diagn\u00f2stic de patologies el tractament de les quals s'ha de considerar urgent per manca de realitzaci\u00f3 de proves indicades. La urg\u00e8ncia del tractament va des del comprom\u00eds vital del pacient davant de la seva abs\u00e8ncia com per la inutilitat de les mesures terap\u00e8utiques respecte a la malaltia, si no es duen a terme en determinat termini.<br><br>Les altes precipitades als serveis d'urg\u00e8ncia s\u00f3n causa comuna de responsabilitat. Ens referirem a tres grups de casos que creen gran nombre de reclamacions per responsabilitat m\u00e8dica i finalitzarem amb un altre sup\u00f2sit espec\u00edfic.<br><br>Urg\u00e8ncies card\u00edaques<br><br>El cas t\u00edpic \u00e9s un pacient que acudeix a urg\u00e8ncies per un dolor tor\u00e0cic de car\u00e0cter opressiu i que pot estar irradiat al bra\u00e7. La confusi\u00f3 en l'exploraci\u00f3 etiquetant aquest dolor com a traumatol\u00f2gic \u00e9s sempre possible, per\u00f2 la responsabilitat neix de la manca de realitzaci\u00f3 d'altres proves que atenent l'edat del pacient i els seus factors de risc han d'estar indicades, com ara un electrocardiograma, marcadors enzim\u00e0tics i Rx.<br><br>Urg\u00e8ncies traumatol\u00f2giques<br><br>Una descurada exploraci\u00f3 del pacient i la manca de realitzaci\u00f3 de proves d'imatge, que de vegades requereixen radiografies en projeccions diverses, deixant passar desapercebudes fractures que necessiten tractament espec\u00edfic, de vegades quir\u00fargic, i que si es deixen guarir per si soles, acabar\u00e0 el pacient amb seq\u00fceles doloroses i funcionals.<br><br>Urg\u00e8ncies neurol\u00f2giques<br><br>Ens referim sota aquest apartat als infarts i hemorr\u00e0gies cerebrals. Ens trobem amb un pacient que acudeix per un seguici neurol\u00f2gic, desorientaci\u00f3, realitzant una exploraci\u00f3 descurada o simplement, despr\u00e9s de l'exploraci\u00f3 neurol\u00f2gica ometent proves necess\u00e0ries per arribar al diagn\u00f2stic com una TAC, per error, impedint la instauraci\u00f3 d'un tractament preco\u00e7 del problema de cara a salvar-li la vida i minimitzar les seq\u00fceles.<br><br>\nUrg\u00e8ncies psiqui\u00e0triques.<br><br>Un pacient psiqui\u00e0tric acudeix a un servei d?urg\u00e8ncies amb idees su\u00efcides. Un error groller en la valoraci\u00f3 del malalt i del risc que suposa per a si mateix i d'instauraci\u00f3 de les mesures, o un error en la vigil\u00e0ncia del mateix malgrat haver-se pautat correctament les mesures terap\u00e8utiques, pot cursar amb la mort del pacient en el propi centre hospitalari.<br><br>Per tot aix\u00f2, si heu patit danys causats per una deficient assist\u00e8ncia sanit\u00e0ria d'un servei d'Urg\u00e8ncies m\u00e8diques, podeu reclamar per aix\u00f2 i podem ser els vostres advocats experts en neglig\u00e8ncies m\u00e8diques que reclamin els danys patits pel mal servei d'Urg\u00e8ncies.<br><br>En los servicios de urgencias del Hospital Universitari Parc Taul\u00ed, el gran hospital p\u00fablico de Sabadell y de referencia para buena parte del Vall\u00e8s Occidental, este tipo de negligencia se concentra sobre todo en retrasos diagn\u00f3sticos ante un ictus, un infarto, una sepsis o una embolia, as\u00ed como en la atenci\u00f3n a pacientes politraumatizados.<\/p>\t\t\t\t<\/div>\n\t\t\t\t<\/div>\n\t\t\t\t<div class=\"elementor-element elementor-element-6091055 elementor-align-center elementor-widget elementor-widget-button\" data-id=\"6091055\" data-element_type=\"widget\" data-e-type=\"widget\" data-widget_type=\"button.default\">\n\t\t\t\t<div class=\"elementor-widget-container\">\n\t\t\t\t\t\t\t\t\t<div class=\"elementor-button-wrapper\">\n\t\t\t\t\t<a class=\"elementor-button elementor-button-link elementor-size-sm\" href=\"tel:%20%20+93%20655%2031%2070\">\n\t\t\t\t\t\t<span class=\"elementor-button-content-wrapper\">\n\t\t\t\t\t\t<span class=\"elementor-button-icon\">\n\t\t\t\t<i aria-hidden=\"true\" class=\"fas fa-phone-alt\"><\/i>\t\t\t<\/span>\n\t\t\t\t\t\t\t\t\t<span class=\"elementor-button-text\">ADVOCAT DANYS PELS SERVEIS D'URG\u00c8NCIES<\/span>\n\t\t\t\t\t<\/span>\n\t\t\t\t\t<\/a>\n\t\t\t\t<\/div>\n\t\t\t\t\t\t\t\t<\/div>\n\t\t\t\t<\/div>\n\t\t\t\t\t<\/div>\n\t\t<\/div>\n\t\t\t\t\t<\/div>\n\t\t<\/section>\n\t\t\t\t<section class=\"elementor-section elementor-inner-section elementor-element elementor-element-f8e9fe4 elementor-section-full_width elementor-section-height-default elementor-section-height-default\" data-id=\"f8e9fe4\" data-element_type=\"section\" data-e-type=\"section\">\n\t\t\t\t\t\t<div class=\"elementor-container elementor-column-gap-default\">\n\t\t\t\t\t<div class=\"elementor-column elementor-col-50 elementor-inner-column elementor-element elementor-element-3fd4342\" data-id=\"3fd4342\" data-element_type=\"column\" data-e-type=\"column\" id=\"diagnosticos\">\n\t\t\t<div class=\"elementor-widget-wrap elementor-element-populated\">\n\t\t\t\t\t\t<div class=\"elementor-element elementor-element-3b14bb7 elementor-widget elementor-widget-image\" data-id=\"3b14bb7\" data-element_type=\"widget\" data-e-type=\"widget\" data-widget_type=\"image.default\">\n\t\t\t\t<div class=\"elementor-widget-container\">\n\t\t\t\t\t\t\t\t\t\t\t\t\t\t\t<img loading=\"lazy\" decoding=\"async\" width=\"1024\" height=\"682\" src=\"https:\/\/www.pallaresadvocats.com\/wp-content\/uploads\/2023\/04\/abogados-negligencias-medicas-1024x682.jpg\" class=\"attachment-large size-large wp-image-2291\" alt=\"abogados-negligencias-medicas Barcelona,Sabadell, Cerdanyola del Vall\u00e9s\" srcset=\"https:\/\/www.pallaresadvocats.com\/wp-content\/uploads\/2023\/04\/abogados-negligencias-medicas-1024x682.jpg 1024w, https:\/\/www.pallaresadvocats.com\/wp-content\/uploads\/2023\/04\/abogados-negligencias-medicas-300x200.jpg 300w, https:\/\/www.pallaresadvocats.com\/wp-content\/uploads\/2023\/04\/abogados-negligencias-medicas-768x512.jpg 768w, https:\/\/www.pallaresadvocats.com\/wp-content\/uploads\/2023\/04\/abogados-negligencias-medicas.jpg 1280w\" sizes=\"(max-width: 1024px) 100vw, 1024px\" \/>\t\t\t\t\t\t\t\t\t\t\t\t\t\t\t<\/div>\n\t\t\t\t<\/div>\n\t\t\t\t<div class=\"elementor-element elementor-element-f3295f2 elementor-widget elementor-widget-heading\" data-id=\"f3295f2\" data-element_type=\"widget\" data-e-type=\"widget\" data-widget_type=\"heading.default\">\n\t\t\t\t<div class=\"elementor-widget-container\">\n\t\t\t\t\t<h2 class=\"elementor-heading-title elementor-size-default\">Advocats danys causats pel retard en el diagn\u00f2stic de Sabadell<\/h2>\t\t\t\t<\/div>\n\t\t\t\t<\/div>\n\t\t\t\t<div class=\"elementor-element elementor-element-d9bf348 elementor-widget-divider--view-line elementor-widget elementor-widget-divider\" data-id=\"d9bf348\" data-element_type=\"widget\" data-e-type=\"widget\" data-widget_type=\"divider.default\">\n\t\t\t\t<div class=\"elementor-widget-container\">\n\t\t\t\t\t\t\t<div class=\"elementor-divider\">\n\t\t\t<span class=\"elementor-divider-separator\">\n\t\t\t\t\t\t<\/span>\n\t\t<\/div>\n\t\t\t\t\t\t<\/div>\n\t\t\t\t<\/div>\n\t\t\t\t<div class=\"elementor-element elementor-element-db875b1 elementor-widget elementor-widget-heading\" data-id=\"db875b1\" data-element_type=\"widget\" data-e-type=\"widget\" data-widget_type=\"heading.default\">\n\t\t\t\t<div class=\"elementor-widget-container\">\n\t\t\t\t\t<p class=\"elementor-heading-title elementor-size-default\">Si vost\u00e8 ha patit danys com a conseq\u00fc\u00e8ncia d&#039;una incorrecta diagn\u00f2stic de Sabadell a les valls, PALLAR\u00c8S ADVOCATS poden ajudar.\nEn PALLAR\u00c8S ADVOCATS som conscients que, en nombroses ocasions, els danys derivats d&#039;un error de diagn\u00f2stic o diagn\u00f2stics erronis, \u00e9s irreparable, especialment quan hi ha una mort com a resultat d&#039;aquesta. Per aquest motiu, creiem fermament que, en aquestes ocasions, \u00e9s necessari que el dany \u00e9s reconeguda, i que la persona responsable d&#039;assumir les seves responsabilitats.<br><br>\nPALLAR\u00c8S ADVOCATS compte amb Advocats de danys per \u00fas incorrecte diagn\u00f2stics a Sabadell i tenim experi\u00e8ncia en la defensa d&#039;aquests casos als Jutjats de tot Espanya, amb nombrosos \u00e8xits. El nostre comprom\u00eds \u00e9s donar la millor defensa per al pacient, que, com a resultat d&#039;un proc\u00e9s de diagn\u00f2stic, el mal s&#039;enfronta a una s\u00e8rie de danys, de vegades irreparables, s\u00fapliques, l&#039;assessorament en la gesti\u00f3 d&#039;entitats no-judicials i extrajudicials, i obtenir la compensaci\u00f3 a la dreta correspon<br><br>En Sabadell, los retrasos y errores diagn\u00f3sticos que reclamamos con m\u00e1s frecuencia est\u00e1n vinculados a fracturas y lesiones traum\u00e1ticas no diagnosticadas a tiempo en el Hospital Universitari Parc Taul\u00ed.<\/p>\t\t\t\t<\/div>\n\t\t\t\t<\/div>\n\t\t\t\t<div class=\"elementor-element elementor-element-ab78870 elementor-align-center elementor-widget elementor-widget-button\" data-id=\"ab78870\" data-element_type=\"widget\" data-e-type=\"widget\" data-widget_type=\"button.default\">\n\t\t\t\t<div class=\"elementor-widget-container\">\n\t\t\t\t\t\t\t\t\t<div class=\"elementor-button-wrapper\">\n\t\t\t\t\t<a class=\"elementor-button elementor-button-link elementor-size-sm\" href=\"tel:%20%20+93%20655%2031%2070\">\n\t\t\t\t\t\t<span class=\"elementor-button-content-wrapper\">\n\t\t\t\t\t\t<span class=\"elementor-button-icon\">\n\t\t\t\t<i aria-hidden=\"true\" class=\"fas fa-phone-alt\"><\/i>\t\t\t<\/span>\n\t\t\t\t\t\t\t\t\t<span class=\"elementor-button-text\">Advocat danys i perjudicis de diagn\u00f2stic<\/span>\n\t\t\t\t\t<\/span>\n\t\t\t\t\t<\/a>\n\t\t\t\t<\/div>\n\t\t\t\t\t\t\t\t<\/div>\n\t\t\t\t<\/div>\n\t\t\t\t\t<\/div>\n\t\t<\/div>\n\t\t\t\t<div class=\"elementor-column elementor-col-50 elementor-inner-column elementor-element elementor-element-3ecbf57\" data-id=\"3ecbf57\" data-element_type=\"column\" data-e-type=\"column\" id=\"malapraxis\">\n\t\t\t<div class=\"elementor-widget-wrap elementor-element-populated\">\n\t\t\t\t\t\t<div class=\"elementor-element elementor-element-efec206 elementor-widget elementor-widget-image\" data-id=\"efec206\" data-element_type=\"widget\" data-e-type=\"widget\" data-widget_type=\"image.default\">\n\t\t\t\t<div class=\"elementor-widget-container\">\n\t\t\t\t\t\t\t\t\t\t\t\t\t\t\t<img loading=\"lazy\" decoding=\"async\" width=\"1024\" height=\"682\" src=\"https:\/\/www.pallaresadvocats.com\/wp-content\/uploads\/2023\/04\/mala-praxis-medica-1024x682.jpg\" class=\"attachment-large size-large wp-image-2613\" alt=\"Concepto de mala praxis m\u00e9dica\" srcset=\"https:\/\/www.pallaresadvocats.com\/wp-content\/uploads\/2023\/04\/mala-praxis-medica-1024x682.jpg 1024w, https:\/\/www.pallaresadvocats.com\/wp-content\/uploads\/2023\/04\/mala-praxis-medica-300x200.jpg 300w, https:\/\/www.pallaresadvocats.com\/wp-content\/uploads\/2023\/04\/mala-praxis-medica-768x512.jpg 768w, https:\/\/www.pallaresadvocats.com\/wp-content\/uploads\/2023\/04\/mala-praxis-medica.jpg 1280w\" sizes=\"(max-width: 1024px) 100vw, 1024px\" \/>\t\t\t\t\t\t\t\t\t\t\t\t\t\t\t<\/div>\n\t\t\t\t<\/div>\n\t\t\t\t<div class=\"elementor-element elementor-element-4445d5a elementor-widget elementor-widget-heading\" data-id=\"4445d5a\" data-element_type=\"widget\" data-e-type=\"widget\" id=\"moto\" data-widget_type=\"heading.default\">\n\t\t\t\t<div class=\"elementor-widget-container\">\n\t\t\t\t\t<h2 class=\"elementor-heading-title elementor-size-default\">Advocats especialitzats en la mala pr\u00e0ctica m\u00e8dica a Sabadell<\/h2>\t\t\t\t<\/div>\n\t\t\t\t<\/div>\n\t\t\t\t<div class=\"elementor-element elementor-element-2283b28 elementor-widget-divider--view-line elementor-widget elementor-widget-divider\" data-id=\"2283b28\" data-element_type=\"widget\" data-e-type=\"widget\" data-widget_type=\"divider.default\">\n\t\t\t\t<div class=\"elementor-widget-container\">\n\t\t\t\t\t\t\t<div class=\"elementor-divider\">\n\t\t\t<span class=\"elementor-divider-separator\">\n\t\t\t\t\t\t<\/span>\n\t\t<\/div>\n\t\t\t\t\t\t<\/div>\n\t\t\t\t<\/div>\n\t\t\t\t<div class=\"elementor-element elementor-element-2b7146a elementor-widget elementor-widget-heading\" data-id=\"2b7146a\" data-element_type=\"widget\" data-e-type=\"widget\" data-widget_type=\"heading.default\">\n\t\t\t\t<div class=\"elementor-widget-container\">\n\t\t\t\t\t<p class=\"elementor-heading-title elementor-size-default\">Si vost\u00e8 ha estat v\u00edctima de la mala pr\u00e0ctica m\u00e8dica a Sabadell, les valls, els advocats PALLAR\u00c8S ADVOCATS especialitzats en la mala pr\u00e0ctica m\u00e8dica estan aqu\u00ed per ajudar.<br><br>\nSabem que un proc\u00e9s de reclamaci\u00f3 derivada d&#039;una mala pr\u00e0ctica m\u00e8dica no \u00e9s simple, i que per demostrar-ho \u00e9s necessari per obtenir els serveis d&#039;un metge expert i un advocat especialitzat en la mat\u00e8ria. En aquest sentit, en PALLAR\u00c8S ADVOCATS treballem amb un equip de perits m\u00e8dics i especialistes, cada un dels quals \u00e9s un expert en un clar branca de la medicina, que assegura la finalitzaci\u00f3 amb \u00e8xit de la reclamaci\u00f3 i disposem d&#039;Advocats especialistes en la mala pr\u00e0ctica m\u00e8dica a Sabadell.\nPosem a la seva disposici\u00f3 els mitjans legals i m\u00e8dicament necessari per poder oferir una soluci\u00f3 al seu cas de neglig\u00e8ncia m\u00e8dica, i el que hem de fer amb solv\u00e8ncia i tancar tractes i humans. Podem assessorar-te i acompanyar-te durant tot el proc\u00e9s, amb l&#039;objectiu que et sents alleujat i obtenir la compensaci\u00f3 que es mereix per reparar el dany.<br><br>El Hospital Universitari Parc Taul\u00ed, consorcio p\u00fablico de referencia para Sabadell y buena parte del Vall\u00e8s Occidental, cuenta con unidades multidisciplinares de referencia en politraumatismos y reimplantaciones, un \u00e1mbito en el que tambi\u00e9n tramitamos reclamaciones por mala praxis.<\/p>\t\t\t\t<\/div>\n\t\t\t\t<\/div>\n\t\t\t\t<div class=\"elementor-element elementor-element-fb698c3 elementor-align-center elementor-widget elementor-widget-button\" data-id=\"fb698c3\" data-element_type=\"widget\" data-e-type=\"widget\" data-widget_type=\"button.default\">\n\t\t\t\t<div class=\"elementor-widget-container\">\n\t\t\t\t\t\t\t\t\t<div class=\"elementor-button-wrapper\">\n\t\t\t\t\t<a class=\"elementor-button elementor-button-link elementor-size-sm\" href=\"tel:%20%20+93%20655%2031%2070\">\n\t\t\t\t\t\t<span class=\"elementor-button-content-wrapper\">\n\t\t\t\t\t\t<span class=\"elementor-button-icon\">\n\t\t\t\t<i aria-hidden=\"true\" class=\"fas fa-phone-alt\"><\/i>\t\t\t<\/span>\n\t\t\t\t\t\t\t\t\t<span class=\"elementor-button-text\">Advocat de neglig\u00e8ncia<\/span>\n\t\t\t\t\t<\/span>\n\t\t\t\t\t<\/a>\n\t\t\t\t<\/div>\n\t\t\t\t\t\t\t\t<\/div>\n\t\t\t\t<\/div>\n\t\t\t\t\t<\/div>\n\t\t<\/div>\n\t\t\t\t\t<\/div>\n\t\t<\/section>\n\t\t\t\t<section class=\"elementor-section elementor-inner-section elementor-element elementor-element-bc6dccf elementor-section-full_width elementor-section-height-default elementor-section-height-default\" data-id=\"bc6dccf\" data-element_type=\"section\" data-e-type=\"section\">\n\t\t\t\t\t\t<div class=\"elementor-container elementor-column-gap-default\">\n\t\t\t\t\t<div class=\"elementor-column elementor-col-100 elementor-inner-column elementor-element elementor-element-9ed666e\" data-id=\"9ed666e\" data-element_type=\"column\" data-e-type=\"column\">\n\t\t\t<div class=\"elementor-widget-wrap elementor-element-populated\">\n\t\t\t\t\t\t<div class=\"elementor-element elementor-element-e82dd19 elementor-widget elementor-widget-menu-anchor\" data-id=\"e82dd19\" data-element_type=\"widget\" data-e-type=\"widget\" data-widget_type=\"menu-anchor.default\">\n\t\t\t\t<div class=\"elementor-widget-container\">\n\t\t\t\t\t\t\t<div class=\"elementor-menu-anchor\" id=\"deficienteinformacionalpaciente\"><\/div>\n\t\t\t\t\t\t<\/div>\n\t\t\t\t<\/div>\n\t\t\t\t<div class=\"elementor-element elementor-element-bd756b9 elementor-widget elementor-widget-image\" data-id=\"bd756b9\" data-element_type=\"widget\" data-e-type=\"widget\" data-widget_type=\"image.default\">\n\t\t\t\t<div class=\"elementor-widget-container\">\n\t\t\t\t\t\t\t\t\t\t\t\t\t\t\t<img loading=\"lazy\" decoding=\"async\" width=\"768\" height=\"273\" src=\"https:\/\/www.pallaresadvocats.com\/wp-content\/uploads\/2023\/08\/informacion-768x273.jpg\" class=\"attachment-medium_large size-medium_large wp-image-3433\" alt=\"Abogados especialistas en reclamar da\u00f1os por deficiente informaci\u00f3n al paciente\" srcset=\"https:\/\/www.pallaresadvocats.com\/wp-content\/uploads\/2023\/08\/informacion-768x273.jpg 768w, https:\/\/www.pallaresadvocats.com\/wp-content\/uploads\/2023\/08\/informacion-300x107.jpg 300w, https:\/\/www.pallaresadvocats.com\/wp-content\/uploads\/2023\/08\/informacion-1024x364.jpg 1024w, https:\/\/www.pallaresadvocats.com\/wp-content\/uploads\/2023\/08\/informacion-18x6.jpg 18w, https:\/\/www.pallaresadvocats.com\/wp-content\/uploads\/2023\/08\/informacion.jpg 1408w\" sizes=\"(max-width: 768px) 100vw, 768px\" \/>\t\t\t\t\t\t\t\t\t\t\t\t\t\t\t<\/div>\n\t\t\t\t<\/div>\n\t\t\t\t<div class=\"elementor-element elementor-element-228a50e elementor-widget elementor-widget-heading\" data-id=\"228a50e\" data-element_type=\"widget\" data-e-type=\"widget\" data-widget_type=\"heading.default\">\n\t\t\t\t<div class=\"elementor-widget-container\">\n\t\t\t\t\t<h2 class=\"elementor-heading-title elementor-size-default\">Abogados negligencias m\u00e9dicas Sabadell.<br>Deficient informaci\u00f3 al pacient<\/h2>\t\t\t\t<\/div>\n\t\t\t\t<\/div>\n\t\t\t\t<div class=\"elementor-element elementor-element-c5923ab elementor-widget-divider--view-line elementor-widget elementor-widget-divider\" data-id=\"c5923ab\" data-element_type=\"widget\" data-e-type=\"widget\" data-widget_type=\"divider.default\">\n\t\t\t\t<div class=\"elementor-widget-container\">\n\t\t\t\t\t\t\t<div class=\"elementor-divider\">\n\t\t\t<span class=\"elementor-divider-separator\">\n\t\t\t\t\t\t<\/span>\n\t\t<\/div>\n\t\t\t\t\t\t<\/div>\n\t\t\t\t<\/div>\n\t\t\t\t<div class=\"elementor-element elementor-element-574fe96 elementor-widget elementor-widget-heading\" data-id=\"574fe96\" data-element_type=\"widget\" data-e-type=\"widget\" data-widget_type=\"heading.default\">\n\t\t\t\t<div class=\"elementor-widget-container\">\n\t\t\t\t\t<p class=\"elementor-heading-title elementor-size-default\"><a href=\"https:\/\/www.abogadonegligenciamedica.eu\/negligencias-en-ginecologia-embarazo-y-partos\/\">L'an\u00e0lisi minuciosa de les doctrines sobre el consentiment informat requeriria la publicaci\u00f3 d'un tractat complet. \u00c9s motiu de nombroses reclamacions i la jurisprud\u00e8ncia que s'ha creat al voltant seu prolixa. Si una frase senzilla pot resumir la seva problem\u00e0tica \u00e9s aquesta: \u201cEl metge mai no em va avisar que aix\u00f2 em pogu\u00e9s passar\u201d.\n<br><br>La primera vegada que es va suscitar la responsabilitat per manca d'informaci\u00f3 pr\u00e8via de riscos a occident va ser el 1.957 que els Tribunals Nord-americans de l'Estat de Calif\u00f2rnia en el cas Salgo contra Leland Standford JR University Board of Trustees van acabar declarant que el metge no pot minimitzar els riscos coneguts d'un procediment o operaci\u00f3 per induir al consentiment del pacient<br><br>A Espanya legalment es regula als articles 8 i 9 de la Llei 41\/2002 B\u00e0sica Reguladora de l'Autonomia del Pacient. Des que es van generalitzar les reclamacions basades en l'abs\u00e8ncia d'informaci\u00f3 pr\u00e8via a sotmetre's a procediments quir\u00fargics o invasius, les societats cient\u00edfiques han anat publicant formularis espec\u00edfics per a cada tipus d'intervenci\u00f3 la validesa dels quals, si estan ben emplenats, \u00e9s admesa pel Tribunal Suprem.<br><br>No aix\u00ed les f\u00f3rmules generalistes, de tipus \u201cemplena-buits\u201d que s\u00f3n m\u00e9s una simple autoritzaci\u00f3 en blanc que el compliment del dret del pacient a ser informat dels riscos i procediments a qu\u00e8 ser\u00e0 sotm\u00e8s. Aquest tipus de conductes genera reclamaci\u00f3.<br><br>El que es debat \u00e9s la vulneraci\u00f3 del dret a la llibertat del pacient, el dret a la seva autonomia de la voluntat. \u00c9s el pacient qui ha de decidir quins tractaments vol rebre i ha de con\u00e8ixer els beneficis i els riscos.<br><br>I aquest coneixement ha de tenir lloc amb prou temps d'antelaci\u00f3 per poder reflexionar i ha de ser prestat pel metge competent de manera que s'han considerat vulneraci\u00f3 de la Lex Artis aquells consentiments subscrits a iniciativa del personal administratiu o d'infermeria el mateix dia de la intervenci\u00f3 o fins i tot a la porta del quir\u00f2fan.\n<br><br>Per aix\u00f2, si vost\u00e8 no va ser informat dels riscos que patia en la intervenci\u00f3 a qu\u00e8 ha estat sotm\u00e8s i sobretot, si vost\u00e8 ha patit danys que poden ser un risc habitual d'aquest tipus d'intervenci\u00f3 PER\u00d2 QUE VOST\u00c8 DESCONECIA perqu\u00e8 ning\u00fa els hi havia explicat, podeu reclamar per aix\u00f2 i podem ser els vostres advocats experts en neglig\u00e8ncies m\u00e8diques que reclamin els danys soferts per l'abs\u00e8ncia d'un consentiment informat correctament atorgat.\n<br><br>La falta o insuficiencia del consentimiento informado adquiere especial relevancia jur\u00eddica en la sanidad privada de Sabadell, en centros como el Hospital Quir\u00f3nsalud del Vall\u00e8s.<\/a><\/p>\t\t\t\t<\/div>\n\t\t\t\t<\/div>\n\t\t\t\t<div class=\"elementor-element elementor-element-e0f9f2e elementor-align-center elementor-widget elementor-widget-button\" data-id=\"e0f9f2e\" data-element_type=\"widget\" data-e-type=\"widget\" data-widget_type=\"button.default\">\n\t\t\t\t<div class=\"elementor-widget-container\">\n\t\t\t\t\t\t\t\t\t<div class=\"elementor-button-wrapper\">\n\t\t\t\t\t<a class=\"elementor-button elementor-button-link elementor-size-sm\" href=\"tel:%20%20+93%20655%2031%2070\">\n\t\t\t\t\t\t<span class=\"elementor-button-content-wrapper\">\n\t\t\t\t\t\t<span class=\"elementor-button-icon\">\n\t\t\t\t<i aria-hidden=\"true\" class=\"fas fa-phone-alt\"><\/i>\t\t\t<\/span>\n\t\t\t\t\t\t\t\t\t<span class=\"elementor-button-text\">ADVOCAT DANYS ABS\u00c8NCIA INFORMACION<\/span>\n\t\t\t\t\t<\/span>\n\t\t\t\t\t<\/a>\n\t\t\t\t<\/div>\n\t\t\t\t\t\t\t\t<\/div>\n\t\t\t\t<\/div>\n\t\t\t\t\t<\/div>\n\t\t<\/div>\n\t\t\t\t\t<\/div>\n\t\t<\/section>\n\t\t\t\t\t<\/div>\n\t\t<\/div>\n\t\t\t\t\t<\/div>\n\t\t<\/section>\n\t\t\t\t<section class=\"elementor-section elementor-top-section elementor-element elementor-element-1f23616 elementor-section-full_width elementor-section-height-default elementor-section-height-default\" data-id=\"1f23616\" data-element_type=\"section\" data-e-type=\"section\">\n\t\t\t\t\t\t<div class=\"elementor-container elementor-column-gap-default\">\n\t\t\t\t\t<div class=\"elementor-column elementor-col-100 elementor-top-column elementor-element elementor-element-8444c24\" data-id=\"8444c24\" data-element_type=\"column\" data-e-type=\"column\">\n\t\t\t<div class=\"elementor-widget-wrap elementor-element-populated\">\n\t\t\t\t\t\t<div class=\"elementor-element elementor-element-c98ed8e elementor-widget elementor-widget-menu-anchor\" data-id=\"c98ed8e\" data-element_type=\"widget\" data-e-type=\"widget\" data-widget_type=\"menu-anchor.default\">\n\t\t\t\t<div class=\"elementor-widget-container\">\n\t\t\t\t\t\t\t<div class=\"elementor-menu-anchor\" id=\"faq\"><\/div>\n\t\t\t\t\t\t<\/div>\n\t\t\t\t<\/div>\n\t\t\t\t<div class=\"elementor-element elementor-element-d549c33 elementor-widget elementor-widget-heading\" data-id=\"d549c33\" data-element_type=\"widget\" data-e-type=\"widget\" data-widget_type=\"heading.default\">\n\t\t\t\t<div class=\"elementor-widget-container\">\n\t\t\t\t\t<h2 class=\"elementor-heading-title elementor-size-default\"><br>DUBTES FREQ\u00dcENTS<\/h2>\t\t\t\t<\/div>\n\t\t\t\t<\/div>\n\t\t\t\t<div class=\"elementor-element elementor-element-62e4bef elementor-widget-divider--view-line elementor-widget elementor-widget-divider\" data-id=\"62e4bef\" data-element_type=\"widget\" data-e-type=\"widget\" data-widget_type=\"divider.default\">\n\t\t\t\t<div class=\"elementor-widget-container\">\n\t\t\t\t\t\t\t<div class=\"elementor-divider\">\n\t\t\t<span class=\"elementor-divider-separator\">\n\t\t\t\t\t\t<\/span>\n\t\t<\/div>\n\t\t\t\t\t\t<\/div>\n\t\t\t\t<\/div>\n\t\t\t\t<div class=\"elementor-element elementor-element-2954653 elementor-widget elementor-widget-accordion\" data-id=\"2954653\" data-element_type=\"widget\" data-e-type=\"widget\" data-widget_type=\"accordion.default\">\n\t\t\t\t<div class=\"elementor-widget-container\">\n\t\t\t\t\t\t\t<div class=\"elementor-accordion\">\n\t\t\t\t\t\t\t<div class=\"elementor-accordion-item\">\n\t\t\t\t\t<div id=\"elementor-tab-title-4331\" class=\"elementor-tab-title\" data-tab=\"1\" role=\"button\" aria-controls=\"elementor-tab-content-4331\" aria-expanded=\"false\">\n\t\t\t\t\t\t\t\t\t\t\t\t\t<span class=\"elementor-accordion-icon elementor-accordion-icon-left\" aria-hidden=\"true\">\n\t\t\t\t\t\t\t\t\t\t\t\t\t\t\t<span class=\"elementor-accordion-icon-closed\"><i class=\"fas fa-plus\"><\/i><\/span>\n\t\t\t\t\t\t\t\t<span class=\"elementor-accordion-icon-opened\"><i class=\"fas fa-minus\"><\/i><\/span>\n\t\t\t\t\t\t\t\t\t\t\t\t\t\t<\/span>\n\t\t\t\t\t\t\t\t\t\t\t\t<a class=\"elementor-accordion-title\" tabindex=\"0\">Quan puc reclamar un mal causat per un servei sanitari?<\/a>\n\t\t\t\t\t<\/div>\n\t\t\t\t\t<div id=\"elementor-tab-content-4331\" class=\"elementor-tab-content elementor-clearfix\" data-tab=\"1\" role=\"region\" aria-labelledby=\"elementor-tab-title-4331\"><p>El primer que hem de tenir clar quan ens plantegem RECLAMAR UNA NEGLIG\u00c8NCIA M\u00c8DICA \u00e9s que no hi ha responsabilitat m\u00e8dica nom\u00e9s perqu\u00e8 hi hagi un mal resultat, ja que cada persona reacciona de manera diferent davant d'un mateix tractament, per\u00f2 si n'hi ha si l'actuaci\u00f3 no s'ha dut a terme d'acord amb les normes de l'especialitat m\u00e8dica o quan no s'han posat a disposici\u00f3 del malalt tots els mitjans de diagn\u00f2stic, tractament i curaci\u00f3 existents al lloc o quan no s'ha actuat amb la dilig\u00e8ncia, la prud\u00e8ncia i la per\u00edcia exigibles .<\/p><p>No obstant aix\u00f2, si pot existir possibilitat de reclamaci\u00f3 per un MAL RESULTAT, si es tracta de Medicina SATISFACTIVA, \u00e9s a dir que no \u00e9s curativa i S'HAN GARANTIT AL PACIENT UNS RESULTATS CONCRETS.<\/p><p>Ens trobem aquests sup\u00f2sits, per exemple, a la Cirurgia Est\u00e8tica; a les Vasectomies; a les de Canvi de Sexe; a les Odontol\u00f2giques-prot\u00e8siques oa les Ortod\u00f2ncies est\u00e8tiques i altres especialitats similars.<\/p><\/div>\n\t\t\t\t<\/div>\n\t\t\t\t\t\t\t<div class=\"elementor-accordion-item\">\n\t\t\t\t\t<div id=\"elementor-tab-title-4332\" class=\"elementor-tab-title\" data-tab=\"2\" role=\"button\" aria-controls=\"elementor-tab-content-4332\" aria-expanded=\"false\">\n\t\t\t\t\t\t\t\t\t\t\t\t\t<span class=\"elementor-accordion-icon elementor-accordion-icon-left\" aria-hidden=\"true\">\n\t\t\t\t\t\t\t\t\t\t\t\t\t\t\t<span class=\"elementor-accordion-icon-closed\"><i class=\"fas fa-plus\"><\/i><\/span>\n\t\t\t\t\t\t\t\t<span class=\"elementor-accordion-icon-opened\"><i class=\"fas fa-minus\"><\/i><\/span>\n\t\t\t\t\t\t\t\t\t\t\t\t\t\t<\/span>\n\t\t\t\t\t\t\t\t\t\t\t\t<a class=\"elementor-accordion-title\" tabindex=\"0\">Quin termini tinc per reclamar una neglig\u00e8ncia m\u00e8dica?<\/a>\n\t\t\t\t\t<\/div>\n\t\t\t\t\t<div id=\"elementor-tab-content-4332\" class=\"elementor-tab-content elementor-clearfix\" data-tab=\"2\" role=\"region\" aria-labelledby=\"elementor-tab-title-4332\"><p>Si la reclamaci\u00f3 es dirigeix \u200b\u200bcontra una administraci\u00f3 p\u00fablica, el termini per reclamar \u00e9s un any.\u00a0<\/p><p>Si la reclamaci\u00f3 es fa en el marc d'una relaci\u00f3 privada, per estar en el marc d'una relaci\u00f3 contractual medicopacient, el termini de prescripci\u00f3 de les accions de reclamaci\u00f3 ha de ser el general de 5 anys, \u00e9s el que es coneix com a RESPONSABILITAT CONTRACTUAL.<\/p><p>No obstant hi ha sup\u00f2sits en qu\u00e8, segons a qui reclamem (per exemple, quan els fets ocorren sota la cobertura d'una m\u00fatua de salut per\u00f2 volem demandar un metge concret de l'hospital) estarem davant d'un tipus de dany incardinable a la RESPONSABILITAT EXTRACONTRACTUAL i en aquest cas, el termini de reclamaci\u00f3 \u00e9s m\u00e9s curt. (un any al Codi Civil Espanyol encara que poden existir altres terminis a les legislacions de cada CCAA com \u00e9s el cas de Catalunya on el termini per reclamar responsabilitat extracontractual \u00e9s de tres anys).<\/p><p>En tots els casos, l'inici del c\u00f2mput s'ha de fer o b\u00e9 des de la data de l'accident que va causar el dany o b\u00e9 des que les lesions sofertes s'hagin estabilitzat.<\/p><p>\u00a0<\/p><\/div>\n\t\t\t\t<\/div>\n\t\t\t\t\t\t\t<div class=\"elementor-accordion-item\">\n\t\t\t\t\t<div id=\"elementor-tab-title-4333\" class=\"elementor-tab-title\" data-tab=\"3\" role=\"button\" aria-controls=\"elementor-tab-content-4333\" aria-expanded=\"false\">\n\t\t\t\t\t\t\t\t\t\t\t\t\t<span class=\"elementor-accordion-icon elementor-accordion-icon-left\" aria-hidden=\"true\">\n\t\t\t\t\t\t\t\t\t\t\t\t\t\t\t<span class=\"elementor-accordion-icon-closed\"><i class=\"fas fa-plus\"><\/i><\/span>\n\t\t\t\t\t\t\t\t<span class=\"elementor-accordion-icon-opened\"><i class=\"fas fa-minus\"><\/i><\/span>\n\t\t\t\t\t\t\t\t\t\t\t\t\t\t<\/span>\n\t\t\t\t\t\t\t\t\t\t\t\t<a class=\"elementor-accordion-title\" tabindex=\"0\">Quins tipus de danys s\u00f3n reclamables en una neglig\u00e8ncia m\u00e8dica?<\/a>\n\t\t\t\t\t<\/div>\n\t\t\t\t\t<div id=\"elementor-tab-content-4333\" class=\"elementor-tab-content elementor-clearfix\" data-tab=\"3\" role=\"region\" aria-labelledby=\"elementor-tab-title-4333\"><p>En aquest \u00e0mbit, \u00e9s reclamable qualsevol dany que una persona hagi patit de manera injustificada i que no tingui el deure de suportar i que es conseq\u00fc\u00e8ncia d'una vulneraci\u00f3 de la bona pr\u00e0ctica assistencial sanit\u00e0ria. (el que s'anomena Lex Artis).<\/p><p>Quan parlem de dany, no ens limitem al dany f\u00edsic (dies de curaci\u00f3, ingr\u00e9s hospitalari i seq\u00fceles), parlem tamb\u00e9 del dany mental, del dany moral i, per descomptat, del dany patrimonial (els diners que es deixaran d'ingressar en un futur , per exemple).<\/p><p>No nom\u00e9s podr\u00e0 reclamar la v\u00edctima directa, sin\u00f3 tamb\u00e9 la seva fam\u00edlia, de vegades, tindr\u00e0 la consideraci\u00f3 de perjudicat i per tant, el dret a reclamar.<\/p><p>Una condici\u00f3, per\u00f2, \u00e9s que el mal sigui real, que existeixi, que sigui cert. No n'hi haur\u00e0 prou, per tant, amb el risc, la probabilitat. Aix\u00ed, si som v\u00edctima d'un error m\u00e8dic que no ens causa cap dany o \u00e9s un dany de tan baixa intensitat que resultar\u00e0 antiecon\u00f2mic reclamar, no aconsellarem aquesta reclamaci\u00f3 sense perjudici que s'interposin totes les queixes que es considerin oportunes als serveis d'Atenci\u00f3 al Client de l'entitat o al Departament o Conselleria de consum de la corresponent administraci\u00f3 auton\u00f2mica.<\/p><\/div>\n\t\t\t\t<\/div>\n\t\t\t\t\t\t\t<div class=\"elementor-accordion-item\">\n\t\t\t\t\t<div id=\"elementor-tab-title-4334\" class=\"elementor-tab-title\" data-tab=\"4\" role=\"button\" aria-controls=\"elementor-tab-content-4334\" aria-expanded=\"false\">\n\t\t\t\t\t\t\t\t\t\t\t\t\t<span class=\"elementor-accordion-icon elementor-accordion-icon-left\" aria-hidden=\"true\">\n\t\t\t\t\t\t\t\t\t\t\t\t\t\t\t<span class=\"elementor-accordion-icon-closed\"><i class=\"fas fa-plus\"><\/i><\/span>\n\t\t\t\t\t\t\t\t<span class=\"elementor-accordion-icon-opened\"><i class=\"fas fa-minus\"><\/i><\/span>\n\t\t\t\t\t\t\t\t\t\t\t\t\t\t<\/span>\n\t\t\t\t\t\t\t\t\t\t\t\t<a class=\"elementor-accordion-title\" tabindex=\"0\">Quina indemnitzaci\u00f3 puc obtenir si he patit una neglig\u00e8ncia m\u00e8dica?<\/a>\n\t\t\t\t\t<\/div>\n\t\t\t\t\t<div id=\"elementor-tab-content-4334\" class=\"elementor-tab-content elementor-clearfix\" data-tab=\"4\" role=\"region\" aria-labelledby=\"elementor-tab-title-4334\"><p>En primer lloc cal assenyalar que el muntant indemnitzatori dependr\u00e0, \u00e9s clar, del dany causat.<\/p><p>En tot cas, no hi ha, per m\u00e9s que es clama per la seva publicaci\u00f3, un barem sanitari de danys. \u00c9s a dir, no hi ha cap taula a qu\u00e8 OBLIGAT\u00d2RIAMENT ens h\u00e0gim de remetre per calcular el dany que podem reclamar per una neglig\u00e8ncia m\u00e8dica. Aix\u00f2 ens porta a dir, que les reclamacions a tant al\u00e7at s\u00f3n possibles i admeses per la jurisprud\u00e8ncia.<\/p><p>Aix\u00f2 no obstant, \u00e9s pr\u00e0ctica habitual, admesa tamb\u00e9 pels tribunals, la remissi\u00f3 orientativa, per ser objectiva, a la valoraci\u00f3 que cont\u00e9 el Barem previst per als accidents de circulaci\u00f3.<\/p><p>En qualsevol cas, per fer qualsevol valoraci\u00f3 del dany ser\u00e0 convenient, en la majoria dels casos, que un t\u00e8cnic competent dugui a terme aquesta valoraci\u00f3 sempre de com\u00fa acord amb l'advocat director de l'assumpte.<\/p><\/div>\n\t\t\t\t<\/div>\n\t\t\t\t\t\t\t<div class=\"elementor-accordion-item\">\n\t\t\t\t\t<div id=\"elementor-tab-title-4335\" class=\"elementor-tab-title\" data-tab=\"5\" role=\"button\" aria-controls=\"elementor-tab-content-4335\" aria-expanded=\"false\">\n\t\t\t\t\t\t\t\t\t\t\t\t\t<span class=\"elementor-accordion-icon elementor-accordion-icon-left\" aria-hidden=\"true\">\n\t\t\t\t\t\t\t\t\t\t\t\t\t\t\t<span class=\"elementor-accordion-icon-closed\"><i class=\"fas fa-plus\"><\/i><\/span>\n\t\t\t\t\t\t\t\t<span class=\"elementor-accordion-icon-opened\"><i class=\"fas fa-minus\"><\/i><\/span>\n\t\t\t\t\t\t\t\t\t\t\t\t\t\t<\/span>\n\t\t\t\t\t\t\t\t\t\t\t\t<a class=\"elementor-accordion-title\" tabindex=\"0\">A qui he de dirigir la meva reclamaci\u00f3 per una neglig\u00e8ncia m\u00e8dica?<\/a>\n\t\t\t\t\t<\/div>\n\t\t\t\t\t<div id=\"elementor-tab-content-4335\" class=\"elementor-tab-content elementor-clearfix\" data-tab=\"5\" role=\"region\" aria-labelledby=\"elementor-tab-title-4335\"><p>\u00c9s prioritari determinar si va existir o no una  neglig\u00e8ncia m\u00e8dica en l'\u00e0mbit de la Sanitat P\u00fablica o en l'\u00e0mbit de la Sanitat Privada .\u00a0<strong>negligencia m\u00e9dica en el \u00e1mbito de la Sanidad P\u00fablica o en el \u00e1mbito de la Sanidad Privada<\/strong>.<\/p><p class=\"translation-block\">L'Administraci\u00f3 Sanit\u00e0ria (Sanitat P\u00fablica) es troba enclavada dins de l'Administraci\u00f3 P\u00fablica i per tant est\u00e0 sotmesa al principi d'efic\u00e0cia, en concret art.103.1\u00ba de la Constituci\u00f3 Espanyola,  aix\u00f2 suposa que entra en joc la  responsabilitat administrativa  sempre que a conseq\u00fc\u00e8ncia d'una possible neglig\u00e8ncia m\u00e8dica, el pacient o els seus familiars hagin patit un dany quantificable i indemnitzable.<\/p><p class=\"translation-block\">Despr\u00e9s d'aquesta valoraci\u00f3 i en el cas que hi hagi hagut una  neglig\u00e8ncia m\u00e8dica la sanitat p\u00fablica , mitjan\u00e7ant dades objectives, \u00e9s el moment de fer una reclamaci\u00f3 davant l'Administraci\u00f3 Sanit\u00e0ria.<\/p><p>At\u00e8s que les compet\u00e8ncia en mat\u00e8ria de Sanitat es troben transferides a les comunitats aut\u00f2nomes, s'haur\u00e0 d'adre\u00e7ar la reclamaci\u00f3 al Servei de Salut de la Comunitat Aut\u00f2noma on s'hagi produ\u00eft la neglig\u00e8ncia.<\/p><p>Amb aix\u00f2 s'iniciar\u00e0 un procediment administratiu de responsabilitat patrimonial el qual, si no hi ha acord previ, finalitzar\u00e0 per una resoluci\u00f3 expressa o presumpta (silenci negatiu) de la dita reclamaci\u00f3.<\/p><p>Amb aix\u00f2, per continuar la nostra reclamaci\u00f3 haurem d'acudir als tribunals especials de la jurisdicci\u00f3 conenciosoadministrativa. Aix\u00f2 \u00e9s aix\u00ed en tant que si \u00e9s del nostre inter\u00e8s acudir als tribunals, l'apartat e) de l'article 2 de la Llei 29\/98 atribueix a la jurisdicci\u00f3 contenciosa administrativa el coneixement de les q\u00fcestions que se susciten en relaci\u00f3 amb la responsabilitat patrimonial de les administracions p\u00fabliques, sigui quina sigui la naturalesa de l'activitat o el tipus de relaci\u00f3 de qu\u00e8 derivi, no podent ser demandades aquelles per aquest motiu davant els ordres jurisdiccionals civil o social.<\/p><p>En aquest punt cal assenyalar la possibilitat dactuar, a trav\u00e9s de lanomenada ACCI\u00d3 DIRECTA, contra lasseguradora de lAdministraci\u00f3 P\u00fablica. Aquesta acci\u00f3, a difer\u00e8ncia del que s'ha exposat, s'ha de seguir davant dels tribunals civils.<\/p><p>De manera diferent, en l'\u00e0mbit de la Sanitat Privada la forma de reclamaci\u00f3 \u00e9s diferent ja que la jurisdicci\u00f3 civil \u00e9s l'\u00fanica a la qual podrem acudir, ja sigui en exercici de la responsabilitat contractual o de la responsabilitat extracontractual i ja sigui que actuem contra el centre o professional causant del dany o contra la companyia d'assegurances<\/p><p class=\"translation-block\">Des de  PALLARES ADVOCATS  iniciem la reclamaci\u00f3 sempre des de la via amistosa amb l'objectiu d'una possible transacci\u00f3, primant una negociaci\u00f3 extrajudicial, sempre que sigui possible i evitar costos i temps d'indemnitzaci\u00f3 als nostres clients.<\/p><p>Tot i aix\u00f2, aix\u00f2 no sempre \u00e9s possible i en aquest cas ser\u00e0 necessari interposar una demanda civil de reclamaci\u00f3 de responsabilitat davant els responsables del dany.<\/p><p class=\"translation-block\">Per aix\u00f2 i sempre que es determini la mala praxi m\u00e8dica i mitjan\u00e7ant l'estudi de la viabilitat de cada cas per mitj\u00e0 del  Perit M\u00e8dic  assignat, professionals molt qualificats i alhora de les diferents especialitats m\u00e8diques, determinarem no l'estrat\u00e8gia que cal seguir per aconseguir la indemnitzaci\u00f3 que li correspon .<\/p><p>\u00d2bviament, si l'actuaci\u00f3 negligent es pot situar dins d'un il\u00b7l\u00edcit penal, s'haur\u00e0 de reclamar a la persona f\u00edsica que hagi dut a terme aquesta conducta amb total independ\u00e8ncia de la responsabilitat civil que es pugui reclamar paral\u00b7lelament<\/p><p>\u00c9s important assenyalar que aquesta responsabilitat derivada de la neglig\u00e8ncia m\u00e8dica el m\u00e9s normal \u00e9s que sigui assumida per una companyia d'assegurances, tant el risc del professional com el de les cl\u00edniques, fins al capital subscrit, ja que aquests metges han de tenir una p\u00f2lissa de responsabilitat civil per exercir la seva professi\u00f3.<\/p><\/div>\n\t\t\t\t<\/div>\n\t\t\t\t\t\t\t<div class=\"elementor-accordion-item\">\n\t\t\t\t\t<div id=\"elementor-tab-title-4336\" class=\"elementor-tab-title\" data-tab=\"6\" role=\"button\" aria-controls=\"elementor-tab-content-4336\" aria-expanded=\"false\">\n\t\t\t\t\t\t\t\t\t\t\t\t\t<span class=\"elementor-accordion-icon elementor-accordion-icon-left\" aria-hidden=\"true\">\n\t\t\t\t\t\t\t\t\t\t\t\t\t\t\t<span class=\"elementor-accordion-icon-closed\"><i class=\"fas fa-plus\"><\/i><\/span>\n\t\t\t\t\t\t\t\t<span class=\"elementor-accordion-icon-opened\"><i class=\"fas fa-minus\"><\/i><\/span>\n\t\t\t\t\t\t\t\t\t\t\t\t\t\t<\/span>\n\t\t\t\t\t\t\t\t\t\t\t\t<a class=\"elementor-accordion-title\" tabindex=\"0\">Qu\u00e8 \u00e9s el consentiment informat?<\/a>\n\t\t\t\t\t<\/div>\n\t\t\t\t\t<div id=\"elementor-tab-content-4336\" class=\"elementor-tab-content elementor-clearfix\" data-tab=\"6\" role=\"region\" aria-labelledby=\"elementor-tab-title-4336\"><p>En ess\u00e8ncia, el consentiment informat \u00e9s el consentiment que, per imperatiu legal, el metge obt\u00e9 del pacient per fer un acte m\u00e8dic un cop l'ha informat de la ra\u00f3 que justifica l'acte i dels riscos que aquest acte m\u00e8dic pot comportar per a la salut i integritat del pacient.<\/p><p>Precisament per tot aix\u00f2, els documents gen\u00e8rics, estereotipats que molts centres m\u00e8dics fan informar els seus pacients no suposen un compliment de la llei en els termes previstos per aquesta.<\/p><p>Entre els factors que s'han de ponderar quant a la validesa del consentiment atorgat, en relaci\u00f3 amb la informaci\u00f3 obtinguda, hi ha la urg\u00e8ncia del cas, la necessitat del tractament, la perillositat de la intervenci\u00f3, la gravetat de la malaltia i la novetat del tractament. Com m\u00e9s urgent \u00e9s una intervenci\u00f3 m\u00e8dica, menor precisi\u00f3 \u00e9s exigible en la informaci\u00f3 m\u00e8dica a subministrar al pacient.<\/p><p>La informaci\u00f3 ha de ser d'acord amb els riscos personals del pacient; aix\u00ed no \u00e9s el mateix intervenir un jove de vint anys que un cardi\u00f2pata de setanta; fins i tot sota un mateix diagn\u00f2stic, la mateixa intervenci\u00f3 pot comportar diferents riscos d'acord amb la situaci\u00f3 basal de la zona a intervenir.<\/p><p>En general, es preveu que la informaci\u00f3 pr\u00e8via facilitada al pacient ha de ser m\u00e9s exhaustiva com a m\u00ednim urgent o imprescindible sigui el procediment que cal practicar.<\/p><p>De la mateixa manera, la normalitat i la previsibilitat estad\u00edstica dels riscos han de ser, precisament, objecte d'informaci\u00f3; obtenint menor sanci\u00f3 aquells que siguin m\u00e9s rars.<\/p><\/div>\n\t\t\t\t<\/div>\n\t\t\t\t\t\t\t<div class=\"elementor-accordion-item\">\n\t\t\t\t\t<div id=\"elementor-tab-title-4337\" class=\"elementor-tab-title\" data-tab=\"7\" role=\"button\" aria-controls=\"elementor-tab-content-4337\" aria-expanded=\"false\">\n\t\t\t\t\t\t\t\t\t\t\t\t\t<span class=\"elementor-accordion-icon elementor-accordion-icon-left\" aria-hidden=\"true\">\n\t\t\t\t\t\t\t\t\t\t\t\t\t\t\t<span class=\"elementor-accordion-icon-closed\"><i class=\"fas fa-plus\"><\/i><\/span>\n\t\t\t\t\t\t\t\t<span class=\"elementor-accordion-icon-opened\"><i class=\"fas fa-minus\"><\/i><\/span>\n\t\t\t\t\t\t\t\t\t\t\t\t\t\t<\/span>\n\t\t\t\t\t\t\t\t\t\t\t\t<a class=\"elementor-accordion-title\" tabindex=\"0\">Qu\u00e8 \u00e9s la hist\u00f2ria cl\u00ednica i qui, i com, s'hi pot tenir acc\u00e9s?<\/a>\n\t\t\t\t\t<\/div>\n\t\t\t\t\t<div id=\"elementor-tab-content-4337\" class=\"elementor-tab-content elementor-clearfix\" data-tab=\"7\" role=\"region\" aria-labelledby=\"elementor-tab-title-4337\"><p class=\"translation-block\">La  Llei b\u00e0sica reguladora de l'autonomia del pacient i de drets i obligacions en mat\u00e8ria d'informaci\u00f3 i documentaci\u00f3 cl\u00ednica (Llei 41\/2002) ens diu que una hist\u00f2ria cl\u00ednica \u00e9s el conjunt de documents que cont\u00e9 les dades, les valoracions i les informacions de qualsevol \u00edndole sobre la situaci\u00f3 i l'evoluci\u00f3 cl\u00ednica d'un pacient al llarg del proc\u00e9s assistencial i al seu Art. 18 ens diu que el pacient t\u00e9 dret d'acc\u00e9s a la documentaci\u00f3 de la hist\u00f2ria cl\u00ednica ia obtenir c\u00f2pia de les dades que hi figuren   podent accedir per mitj\u00e0 de representaci\u00f3 degudament acreditada.<\/p><p class=\"translation-block\">D'altra banda, quan volem accedir a la hist\u00f2ria cl\u00ednica d'una persona que ha mort,  es permet a  les persones vinculades a la persona morta per raons familiars o de fet i als seus hereus dirigir-se al responsable o encarregat  del tractament  per sol\u00b7licitar l'acc\u00e9s a les dades personals d'aquella  (tamb\u00e9 per a la seva rectificaci\u00f3 o supressi\u00f3), llevat que la persona morta ho hagi prohibit expressament o aix\u00ed ho estableixi una llei.<\/p><p class=\"translation-block\">En tot cas, els professionals   assistencials que realitzen el diagn\u00f2stic o el tractament del pacient tenen acc\u00e9s a la hist\u00f2ria cl\u00ednica com a instrument fonamental per a la seva adequada assist\u00e8ncia sanit\u00e0ria, i s'han d'encarregar els centres sanitaris de possibilitar en tot moment l'acc\u00e9s a la hist\u00f2ria cl\u00ednica de cada pacient per els professionals que li assisteixen, els qui, alhora, poden exercir la seva oposici\u00f3 al dret d'acc\u00e9s pel que fa a les anotacions subjectives que hagin incl\u00f2s a la hist\u00f2ria cl\u00ednica<\/p><p>En todo caso\u00a0 los profesionales\u00a0<span style=\"font-style: inherit; font-weight: inherit; background-color: var(--ast-global-color-4); color: var(--ast-global-color-3);\">\u00a0asistenciales que realizan el diagn\u00f3stico o el tratamiento del paciente tienen acceso a la historia cl\u00ednica como instrumento fundamental para su adecuada asistencia sanitaria, debi\u00e9ndose encargar los centros sanitarios de posibilitar en todo momento el acceso a la historia cl\u00ednica de cada paciente por los profesionales que le asisten, quienes, a su vez puden ejercer su oposici\u00f3n al derecho de acceso en lo que respecta a las anotaciones subjetivas que hayan incluido en la historia cl\u00ednica<\/span><\/p><\/div>\n\t\t\t\t<\/div>\n\t\t\t\t\t\t\t<div class=\"elementor-accordion-item\">\n\t\t\t\t\t<div id=\"elementor-tab-title-4338\" class=\"elementor-tab-title\" data-tab=\"8\" role=\"button\" aria-controls=\"elementor-tab-content-4338\" aria-expanded=\"false\">\n\t\t\t\t\t\t\t\t\t\t\t\t\t<span class=\"elementor-accordion-icon elementor-accordion-icon-left\" aria-hidden=\"true\">\n\t\t\t\t\t\t\t\t\t\t\t\t\t\t\t<span class=\"elementor-accordion-icon-closed\"><i class=\"fas fa-plus\"><\/i><\/span>\n\t\t\t\t\t\t\t\t<span class=\"elementor-accordion-icon-opened\"><i class=\"fas fa-minus\"><\/i><\/span>\n\t\t\t\t\t\t\t\t\t\t\t\t\t\t<\/span>\n\t\t\t\t\t\t\t\t\t\t\t\t<a class=\"elementor-accordion-title\" tabindex=\"0\">Qu\u00e8 fer davant d'una neglig\u00e8ncia m\u00e8dica?<\/a>\n\t\t\t\t\t<\/div>\n\t\t\t\t\t<div id=\"elementor-tab-content-4338\" class=\"elementor-tab-content elementor-clearfix\" data-tab=\"8\" role=\"region\" aria-labelledby=\"elementor-tab-title-4338\"><p>La regla d'or en aquest cas \u00e9s senzilla: poseu-vos en mans de bons professionals.<\/p><p>Igual que quan estem malalts anem al metge i no acudim al curandero, i per comprar un medicament acudim a una farm\u00e0cia i no al mercat, el primer que hem de fer \u00e9s acudir a un advocat especialista en aquesta mat\u00e8ria.<\/p><\/div>\n\t\t\t\t<\/div>\n\t\t\t\t\t\t\t\t<\/div>\n\t\t\t\t\t\t<\/div>\n\t\t\t\t<\/div>\n\t\t\t\t\t<\/div>\n\t\t<\/div>\n\t\t\t\t\t<\/div>\n\t\t<\/section>\n\t\t\t\t<section class=\"elementor-section elementor-top-section elementor-element elementor-element-0adb144 elementor-section-boxed elementor-section-height-default elementor-section-height-default\" data-id=\"0adb144\" data-element_type=\"section\" data-e-type=\"section\" data-settings=\"{&quot;background_background&quot;:&quot;classic&quot;}\">\n\t\t\t\t\t\t\t<div class=\"elementor-background-overlay\"><\/div>\n\t\t\t\t\t\t\t<div class=\"elementor-container elementor-column-gap-default\">\n\t\t\t\t\t<div class=\"elementor-column elementor-col-50 elementor-top-column elementor-element elementor-element-d33d796\" data-id=\"d33d796\" data-element_type=\"column\" data-e-type=\"column\">\n\t\t\t<div class=\"elementor-widget-wrap elementor-element-populated\">\n\t\t\t\t\t\t<div class=\"elementor-element elementor-element-dea4c20 elementor-widget elementor-widget-heading\" data-id=\"dea4c20\" data-element_type=\"widget\" data-e-type=\"widget\" data-widget_type=\"heading.default\">\n\t\t\t\t<div class=\"elementor-widget-container\">\n\t\t\t\t\t<p class=\"elementor-heading-title elementor-size-default\">Informaci\u00f3 de contacte<\/p>\t\t\t\t<\/div>\n\t\t\t\t<\/div>\n\t\t\t\t<div class=\"elementor-element elementor-element-cdb1bd8 elementor-widget-divider--view-line_icon elementor-view-default elementor-widget-divider--element-align-center elementor-widget elementor-widget-divider\" data-id=\"cdb1bd8\" data-element_type=\"widget\" data-e-type=\"widget\" data-widget_type=\"divider.default\">\n\t\t\t\t<div class=\"elementor-widget-container\">\n\t\t\t\t\t\t\t<div class=\"elementor-divider\">\n\t\t\t<span class=\"elementor-divider-separator\">\n\t\t\t\t\t\t\t<div class=\"elementor-icon elementor-divider__element\">\n\t\t\t\t\t<i aria-hidden=\"true\" class=\"fas fa-star\"><\/i><\/div>\n\t\t\t\t\t\t<\/span>\n\t\t<\/div>\n\t\t\t\t\t\t<\/div>\n\t\t\t\t<\/div>\n\t\t\t\t<div class=\"elementor-element elementor-element-cf4f4fb elementor-position-inline-start elementor-view-default elementor-mobile-position-block-start elementor-widget elementor-widget-icon-box\" data-id=\"cf4f4fb\" data-element_type=\"widget\" data-e-type=\"widget\" data-widget_type=\"icon-box.default\">\n\t\t\t\t<div class=\"elementor-widget-container\">\n\t\t\t\t\t\t\t<div class=\"elementor-icon-box-wrapper\">\n\n\t\t\t\t\t\t<div class=\"elementor-icon-box-icon\">\n\t\t\t\t<a href=\"tel:%20+93%20655%2031%2070\" class=\"elementor-icon\" tabindex=\"-1\" aria-label=\"+93 655 31 70\">\n\t\t\t\t<i aria-hidden=\"true\" class=\"fas fa-phone-volume\"><\/i>\t\t\t\t<\/a>\n\t\t\t<\/div>\n\t\t\t\n\t\t\t\t\t\t<div class=\"elementor-icon-box-content\">\n\n\t\t\t\t\t\t\t\t\t<p class=\"elementor-icon-box-title\">\n\t\t\t\t\t\t<a href=\"tel:%20+93%20655%2031%2070\" >\n\t\t\t\t\t\t\t+93 655 31 70\t\t\t\t\t\t<\/a>\n\t\t\t\t\t<\/p>\n\t\t\t\t\n\t\t\t\t\n\t\t\t<\/div>\n\t\t\t\n\t\t<\/div>\n\t\t\t\t\t\t<\/div>\n\t\t\t\t<\/div>\n\t\t\t\t<div class=\"elementor-element elementor-element-025b7e0 elementor-position-inline-start elementor-view-default elementor-mobile-position-block-start elementor-widget elementor-widget-icon-box\" data-id=\"025b7e0\" data-element_type=\"widget\" data-e-type=\"widget\" data-widget_type=\"icon-box.default\">\n\t\t\t\t<div class=\"elementor-widget-container\">\n\t\t\t\t\t\t\t<div class=\"elementor-icon-box-wrapper\">\n\n\t\t\t\t\t\t<div class=\"elementor-icon-box-icon\">\n\t\t\t\t<a href=\"mailto:%20info@pallaresadvocats.com\" class=\"elementor-icon\" tabindex=\"-1\" aria-label=\"info@pallaresadvocats.com \">\n\t\t\t\t<i aria-hidden=\"true\" class=\"fas fa-mail-bulk\"><\/i>\t\t\t\t<\/a>\n\t\t\t<\/div>\n\t\t\t\n\t\t\t\t\t\t<div class=\"elementor-icon-box-content\">\n\n\t\t\t\t\t\t\t\t\t<p class=\"elementor-icon-box-title\">\n\t\t\t\t\t\t<a href=\"mailto:%20info@pallaresadvocats.com\" >\n\t\t\t\t\t\t\tinfo@pallaresadvocats.com \t\t\t\t\t\t<\/a>\n\t\t\t\t\t<\/p>\n\t\t\t\t\n\t\t\t\t\n\t\t\t<\/div>\n\t\t\t\n\t\t<\/div>\n\t\t\t\t\t\t<\/div>\n\t\t\t\t<\/div>\n\t\t\t\t<div class=\"elementor-element elementor-element-a1bdc0d elementor-shape-rounded elementor-grid-0 e-grid-align-center elementor-widget elementor-widget-social-icons\" data-id=\"a1bdc0d\" data-element_type=\"widget\" data-e-type=\"widget\" data-widget_type=\"social-icons.default\">\n\t\t\t\t<div class=\"elementor-widget-container\">\n\t\t\t\t\t\t\t<div class=\"elementor-social-icons-wrapper elementor-grid\" role=\"list\">\n\t\t\t\t\t\t\t<span class=\"elementor-grid-item\" role=\"listitem\">\n\t\t\t\t\t<a class=\"elementor-icon elementor-social-icon elementor-social-icon-facebook elementor-repeater-item-ec24b8f\" target=\"_blank\">\n\t\t\t\t\t\t<span class=\"elementor-screen-only\">Facebook<\/span>\n\t\t\t\t\t\t<i aria-hidden=\"true\" class=\"fab fa-facebook\"><\/i>\t\t\t\t\t<\/a>\n\t\t\t\t<\/span>\n\t\t\t\t\t\t\t<span class=\"elementor-grid-item\" role=\"listitem\">\n\t\t\t\t\t<a class=\"elementor-icon elementor-social-icon elementor-social-icon-twitter elementor-repeater-item-3096551\" target=\"_blank\">\n\t\t\t\t\t\t<span class=\"elementor-screen-only\">Twitter<\/span>\n\t\t\t\t\t\t<i aria-hidden=\"true\" class=\"fab fa-twitter\"><\/i>\t\t\t\t\t<\/a>\n\t\t\t\t<\/span>\n\t\t\t\t\t\t\t<span class=\"elementor-grid-item\" role=\"listitem\">\n\t\t\t\t\t<a class=\"elementor-icon elementor-social-icon elementor-social-icon-youtube elementor-repeater-item-74f35f5\" target=\"_blank\">\n\t\t\t\t\t\t<span class=\"elementor-screen-only\">Youtube<\/span>\n\t\t\t\t\t\t<i aria-hidden=\"true\" class=\"fab fa-youtube\"><\/i>\t\t\t\t\t<\/a>\n\t\t\t\t<\/span>\n\t\t\t\t\t<\/div>\n\t\t\t\t\t\t<\/div>\n\t\t\t\t<\/div>\n\t\t\t\t<div class=\"elementor-element elementor-element-00610d4 elementor-widget elementor-widget-google_maps\" data-id=\"00610d4\" data-element_type=\"widget\" data-e-type=\"widget\" data-widget_type=\"google_maps.default\">\n\t\t\t\t<div class=\"elementor-widget-container\">\n\t\t\t\t\t\t\t<div class=\"elementor-custom-embed\">\n\t\t\t<iframe loading=\"lazy\"\n\t\t\t\t\tsrc=\"https:\/\/maps.google.com\/maps?q=Barcelona%20centro&#038;t=m&#038;z=10&#038;output=embed&#038;iwloc=near\"\n\t\t\t\t\ttitle=\"Barcelona center\"\n\t\t\t\t\taria-label=\"Barcelona center\"\n\t\t\t><\/iframe>\n\t\t<\/div>\n\t\t\t\t\t\t<\/div>\n\t\t\t\t<\/div>\n\t\t\t\t\t<\/div>\n\t\t<\/div>\n\t\t\t\t<div class=\"elementor-column elementor-col-50 elementor-top-column elementor-element elementor-element-1be4557\" data-id=\"1be4557\" data-element_type=\"column\" data-e-type=\"column\" data-settings=\"{&quot;background_background&quot;:&quot;classic&quot;}\">\n\t\t\t<div class=\"elementor-widget-wrap elementor-element-populated\">\n\t\t\t\t\t\t<div class=\"elementor-element elementor-element-72d988d elementor-widget elementor-widget-heading\" data-id=\"72d988d\" data-element_type=\"widget\" data-e-type=\"widget\" data-widget_type=\"heading.default\">\n\t\t\t\t<div class=\"elementor-widget-container\">\n\t\t\t\t\t<p class=\"elementor-heading-title elementor-size-default\">Formulari de contacte<\/p>\t\t\t\t<\/div>\n\t\t\t\t<\/div>\n\t\t\t\t<div class=\"elementor-element elementor-element-77ff843 elementor-widget-divider--view-line_icon elementor-view-default elementor-widget-divider--element-align-center elementor-widget elementor-widget-divider\" data-id=\"77ff843\" data-element_type=\"widget\" data-e-type=\"widget\" data-widget_type=\"divider.default\">\n\t\t\t\t<div class=\"elementor-widget-container\">\n\t\t\t\t\t\t\t<div class=\"elementor-divider\">\n\t\t\t<span class=\"elementor-divider-separator\">\n\t\t\t\t\t\t\t<div class=\"elementor-icon elementor-divider__element\">\n\t\t\t\t\t<i aria-hidden=\"true\" class=\"fas fa-star\"><\/i><\/div>\n\t\t\t\t\t\t<\/span>\n\t\t<\/div>\n\t\t\t\t\t\t<\/div>\n\t\t\t\t<\/div>\n\t\t\t\t\t<\/div>\n\t\t<\/div>\n\t\t\t\t\t<\/div>\n\t\t<\/section>\n\t\t\t\t<\/div>","protected":false},"excerpt":{"rendered":"<p>PALLARES ADVOCATS Abogados expertos en negligencias m\u00e9dicas en Sabadell ABOGADOS EXPERTOS EN NEGLIGENCIAS M\u00c9DICAS 30 a\u00f1os al servicio de nuestros clientes. Llamar ahora Rese\u00f1as Google &#xE934;&#xE934;&#xE934;&#xE934;&#xE934; Valorado con 5 de 5 Cu\u00e9ntenos su caso Abogados expertos en negligencias m\u00e9dicas en Sabadell Vinculamos nuestros honorarios a su indemnizaci\u00f3n Barcelona, Sabadell y Cerdanyola PALLARES ADVOCATS es un [&hellip;]<\/p>\n","protected":false},"author":1,"featured_media":2291,"parent":0,"menu_order":0,"comment_status":"closed","ping_status":"closed","template":"elementor_header_footer","meta":{"site-sidebar-layout":"no-sidebar","site-content-layout":"page-builder","ast-site-content-layout":"default","site-content-style":"default","site-sidebar-style":"default","ast-global-header-display":"","ast-banner-title-visibility":"","ast-main-header-display":"","ast-hfb-above-header-display":"","ast-hfb-below-header-display":"","ast-hfb-mobile-header-display":"","site-post-title":"disabled","ast-breadcrumbs-content":"","ast-featured-img":"disabled","footer-sml-layout":"","ast-disable-related-posts":"","theme-transparent-header-meta":"","adv-header-id-meta":"","stick-header-meta":"","header-above-stick-meta":"","header-main-stick-meta":"","header-below-stick-meta":"","astra-migrate-meta-layouts":"default","ast-page-background-enabled":"default","ast-page-background-meta":{"desktop":{"background-color":"","background-image":"","background-repeat":"repeat","background-position":"center center","background-size":"auto","background-attachment":"scroll","background-type":"","background-media":"","overlay-type":"","overlay-color":"","overlay-opacity":"","overlay-gradient":""},"tablet":{"background-color":"","background-image":"","background-repeat":"repeat","background-position":"center center","background-size":"auto","background-attachment":"scroll","background-type":"","background-media":"","overlay-type":"","overlay-color":"","overlay-opacity":"","overlay-gradient":""},"mobile":{"background-color":"","background-image":"","background-repeat":"repeat","background-position":"center center","background-size":"auto","background-attachment":"scroll","background-type":"","background-media":"","overlay-type":"","overlay-color":"","overlay-opacity":"","overlay-gradient":""}},"ast-content-background-meta":{"desktop":{"background-color":"var(--ast-global-color-5)","background-image":"","background-repeat":"repeat","background-position":"center center","background-size":"auto","background-attachment":"scroll","background-type":"","background-media":"","overlay-type":"","overlay-color":"","overlay-opacity":"","overlay-gradient":""},"tablet":{"background-color":"var(--ast-global-color-5)","background-image":"","background-repeat":"repeat","background-position":"center center","background-size":"auto","background-attachment":"scroll","background-type":"","background-media":"","overlay-type":"","overlay-color":"","overlay-opacity":"","overlay-gradient":""},"mobile":{"background-color":"var(--ast-global-color-5)","background-image":"","background-repeat":"repeat","background-position":"center center","background-size":"auto","background-attachment":"scroll","background-type":"","background-media":"","overlay-type":"","overlay-color":"","overlay-opacity":"","overlay-gradient":""}},"_joinchat":[],"footnotes":""},"class_list":["post-2629","page","type-page","status-publish","has-post-thumbnail","hentry"],"yoast_head":"<!-- This site is optimized with the Yoast SEO plugin v28.3 - https:\/\/yoast.com\/product\/yoast-seo-wordpress\/ -->\n<title>Abogado negligencias m\u00e9dicas Sabadell | Pallar\u00e8s Advocats<\/title>\n<meta name=\"description\" content=\"\u2b50 Abogados negligencias m\u00e9dicas Sabadell \u2b50\u261d\u00bfSufres las consecuencias de una mala praxis sanitaria? Gran experiencia en la materia\u261d\" \/>\n<meta name=\"robots\" content=\"index, follow, max-snippet:-1, max-image-preview:large, max-video-preview:-1\" \/>\n<link rel=\"canonical\" href=\"https:\/\/www.pallaresadvocats.com\/cat\/abogados-negligencias-medicas-sabadell\/\" \/>\n<meta property=\"og:locale\" content=\"ca_ES\" \/>\n<meta property=\"og:type\" content=\"article\" \/>\n<meta property=\"og:title\" content=\"Abogado negligencias m\u00e9dicas Sabadell | Pallar\u00e8s Advocats\" \/>\n<meta property=\"og:description\" content=\"\u2b50 Abogados negligencias m\u00e9dicas Sabadell \u2b50\u261d\u00bfSufres las consecuencias de una mala praxis sanitaria? Gran experiencia en la materia\u261d\" \/>\n<meta property=\"og:url\" content=\"https:\/\/www.pallaresadvocats.com\/cat\/abogados-negligencias-medicas-sabadell\/\" \/>\n<meta property=\"og:site_name\" content=\"Pallaresadvocats.com\" \/>\n<meta property=\"article:publisher\" content=\"https:\/\/www.facebook.com\/Pallares.Advocat\" \/>\n<meta property=\"article:modified_time\" content=\"2026-08-31T20:51:21+00:00\" \/>\n<meta property=\"og:image\" content=\"https:\/\/www.pallaresadvocats.com\/wp-content\/uploads\/2023\/04\/abogados-negligencias-medicas.jpg\" \/>\n\t<meta property=\"og:image:width\" content=\"1280\" \/>\n\t<meta property=\"og:image:height\" content=\"853\" \/>\n\t<meta property=\"og:image:type\" content=\"image\/jpeg\" \/>\n<meta name=\"twitter:card\" content=\"summary_large_image\" \/>\n<meta name=\"twitter:label1\" content=\"Temps estimat de lectura\" \/>\n\t<meta name=\"twitter:data1\" content=\"35 minuts\" \/>\n<script type=\"application\/ld+json\" class=\"yoast-schema-graph\">{\"@context\":\"https:\\\/\\\/schema.org\",\"@graph\":[{\"@type\":\"WebPage\",\"@id\":\"https:\\\/\\\/www.pallaresadvocats.com\\\/abogados-negligencias-medicas-sabadell\\\/\",\"url\":\"https:\\\/\\\/www.pallaresadvocats.com\\\/abogados-negligencias-medicas-sabadell\\\/\",\"name\":\"Abogado negligencias m\u00e9dicas Sabadell | Pallar\u00e8s Advocats\",\"isPartOf\":{\"@id\":\"https:\\\/\\\/www.pallaresadvocats.com\\\/#website\"},\"primaryImageOfPage\":{\"@id\":\"https:\\\/\\\/www.pallaresadvocats.com\\\/abogados-negligencias-medicas-sabadell\\\/#primaryimage\"},\"image\":{\"@id\":\"https:\\\/\\\/www.pallaresadvocats.com\\\/abogados-negligencias-medicas-sabadell\\\/#primaryimage\"},\"thumbnailUrl\":\"https:\\\/\\\/www.pallaresadvocats.com\\\/wp-content\\\/uploads\\\/2023\\\/04\\\/abogados-negligencias-medicas.jpg\",\"datePublished\":\"2023-04-21T06:49:56+00:00\",\"dateModified\":\"2026-08-31T20:51:21+00:00\",\"description\":\"\u2b50 Abogados negligencias m\u00e9dicas Sabadell \u2b50\u261d\u00bfSufres las consecuencias de una mala praxis sanitaria? Gran experiencia en la materia\u261d\",\"breadcrumb\":{\"@id\":\"https:\\\/\\\/www.pallaresadvocats.com\\\/abogados-negligencias-medicas-sabadell\\\/#breadcrumb\"},\"inLanguage\":\"ca\",\"potentialAction\":[{\"@type\":\"ReadAction\",\"target\":[\"https:\\\/\\\/www.pallaresadvocats.com\\\/abogados-negligencias-medicas-sabadell\\\/\"]}]},{\"@type\":\"ImageObject\",\"inLanguage\":\"ca\",\"@id\":\"https:\\\/\\\/www.pallaresadvocats.com\\\/abogados-negligencias-medicas-sabadell\\\/#primaryimage\",\"url\":\"https:\\\/\\\/www.pallaresadvocats.com\\\/wp-content\\\/uploads\\\/2023\\\/04\\\/abogados-negligencias-medicas.jpg\",\"contentUrl\":\"https:\\\/\\\/www.pallaresadvocats.com\\\/wp-content\\\/uploads\\\/2023\\\/04\\\/abogados-negligencias-medicas.jpg\",\"width\":1280,\"height\":853,\"caption\":\"abogados-negligencias-medicas Barcelona,Sabadell, Cerdanyola del Vall\u00e9s\"},{\"@type\":\"BreadcrumbList\",\"@id\":\"https:\\\/\\\/www.pallaresadvocats.com\\\/abogados-negligencias-medicas-sabadell\\\/#breadcrumb\",\"itemListElement\":[{\"@type\":\"ListItem\",\"position\":1,\"name\":\"pallaresadvocats.com\",\"item\":\"https:\\\/\\\/www.pallaresadvocats.com\\\/\"},{\"@type\":\"ListItem\",\"position\":2,\"name\":\"Abogado negligencias m\u00e9dicas Sabadell\"}]},{\"@type\":\"WebSite\",\"@id\":\"https:\\\/\\\/www.pallaresadvocats.com\\\/#website\",\"url\":\"https:\\\/\\\/www.pallaresadvocats.com\\\/\",\"name\":\"Pallar\u00e9s Advocats\",\"description\":\"Pallar\u00e9s Advocats\",\"publisher\":{\"@id\":\"https:\\\/\\\/www.pallaresadvocats.com\\\/#organization\"},\"alternateName\":\"Pallar\u00e9s Advocats\",\"potentialAction\":[{\"@type\":\"SearchAction\",\"target\":{\"@type\":\"EntryPoint\",\"urlTemplate\":\"https:\\\/\\\/www.pallaresadvocats.com\\\/?s={search_term_string}\"},\"query-input\":{\"@type\":\"PropertyValueSpecification\",\"valueRequired\":true,\"valueName\":\"search_term_string\"}}],\"inLanguage\":\"ca\"},{\"@type\":\"Organization\",\"@id\":\"https:\\\/\\\/www.pallaresadvocats.com\\\/#organization\",\"name\":\"Pallar\u00e8s Advocats\",\"url\":\"https:\\\/\\\/www.pallaresadvocats.com\\\/\",\"logo\":{\"@type\":\"ImageObject\",\"inLanguage\":\"ca\",\"@id\":\"https:\\\/\\\/www.pallaresadvocats.com\\\/#\\\/schema\\\/logo\\\/image\\\/\",\"url\":\"https:\\\/\\\/www.pallaresadvocats.com\\\/wp-content\\\/uploads\\\/2023\\\/03\\\/logo-blanco.png\",\"contentUrl\":\"https:\\\/\\\/www.pallaresadvocats.com\\\/wp-content\\\/uploads\\\/2023\\\/03\\\/logo-blanco.png\",\"width\":76,\"height\":103,\"caption\":\"Pallar\u00e8s Advocats\"},\"image\":{\"@id\":\"https:\\\/\\\/www.pallaresadvocats.com\\\/#\\\/schema\\\/logo\\\/image\\\/\"},\"sameAs\":[\"https:\\\/\\\/www.facebook.com\\\/Pallares.Advocat\",\"https:\\\/\\\/www.instagram.com\\\/pallares_advocats\\\/\",\"https:\\\/\\\/www.instagram.com\\\/antonipallaresadvocat\\\/\",\"https:\\\/\\\/www.linkedin.com\\\/in\\\/antoni-pallares-abogado\\\/\",\"https:\\\/\\\/www.google.com\\\/maps\\\/place\\\/PALLARES+ADVOCATS\\\/@41.4869102,2.1385892,17z\\\/data=!3m1!5s0x12a4961bc2c508e1:0x63216d72714fa23f!4m6!3m5!1s0x12a497ff6f6a5841:0x17a057b41393efc5!8m2!3d41.4869507!4d2.1385804!16s\\\/g\\\/11xkqfgxmv\"]}]}<\/script>\n<!-- \/ Yoast SEO plugin. -->","yoast_head_json":{"title":"Abogado negligencias m\u00e9dicas Sabadell | Pallar\u00e8s Advocats","description":"\u2b50 Abogados negligencias m\u00e9dicas Sabadell \u2b50\u261d\u00bfSufres las consecuencias de una mala praxis sanitaria? Gran experiencia en la materia\u261d","robots":{"index":"index","follow":"follow","max-snippet":"max-snippet:-1","max-image-preview":"max-image-preview:large","max-video-preview":"max-video-preview:-1"},"canonical":"https:\/\/www.pallaresadvocats.com\/cat\/abogados-negligencias-medicas-sabadell\/","og_locale":"ca_ES","og_type":"article","og_title":"Abogado negligencias m\u00e9dicas Sabadell | Pallar\u00e8s Advocats","og_description":"\u2b50 Abogados negligencias m\u00e9dicas Sabadell \u2b50\u261d\u00bfSufres las consecuencias de una mala praxis sanitaria? Gran experiencia en la materia\u261d","og_url":"https:\/\/www.pallaresadvocats.com\/cat\/abogados-negligencias-medicas-sabadell\/","og_site_name":"Pallaresadvocats.com","article_publisher":"https:\/\/www.facebook.com\/Pallares.Advocat","article_modified_time":"2026-08-31T20:51:21+00:00","og_image":[{"width":1280,"height":853,"url":"https:\/\/www.pallaresadvocats.com\/wp-content\/uploads\/2023\/04\/abogados-negligencias-medicas.jpg","type":"image\/jpeg"}],"twitter_card":"summary_large_image","twitter_misc":{"Temps estimat de lectura":"35 minuts"},"schema":{"@context":"https:\/\/schema.org","@graph":[{"@type":"WebPage","@id":"https:\/\/www.pallaresadvocats.com\/abogados-negligencias-medicas-sabadell\/","url":"https:\/\/www.pallaresadvocats.com\/abogados-negligencias-medicas-sabadell\/","name":"Abogado negligencias m\u00e9dicas Sabadell | Pallar\u00e8s Advocats","isPartOf":{"@id":"https:\/\/www.pallaresadvocats.com\/#website"},"primaryImageOfPage":{"@id":"https:\/\/www.pallaresadvocats.com\/abogados-negligencias-medicas-sabadell\/#primaryimage"},"image":{"@id":"https:\/\/www.pallaresadvocats.com\/abogados-negligencias-medicas-sabadell\/#primaryimage"},"thumbnailUrl":"https:\/\/www.pallaresadvocats.com\/wp-content\/uploads\/2023\/04\/abogados-negligencias-medicas.jpg","datePublished":"2023-04-21T06:49:56+00:00","dateModified":"2026-08-31T20:51:21+00:00","description":"\u2b50 Abogados negligencias m\u00e9dicas Sabadell \u2b50\u261d\u00bfSufres las consecuencias de una mala praxis sanitaria? Gran experiencia en la materia\u261d","breadcrumb":{"@id":"https:\/\/www.pallaresadvocats.com\/abogados-negligencias-medicas-sabadell\/#breadcrumb"},"inLanguage":"ca","potentialAction":[{"@type":"ReadAction","target":["https:\/\/www.pallaresadvocats.com\/abogados-negligencias-medicas-sabadell\/"]}]},{"@type":"ImageObject","inLanguage":"ca","@id":"https:\/\/www.pallaresadvocats.com\/abogados-negligencias-medicas-sabadell\/#primaryimage","url":"https:\/\/www.pallaresadvocats.com\/wp-content\/uploads\/2023\/04\/abogados-negligencias-medicas.jpg","contentUrl":"https:\/\/www.pallaresadvocats.com\/wp-content\/uploads\/2023\/04\/abogados-negligencias-medicas.jpg","width":1280,"height":853,"caption":"abogados-negligencias-medicas Barcelona,Sabadell, Cerdanyola del Vall\u00e9s"},{"@type":"BreadcrumbList","@id":"https:\/\/www.pallaresadvocats.com\/abogados-negligencias-medicas-sabadell\/#breadcrumb","itemListElement":[{"@type":"ListItem","position":1,"name":"pallaresadvocats.com","item":"https:\/\/www.pallaresadvocats.com\/"},{"@type":"ListItem","position":2,"name":"Abogado negligencias m\u00e9dicas Sabadell"}]},{"@type":"WebSite","@id":"https:\/\/www.pallaresadvocats.com\/#website","url":"https:\/\/www.pallaresadvocats.com\/","name":"Pallar\u00e9s Advocats","description":"Pallar\u00e9s Advocats","publisher":{"@id":"https:\/\/www.pallaresadvocats.com\/#organization"},"alternateName":"Pallar\u00e9s Advocats","potentialAction":[{"@type":"SearchAction","target":{"@type":"EntryPoint","urlTemplate":"https:\/\/www.pallaresadvocats.com\/?s={search_term_string}"},"query-input":{"@type":"PropertyValueSpecification","valueRequired":true,"valueName":"search_term_string"}}],"inLanguage":"ca"},{"@type":"Organization","@id":"https:\/\/www.pallaresadvocats.com\/#organization","name":"Pallar\u00e8s Advocats","url":"https:\/\/www.pallaresadvocats.com\/","logo":{"@type":"ImageObject","inLanguage":"ca","@id":"https:\/\/www.pallaresadvocats.com\/#\/schema\/logo\/image\/","url":"https:\/\/www.pallaresadvocats.com\/wp-content\/uploads\/2023\/03\/logo-blanco.png","contentUrl":"https:\/\/www.pallaresadvocats.com\/wp-content\/uploads\/2023\/03\/logo-blanco.png","width":76,"height":103,"caption":"Pallar\u00e8s Advocats"},"image":{"@id":"https:\/\/www.pallaresadvocats.com\/#\/schema\/logo\/image\/"},"sameAs":["https:\/\/www.facebook.com\/Pallares.Advocat","https:\/\/www.instagram.com\/pallares_advocats\/","https:\/\/www.instagram.com\/antonipallaresadvocat\/","https:\/\/www.linkedin.com\/in\/antoni-pallares-abogado\/","https:\/\/www.google.com\/maps\/place\/PALLARES+ADVOCATS\/@41.4869102,2.1385892,17z\/data=!3m1!5s0x12a4961bc2c508e1:0x63216d72714fa23f!4m6!3m5!1s0x12a497ff6f6a5841:0x17a057b41393efc5!8m2!3d41.4869507!4d2.1385804!16s\/g\/11xkqfgxmv"]}]}},"_links":{"self":[{"href":"https:\/\/www.pallaresadvocats.com\/cat\/wp-json\/wp\/v2\/pages\/2629","targetHints":{"allow":["GET"]}}],"collection":[{"href":"https:\/\/www.pallaresadvocats.com\/cat\/wp-json\/wp\/v2\/pages"}],"about":[{"href":"https:\/\/www.pallaresadvocats.com\/cat\/wp-json\/wp\/v2\/types\/page"}],"author":[{"embeddable":true,"href":"https:\/\/www.pallaresadvocats.com\/cat\/wp-json\/wp\/v2\/users\/1"}],"replies":[{"embeddable":true,"href":"https:\/\/www.pallaresadvocats.com\/cat\/wp-json\/wp\/v2\/comments?post=2629"}],"version-history":[{"count":19,"href":"https:\/\/www.pallaresadvocats.com\/cat\/wp-json\/wp\/v2\/pages\/2629\/revisions"}],"predecessor-version":[{"id":4213,"href":"https:\/\/www.pallaresadvocats.com\/cat\/wp-json\/wp\/v2\/pages\/2629\/revisions\/4213"}],"wp:featuredmedia":[{"embeddable":true,"href":"https:\/\/www.pallaresadvocats.com\/cat\/wp-json\/wp\/v2\/media\/2291"}],"wp:attachment":[{"href":"https:\/\/www.pallaresadvocats.com\/cat\/wp-json\/wp\/v2\/media?parent=2629"}],"curies":[{"name":"wp","href":"https:\/\/api.w.org\/{rel}","templated":true}]}}